{"id":5692,"date":"2024-04-10T20:23:20","date_gmt":"2024-04-10T20:23:20","guid":{"rendered":"https:\/\/postarchive.org\/cities\/azinhaga-dos-besouros\/"},"modified":"2024-04-17T16:42:35","modified_gmt":"2024-04-17T16:42:35","slug":"azinhaga-dos-besouros","status":"publish","type":"page","link":"https:\/\/postarchive.org\/en\/cities\/azinhaga-dos-besouros\/","title":{"rendered":"Azinhaga dos besouros"},"content":{"rendered":"\t\t<div data-elementor-type=\"wp-page\" data-elementor-id=\"5692\" class=\"elementor elementor-5692 elementor-4632\" data-elementor-post-type=\"page\">\n\t\t\t\t<div class=\"elementor-element elementor-element-5cf288a e-flex e-con-boxed sc_inner_width_none sc_layouts_column_icons_position_left e-con e-parent\" data-id=\"5cf288a\" data-element_type=\"container\" data-core-v316-plus=\"true\">\n\t\t\t\t\t<div class=\"e-con-inner\">\n\t\t<div class=\"elementor-element elementor-element-48e12af e-con-full e-flex sc_inner_width_none sc_layouts_column_icons_position_left e-con e-child\" data-id=\"48e12af\" data-element_type=\"container\">\n\t\t\t\t<div class=\"elementor-element elementor-element-cccee9b archimg sc_fly_static elementor-widget elementor-widget-image\" data-id=\"cccee9b\" data-element_type=\"widget\" data-widget_type=\"image.default\">\n\t\t\t\t<div class=\"elementor-widget-container\">\n\t\t\t<style>\/*! elementor - v3.20.0 - 26-03-2024 *\/\n.elementor-widget-image{text-align:center}.elementor-widget-image a{display:inline-block}.elementor-widget-image a img[src$=\".svg\"]{width:48px}.elementor-widget-image img{vertical-align:middle;display:inline-block}<\/style>\t\t\t\t\t\t\t\t\t\t<img fetchpriority=\"high\" decoding=\"async\" width=\"1014\" height=\"673\" src=\"https:\/\/postarchive.org\/wp2024\/wp-content\/uploads\/2016\/01\/DSC_1121-1.jpg\" class=\"attachment-large size-large wp-image-2018\" alt=\"\" srcset=\"https:\/\/postarchive.org\/wp2024\/wp-content\/uploads\/2016\/01\/DSC_1121-1.jpg 1014w, https:\/\/postarchive.org\/wp2024\/wp-content\/uploads\/2016\/01\/DSC_1121-1-600x398.jpg 600w, https:\/\/postarchive.org\/wp2024\/wp-content\/uploads\/2016\/01\/DSC_1121-1-300x199.jpg 300w, https:\/\/postarchive.org\/wp2024\/wp-content\/uploads\/2016\/01\/DSC_1121-1-800x531.jpg 800w, https:\/\/postarchive.org\/wp2024\/wp-content\/uploads\/2016\/01\/DSC_1121-1-200x133.jpg 200w, https:\/\/postarchive.org\/wp2024\/wp-content\/uploads\/2016\/01\/DSC_1121-1-50x33.jpg 50w\" sizes=\"(max-width: 1014px) 100vw, 1014px\" \/>\t\t\t\t\t\t\t\t\t\t\t\t\t<\/div>\n\t\t\t\t<\/div>\n\t\t\t\t<\/div>\n\t\t<div class=\"elementor-element elementor-element-c765fc8 e-con-full e-flex sc_inner_width_none sc_layouts_column_icons_position_left e-con e-child\" data-id=\"c765fc8\" data-element_type=\"container\">\n\t\t\t\t<div class=\"elementor-element elementor-element-caffe78 sc_fly_static elementor-widget elementor-widget-text-editor\" data-id=\"caffe78\" data-element_type=\"widget\" data-widget_type=\"text-editor.default\">\n\t\t\t\t<div class=\"elementor-widget-container\">\n\t\t\t<style>\/*! elementor - v3.20.0 - 26-03-2024 *\/\n.elementor-widget-text-editor.elementor-drop-cap-view-stacked .elementor-drop-cap{background-color:#69727d;color:#fff}.elementor-widget-text-editor.elementor-drop-cap-view-framed .elementor-drop-cap{color:#69727d;border:3px solid;background-color:transparent}.elementor-widget-text-editor:not(.elementor-drop-cap-view-default) .elementor-drop-cap{margin-top:8px}.elementor-widget-text-editor:not(.elementor-drop-cap-view-default) .elementor-drop-cap-letter{width:1em;height:1em}.elementor-widget-text-editor .elementor-drop-cap{float:left;text-align:center;line-height:1;font-size:50px}.elementor-widget-text-editor .elementor-drop-cap-letter{display:inline-block}<\/style>\t\t\t\t<p><strong>T\u00edtulo:<\/strong> Vista III<br \/><strong>Data:<\/strong> 2009<br \/><strong>Dimens\u00e3o e suporte:<\/strong> 30 x 40cm, Digital TIFF<br \/><strong>Nome dos autores:<\/strong> Miranda, M\u00f3nica de. 1976-, artista visual<br \/><strong>Condi\u00e7\u00f5es de reprodu\u00e7\u00e3o:<\/strong> Direitos reservados para efeito de publica\u00e7\u00e3o, exposi\u00e7\u00e3o e utiliza\u00e7\u00e3o comercial<br \/><strong>C\u00f3digo:<\/strong> MM-UND-AZI-003<br \/><strong>Localiza\u00e7\u00e3o:<\/strong> Quinta da Serra<br \/><strong>Categoria:<\/strong> Fotografia<\/p>\t\t\t\t\t\t<\/div>\n\t\t\t\t<\/div>\n\t\t\t\t<div class=\"elementor-element elementor-element-a67a955 repbtn sc_fly_static elementor-widget elementor-widget-button\" data-id=\"a67a955\" data-element_type=\"widget\" data-widget_type=\"button.default\">\n\t\t\t\t<div class=\"elementor-widget-container\">\n\t\t\t\t\t<div class=\"elementor-button-wrapper\">\n\t\t\t<a class=\"elementor-button elementor-button-link elementor-size-sm\" href=\"https:\/\/postarchive.org\/wp2024\/reproduzir\/\">\n\t\t\t\t\t\t<span class=\"elementor-button-content-wrapper\">\n\t\t\t\t\t\t<span class=\"elementor-button-text\">Reproduzir<\/span>\n\t\t<\/span>\n\t\t\t\t\t<\/a>\n\t\t<\/div>\n\t\t\t\t<\/div>\n\t\t\t\t<\/div>\n\t\t\t\t<\/div>\n\t\t\t\t\t<\/div>\n\t\t\t\t<\/div>\n\t\t<div class=\"elementor-element elementor-element-4257fb4 e-flex e-con-boxed sc_inner_width_none sc_layouts_column_icons_position_left e-con e-parent\" data-id=\"4257fb4\" data-element_type=\"container\" data-core-v316-plus=\"true\">\n\t\t\t\t\t<div class=\"e-con-inner\">\n\t\t<div class=\"elementor-element elementor-element-28f8cbc e-con-full e-flex sc_inner_width_none sc_layouts_column_icons_position_left e-con e-child\" data-id=\"28f8cbc\" data-element_type=\"container\">\n\t\t\t\t<div class=\"elementor-element elementor-element-738bb23 archimg sc_fly_static elementor-widget elementor-widget-image\" data-id=\"738bb23\" data-element_type=\"widget\" data-widget_type=\"image.default\">\n\t\t\t\t<div class=\"elementor-widget-container\">\n\t\t\t\t\t\t\t\t\t\t\t\t\t<img decoding=\"async\" width=\"1024\" height=\"680\" src=\"https:\/\/postarchive.org\/wp2024\/wp-content\/uploads\/2015\/12\/DSC_1035-1024x680.jpeg\" class=\"attachment-large size-large wp-image-1883\" alt=\"\" srcset=\"https:\/\/postarchive.org\/wp2024\/wp-content\/uploads\/2015\/12\/DSC_1035-1024x680.jpeg 1024w, https:\/\/postarchive.org\/wp2024\/wp-content\/uploads\/2015\/12\/DSC_1035-scaled-600x398.jpeg 600w, https:\/\/postarchive.org\/wp2024\/wp-content\/uploads\/2015\/12\/DSC_1035-300x199.jpeg 300w, https:\/\/postarchive.org\/wp2024\/wp-content\/uploads\/2015\/12\/DSC_1035-1130x751.jpeg 1130w, https:\/\/postarchive.org\/wp2024\/wp-content\/uploads\/2015\/12\/DSC_1035-800x531.jpeg 800w, https:\/\/postarchive.org\/wp2024\/wp-content\/uploads\/2015\/12\/DSC_1035-200x133.jpeg 200w, https:\/\/postarchive.org\/wp2024\/wp-content\/uploads\/2015\/12\/DSC_1035-50x33.jpeg 50w\" sizes=\"(max-width: 1024px) 100vw, 1024px\" \/>\t\t\t\t\t\t\t\t\t\t\t\t\t<\/div>\n\t\t\t\t<\/div>\n\t\t\t\t<\/div>\n\t\t<div class=\"elementor-element elementor-element-7c279e4 e-con-full e-flex sc_inner_width_none sc_layouts_column_icons_position_left e-con e-child\" data-id=\"7c279e4\" data-element_type=\"container\">\n\t\t\t\t<div class=\"elementor-element elementor-element-721488f sc_fly_static elementor-widget elementor-widget-text-editor\" data-id=\"721488f\" data-element_type=\"widget\" data-widget_type=\"text-editor.default\">\n\t\t\t\t<div class=\"elementor-widget-container\">\n\t\t\t\t\t\t\t<p><strong>T\u00edtulo:<\/strong> Vista I<br \/><strong>Data:<\/strong> 2009<br \/><strong>Dimens\u00e3o e suporte:<\/strong> 30 x 40cm, Digital TIFF<br \/><strong>Nome dos autores:<\/strong> Miranda, M\u00f3nica de. 1976-, artista visual<br \/><strong>Condi\u00e7\u00f5es de reprodu\u00e7\u00e3o:<\/strong> Direitos reservados para efeito de publica\u00e7\u00e3o, exposi\u00e7\u00e3o e utiliza\u00e7\u00e3o comercial<br \/><strong>C\u00f3digo:<\/strong> MM-UND-AZI-001<br \/><strong>Localiza\u00e7\u00e3o<\/strong>: Quinta da Serra<br \/><strong>Categoria:<\/strong> Fotografia<\/p>\t\t\t\t\t\t<\/div>\n\t\t\t\t<\/div>\n\t\t\t\t<div class=\"elementor-element elementor-element-e8ae85c repbtn sc_fly_static elementor-widget elementor-widget-button\" data-id=\"e8ae85c\" data-element_type=\"widget\" data-widget_type=\"button.default\">\n\t\t\t\t<div class=\"elementor-widget-container\">\n\t\t\t\t\t<div class=\"elementor-button-wrapper\">\n\t\t\t<a class=\"elementor-button elementor-button-link elementor-size-sm\" href=\"https:\/\/postarchive.org\/wp2024\/reproduzir\/\">\n\t\t\t\t\t\t<span class=\"elementor-button-content-wrapper\">\n\t\t\t\t\t\t<span class=\"elementor-button-text\">Reproduzir<\/span>\n\t\t<\/span>\n\t\t\t\t\t<\/a>\n\t\t<\/div>\n\t\t\t\t<\/div>\n\t\t\t\t<\/div>\n\t\t\t\t<\/div>\n\t\t\t\t\t<\/div>\n\t\t\t\t<\/div>\n\t\t<div class=\"elementor-element elementor-element-f4d780e e-flex e-con-boxed sc_inner_width_none sc_layouts_column_icons_position_left e-con e-parent\" data-id=\"f4d780e\" data-element_type=\"container\" data-core-v316-plus=\"true\">\n\t\t\t\t\t<div class=\"e-con-inner\">\n\t\t<div class=\"elementor-element elementor-element-8322879 e-con-full e-flex sc_inner_width_none sc_layouts_column_icons_position_left e-con e-child\" data-id=\"8322879\" data-element_type=\"container\">\n\t\t\t\t<div class=\"elementor-element elementor-element-001d50e archimg sc_fly_static elementor-widget elementor-widget-image\" data-id=\"001d50e\" data-element_type=\"widget\" data-widget_type=\"image.default\">\n\t\t\t\t<div class=\"elementor-widget-container\">\n\t\t\t\t\t\t\t\t\t\t\t\t\t<img decoding=\"async\" width=\"531\" height=\"800\" src=\"https:\/\/postarchive.org\/wp2024\/wp-content\/uploads\/2015\/07\/DSC_1006.jpg\" class=\"attachment-large size-large wp-image-1615\" alt=\"\" srcset=\"https:\/\/postarchive.org\/wp2024\/wp-content\/uploads\/2015\/07\/DSC_1006.jpg 531w, https:\/\/postarchive.org\/wp2024\/wp-content\/uploads\/2015\/07\/DSC_1006-199x300.jpg 199w, https:\/\/postarchive.org\/wp2024\/wp-content\/uploads\/2015\/07\/DSC_1006-398x600.jpg 398w, https:\/\/postarchive.org\/wp2024\/wp-content\/uploads\/2015\/07\/DSC_1006-100x150.jpg 100w, https:\/\/postarchive.org\/wp2024\/wp-content\/uploads\/2015\/07\/DSC_1006-33x50.jpg 33w\" sizes=\"(max-width: 600px) 100vw, 531px\" \/>\t\t\t\t\t\t\t\t\t\t\t\t\t<\/div>\n\t\t\t\t<\/div>\n\t\t\t\t<\/div>\n\t\t<div class=\"elementor-element elementor-element-4cfa179 e-con-full e-flex sc_inner_width_none sc_layouts_column_icons_position_left e-con e-child\" data-id=\"4cfa179\" data-element_type=\"container\">\n\t\t\t\t<div class=\"elementor-element elementor-element-39964ae sc_fly_static elementor-widget elementor-widget-text-editor\" data-id=\"39964ae\" data-element_type=\"widget\" data-widget_type=\"text-editor.default\">\n\t\t\t\t<div class=\"elementor-widget-container\">\n\t\t\t\t\t\t\t<p><strong>T\u00edtulo:<\/strong> Casa com pr\u00e9dio alto de fundo<br \/><strong>Data:<\/strong> 2009<br \/><strong>Dimens\u00e3o e suporte:<\/strong> 30 x 40cm, Digital TIFF<br \/><strong>Nome dos autores:<\/strong> Miranda, M\u00f3nica de. 1976-, artista visual<br \/><strong>Condi\u00e7\u00f5es de reprodu\u00e7\u00e3o:<\/strong> Direitos reservados para efeito de publica\u00e7\u00e3o, exposi\u00e7\u00e3o e utiliza\u00e7\u00e3o comercial<br \/><strong>C\u00f3digo:<\/strong> MM-UND-AZI-013<br \/><strong>Localiza\u00e7\u00e3o:<\/strong> Quinta da Serra<br \/><strong>Categoria<\/strong>: Fotografia<\/p>\t\t\t\t\t\t<\/div>\n\t\t\t\t<\/div>\n\t\t\t\t<div class=\"elementor-element elementor-element-dbbdb75 repbtn sc_fly_static elementor-widget elementor-widget-button\" data-id=\"dbbdb75\" data-element_type=\"widget\" data-widget_type=\"button.default\">\n\t\t\t\t<div class=\"elementor-widget-container\">\n\t\t\t\t\t<div class=\"elementor-button-wrapper\">\n\t\t\t<a class=\"elementor-button elementor-button-link elementor-size-sm\" href=\"https:\/\/postarchive.org\/wp2024\/reproduzir\/\">\n\t\t\t\t\t\t<span class=\"elementor-button-content-wrapper\">\n\t\t\t\t\t\t<span class=\"elementor-button-text\">Reproduzir<\/span>\n\t\t<\/span>\n\t\t\t\t\t<\/a>\n\t\t<\/div>\n\t\t\t\t<\/div>\n\t\t\t\t<\/div>\n\t\t\t\t<\/div>\n\t\t\t\t\t<\/div>\n\t\t\t\t<\/div>\n\t\t<div class=\"elementor-element elementor-element-fb536be e-flex e-con-boxed sc_inner_width_none sc_layouts_column_icons_position_left e-con e-parent\" data-id=\"fb536be\" data-element_type=\"container\" data-core-v316-plus=\"true\">\n\t\t\t\t\t<div class=\"e-con-inner\">\n\t\t<div class=\"elementor-element elementor-element-3012676 e-con-full e-flex sc_inner_width_none sc_layouts_column_icons_position_left e-con e-child\" data-id=\"3012676\" data-element_type=\"container\">\n\t\t\t\t<div class=\"elementor-element elementor-element-3d7dcbe archimg sc_fly_static elementor-widget elementor-widget-image\" data-id=\"3d7dcbe\" data-element_type=\"widget\" data-widget_type=\"image.default\">\n\t\t\t\t<div class=\"elementor-widget-container\">\n\t\t\t\t\t\t\t\t\t\t\t\t\t<img loading=\"lazy\" decoding=\"async\" width=\"1024\" height=\"680\" src=\"https:\/\/postarchive.org\/wp2024\/wp-content\/uploads\/2015\/12\/DSC_1005-1024x680.jpeg\" class=\"attachment-large size-large wp-image-1873\" alt=\"\" srcset=\"https:\/\/postarchive.org\/wp2024\/wp-content\/uploads\/2015\/12\/DSC_1005-1024x680.jpeg 1024w, https:\/\/postarchive.org\/wp2024\/wp-content\/uploads\/2015\/12\/DSC_1005-scaled-600x398.jpeg 600w, https:\/\/postarchive.org\/wp2024\/wp-content\/uploads\/2015\/12\/DSC_1005-300x199.jpeg 300w, https:\/\/postarchive.org\/wp2024\/wp-content\/uploads\/2015\/12\/DSC_1005-1130x751.jpeg 1130w, https:\/\/postarchive.org\/wp2024\/wp-content\/uploads\/2015\/12\/DSC_1005-800x531.jpeg 800w, https:\/\/postarchive.org\/wp2024\/wp-content\/uploads\/2015\/12\/DSC_1005-200x133.jpeg 200w, https:\/\/postarchive.org\/wp2024\/wp-content\/uploads\/2015\/12\/DSC_1005-50x33.jpeg 50w\" sizes=\"(max-width: 1024px) 100vw, 1024px\" \/>\t\t\t\t\t\t\t\t\t\t\t\t\t<\/div>\n\t\t\t\t<\/div>\n\t\t\t\t<\/div>\n\t\t<div class=\"elementor-element elementor-element-c934d98 e-con-full e-flex sc_inner_width_none sc_layouts_column_icons_position_left e-con e-child\" data-id=\"c934d98\" data-element_type=\"container\">\n\t\t\t\t<div class=\"elementor-element elementor-element-a989beb sc_fly_static elementor-widget elementor-widget-text-editor\" data-id=\"a989beb\" data-element_type=\"widget\" data-widget_type=\"text-editor.default\">\n\t\t\t\t<div class=\"elementor-widget-container\">\n\t\t\t\t\t\t\t<p><strong>T\u00edtulo:<\/strong> Casa laranja<br \/><strong>Data:<\/strong> 2009<br \/><strong>Dimens\u00e3o e suporte:<\/strong> 30 x 40cm, Digital TIFF<br \/><strong>Nome dos autores:<\/strong> Miranda, M\u00f3nica de. 1976-, artista visual<br \/><strong>Condi\u00e7\u00f5es de reprodu\u00e7\u00e3o:<\/strong> Direitos reservados para efeito de publica\u00e7\u00e3o, exposi\u00e7\u00e3o e utiliza\u00e7\u00e3o comercial<br \/><strong>C\u00f3digo:<\/strong> MM-UND-AZI-020<br \/><strong>Localiza\u00e7\u00e3o:<\/strong> Quinta da Serra<br \/><strong>Categoria:<\/strong> Fotografia<\/p>\t\t\t\t\t\t<\/div>\n\t\t\t\t<\/div>\n\t\t\t\t<div class=\"elementor-element elementor-element-68ae941 repbtn sc_fly_static elementor-widget elementor-widget-button\" data-id=\"68ae941\" data-element_type=\"widget\" data-widget_type=\"button.default\">\n\t\t\t\t<div class=\"elementor-widget-container\">\n\t\t\t\t\t<div class=\"elementor-button-wrapper\">\n\t\t\t<a class=\"elementor-button elementor-button-link elementor-size-sm\" href=\"https:\/\/postarchive.org\/wp2024\/reproduzir\/\">\n\t\t\t\t\t\t<span class=\"elementor-button-content-wrapper\">\n\t\t\t\t\t\t<span class=\"elementor-button-text\">Reproduzir<\/span>\n\t\t<\/span>\n\t\t\t\t\t<\/a>\n\t\t<\/div>\n\t\t\t\t<\/div>\n\t\t\t\t<\/div>\n\t\t\t\t<\/div>\n\t\t\t\t\t<\/div>\n\t\t\t\t<\/div>\n\t\t<div class=\"elementor-element elementor-element-e9a0d7c e-flex e-con-boxed sc_inner_width_none sc_layouts_column_icons_position_left e-con e-parent\" data-id=\"e9a0d7c\" data-element_type=\"container\" data-core-v316-plus=\"true\">\n\t\t\t\t\t<div class=\"e-con-inner\">\n\t\t<div class=\"elementor-element elementor-element-d0c86a8 e-con-full e-flex sc_inner_width_none sc_layouts_column_icons_position_left e-con e-child\" data-id=\"d0c86a8\" data-element_type=\"container\">\n\t\t\t\t<div class=\"elementor-element elementor-element-04c1e27 archimg sc_fly_static elementor-widget elementor-widget-image\" data-id=\"04c1e27\" data-element_type=\"widget\" data-widget_type=\"image.default\">\n\t\t\t\t<div class=\"elementor-widget-container\">\n\t\t\t\t\t\t\t\t\t\t\t\t\t<img loading=\"lazy\" decoding=\"async\" width=\"1024\" height=\"680\" src=\"https:\/\/postarchive.org\/wp2024\/wp-content\/uploads\/2015\/12\/DSC_1008-1024x680.jpeg\" class=\"attachment-large size-large wp-image-1874\" alt=\"\" srcset=\"https:\/\/postarchive.org\/wp2024\/wp-content\/uploads\/2015\/12\/DSC_1008-1024x680.jpeg 1024w, https:\/\/postarchive.org\/wp2024\/wp-content\/uploads\/2015\/12\/DSC_1008-scaled-600x398.jpeg 600w, https:\/\/postarchive.org\/wp2024\/wp-content\/uploads\/2015\/12\/DSC_1008-300x199.jpeg 300w, https:\/\/postarchive.org\/wp2024\/wp-content\/uploads\/2015\/12\/DSC_1008-1130x751.jpeg 1130w, https:\/\/postarchive.org\/wp2024\/wp-content\/uploads\/2015\/12\/DSC_1008-800x531.jpeg 800w, https:\/\/postarchive.org\/wp2024\/wp-content\/uploads\/2015\/12\/DSC_1008-200x133.jpeg 200w, https:\/\/postarchive.org\/wp2024\/wp-content\/uploads\/2015\/12\/DSC_1008-50x33.jpeg 50w\" sizes=\"(max-width: 1024px) 100vw, 1024px\" \/>\t\t\t\t\t\t\t\t\t\t\t\t\t<\/div>\n\t\t\t\t<\/div>\n\t\t\t\t<\/div>\n\t\t<div class=\"elementor-element elementor-element-3a61edd e-con-full e-flex sc_inner_width_none sc_layouts_column_icons_position_left e-con e-child\" data-id=\"3a61edd\" data-element_type=\"container\">\n\t\t\t\t<div class=\"elementor-element elementor-element-f2d59f9 sc_fly_static elementor-widget elementor-widget-text-editor\" data-id=\"f2d59f9\" data-element_type=\"widget\" data-widget_type=\"text-editor.default\">\n\t\t\t\t<div class=\"elementor-widget-container\">\n\t\t\t\t\t\t\t<p><strong>T\u00edtulo:<\/strong> Casa azul<br \/><strong>Data:<\/strong> 2009<br \/><strong>Dimens\u00e3o e suporte:<\/strong> 30 x 40cm, Digital TIFF<br \/><strong>Nome dos autores:<\/strong> Miranda, M\u00f3nica de. 1976-, artista visual<br \/><strong>Condi\u00e7\u00f5es de reprodu\u00e7\u00e3o:<\/strong> Direitos reservados para efeito de publica\u00e7\u00e3o, exposi\u00e7\u00e3o e utiliza\u00e7\u00e3o comercial<br \/><strong>C\u00f3digo:<\/strong> MM-UND-AZI-021<br \/><strong>Localiza\u00e7\u00e3o:<\/strong> Quinta da Serra<br \/><strong>Categoria:<\/strong> Fotografia<\/p>\t\t\t\t\t\t<\/div>\n\t\t\t\t<\/div>\n\t\t\t\t<div class=\"elementor-element elementor-element-542cad3 repbtn sc_fly_static elementor-widget elementor-widget-button\" data-id=\"542cad3\" data-element_type=\"widget\" data-widget_type=\"button.default\">\n\t\t\t\t<div class=\"elementor-widget-container\">\n\t\t\t\t\t<div class=\"elementor-button-wrapper\">\n\t\t\t<a class=\"elementor-button elementor-button-link elementor-size-sm\" href=\"https:\/\/postarchive.org\/wp2024\/reproduzir\/\">\n\t\t\t\t\t\t<span class=\"elementor-button-content-wrapper\">\n\t\t\t\t\t\t<span class=\"elementor-button-text\">Reproduzir<\/span>\n\t\t<\/span>\n\t\t\t\t\t<\/a>\n\t\t<\/div>\n\t\t\t\t<\/div>\n\t\t\t\t<\/div>\n\t\t\t\t<\/div>\n\t\t\t\t\t<\/div>\n\t\t\t\t<\/div>\n\t\t<div class=\"elementor-element elementor-element-0bc05d9 e-flex e-con-boxed sc_inner_width_none sc_layouts_column_icons_position_left e-con e-parent\" data-id=\"0bc05d9\" data-element_type=\"container\" data-core-v316-plus=\"true\">\n\t\t\t\t\t<div class=\"e-con-inner\">\n\t\t<div class=\"elementor-element elementor-element-2d518c5 e-con-full e-flex sc_inner_width_none sc_layouts_column_icons_position_left e-con e-child\" data-id=\"2d518c5\" data-element_type=\"container\">\n\t\t\t\t<div class=\"elementor-element elementor-element-153a646 archimg sc_fly_static elementor-widget elementor-widget-image\" data-id=\"153a646\" data-element_type=\"widget\" data-widget_type=\"image.default\">\n\t\t\t\t<div class=\"elementor-widget-container\">\n\t\t\t\t\t\t\t\t\t\t\t\t\t<img loading=\"lazy\" decoding=\"async\" width=\"1024\" height=\"680\" src=\"https:\/\/postarchive.org\/wp2024\/wp-content\/uploads\/2015\/12\/DSC_1017-1024x680.jpeg\" class=\"attachment-large size-large wp-image-4031\" alt=\"\" srcset=\"https:\/\/postarchive.org\/wp2024\/wp-content\/uploads\/2015\/12\/DSC_1017-1024x680.jpeg 1024w, https:\/\/postarchive.org\/wp2024\/wp-content\/uploads\/2015\/12\/DSC_1017-scaled-600x398.jpeg 600w, https:\/\/postarchive.org\/wp2024\/wp-content\/uploads\/2015\/12\/DSC_1017-300x199.jpeg 300w, https:\/\/postarchive.org\/wp2024\/wp-content\/uploads\/2015\/12\/DSC_1017-1130x751.jpeg 1130w, https:\/\/postarchive.org\/wp2024\/wp-content\/uploads\/2015\/12\/DSC_1017-800x531.jpeg 800w, https:\/\/postarchive.org\/wp2024\/wp-content\/uploads\/2015\/12\/DSC_1017-200x133.jpeg 200w, https:\/\/postarchive.org\/wp2024\/wp-content\/uploads\/2015\/12\/DSC_1017-50x33.jpeg 50w\" sizes=\"(max-width: 1024px) 100vw, 1024px\" \/>\t\t\t\t\t\t\t\t\t\t\t\t\t<\/div>\n\t\t\t\t<\/div>\n\t\t\t\t<\/div>\n\t\t<div class=\"elementor-element elementor-element-fdb6e98 e-con-full e-flex sc_inner_width_none sc_layouts_column_icons_position_left e-con e-child\" data-id=\"fdb6e98\" data-element_type=\"container\">\n\t\t\t\t<div class=\"elementor-element elementor-element-b2923ab sc_fly_static elementor-widget elementor-widget-text-editor\" data-id=\"b2923ab\" data-element_type=\"widget\" data-widget_type=\"text-editor.default\">\n\t\t\t\t<div class=\"elementor-widget-container\">\n\t\t\t\t\t\t\t<p><strong>T\u00edtulo<\/strong>: Casa t\u00e9rrea e casa de dois andares verdes<br \/><strong>Data:<\/strong> 2009<br \/><strong>Dimens\u00e3o e suporte:<\/strong> 30 x 40cm, Digital TIFF<br \/><strong>Nome dos autores:<\/strong> Miranda, M\u00f3nica de. 1976-, artista visual<br \/><strong>Condi\u00e7\u00f5es de reprodu\u00e7\u00e3o:<\/strong> Direitos reservados para efeito de publica\u00e7\u00e3o, exposi\u00e7\u00e3o e utiliza\u00e7\u00e3o comercial<br \/><strong>C\u00f3digo:<\/strong> MM-UND-AZI-030<br \/><strong>Localiza\u00e7\u00e3o<\/strong>: Quinta da Serra<br \/><strong>Categoria:<\/strong> Fotografia<\/p>\t\t\t\t\t\t<\/div>\n\t\t\t\t<\/div>\n\t\t\t\t<div class=\"elementor-element elementor-element-df964d2 repbtn sc_fly_static elementor-widget elementor-widget-button\" data-id=\"df964d2\" data-element_type=\"widget\" data-widget_type=\"button.default\">\n\t\t\t\t<div class=\"elementor-widget-container\">\n\t\t\t\t\t<div class=\"elementor-button-wrapper\">\n\t\t\t<a class=\"elementor-button elementor-button-link elementor-size-sm\" href=\"https:\/\/postarchive.org\/wp2024\/reproduzir\/\">\n\t\t\t\t\t\t<span class=\"elementor-button-content-wrapper\">\n\t\t\t\t\t\t<span class=\"elementor-button-text\">Reproduzir<\/span>\n\t\t<\/span>\n\t\t\t\t\t<\/a>\n\t\t<\/div>\n\t\t\t\t<\/div>\n\t\t\t\t<\/div>\n\t\t\t\t<\/div>\n\t\t\t\t\t<\/div>\n\t\t\t\t<\/div>\n\t\t<div class=\"elementor-element elementor-element-99df290 e-flex e-con-boxed sc_inner_width_none sc_layouts_column_icons_position_left e-con e-parent\" data-id=\"99df290\" data-element_type=\"container\" data-core-v316-plus=\"true\">\n\t\t\t\t\t<div class=\"e-con-inner\">\n\t\t<div class=\"elementor-element elementor-element-f3c3f31 e-con-full e-flex sc_inner_width_none sc_layouts_column_icons_position_left e-con e-child\" data-id=\"f3c3f31\" data-element_type=\"container\">\n\t\t\t\t<div class=\"elementor-element elementor-element-f9b47d2 archimg sc_fly_static elementor-widget elementor-widget-image\" data-id=\"f9b47d2\" data-element_type=\"widget\" data-widget_type=\"image.default\">\n\t\t\t\t<div class=\"elementor-widget-container\">\n\t\t\t\t\t\t\t\t\t\t\t\t\t<img loading=\"lazy\" decoding=\"async\" width=\"800\" height=\"531\" src=\"https:\/\/postarchive.org\/wp2024\/wp-content\/uploads\/2015\/07\/DSC_1020.jpg\" class=\"attachment-large size-large wp-image-1616\" alt=\"\" srcset=\"https:\/\/postarchive.org\/wp2024\/wp-content\/uploads\/2015\/07\/DSC_1020.jpg 800w, https:\/\/postarchive.org\/wp2024\/wp-content\/uploads\/2015\/07\/DSC_1020-600x398.jpg 600w, https:\/\/postarchive.org\/wp2024\/wp-content\/uploads\/2015\/07\/DSC_1020-300x199.jpg 300w, https:\/\/postarchive.org\/wp2024\/wp-content\/uploads\/2015\/07\/DSC_1020-200x133.jpg 200w, https:\/\/postarchive.org\/wp2024\/wp-content\/uploads\/2015\/07\/DSC_1020-50x33.jpg 50w\" sizes=\"(max-width: 800px) 100vw, 800px\" \/>\t\t\t\t\t\t\t\t\t\t\t\t\t<\/div>\n\t\t\t\t<\/div>\n\t\t\t\t<\/div>\n\t\t<div class=\"elementor-element elementor-element-51bb0eb e-con-full e-flex sc_inner_width_none sc_layouts_column_icons_position_left e-con e-child\" data-id=\"51bb0eb\" data-element_type=\"container\">\n\t\t\t\t<div class=\"elementor-element elementor-element-2054b11 sc_fly_static elementor-widget elementor-widget-text-editor\" data-id=\"2054b11\" data-element_type=\"widget\" data-widget_type=\"text-editor.default\">\n\t\t\t\t<div class=\"elementor-widget-container\">\n\t\t\t\t\t\t\t<p><strong>T\u00edtulo:<\/strong> Casa Luis \/ Deus \u00e9 Amor<br \/><strong>Data:<\/strong> 2009<br \/><strong>Dimens\u00e3o e suporte:<\/strong> 30 x 40cm, Digital TIFF<br \/><strong>Nome dos autores:<\/strong> Miranda, M\u00f3nica de. 1976-, artista visual<br \/><strong>Condi\u00e7\u00f5es de reprodu\u00e7\u00e3o:<\/strong> Direitos reservados para efeito de publica\u00e7\u00e3o, exposi\u00e7\u00e3o e utiliza\u00e7\u00e3o comercial<br \/><strong>C\u00f3digo:<\/strong> MM-UND-AZI-053<br \/><strong>Localiza\u00e7\u00e3o:<\/strong> Quinta da Serra<br \/><strong>Categoria:<\/strong> Fotografia<\/p>\t\t\t\t\t\t<\/div>\n\t\t\t\t<\/div>\n\t\t\t\t<div class=\"elementor-element elementor-element-5d99d45 repbtn sc_fly_static elementor-widget elementor-widget-button\" data-id=\"5d99d45\" data-element_type=\"widget\" data-widget_type=\"button.default\">\n\t\t\t\t<div class=\"elementor-widget-container\">\n\t\t\t\t\t<div class=\"elementor-button-wrapper\">\n\t\t\t<a class=\"elementor-button elementor-button-link elementor-size-sm\" href=\"https:\/\/postarchive.org\/wp2024\/reproduzir\/\">\n\t\t\t\t\t\t<span class=\"elementor-button-content-wrapper\">\n\t\t\t\t\t\t<span class=\"elementor-button-text\">Reproduzir<\/span>\n\t\t<\/span>\n\t\t\t\t\t<\/a>\n\t\t<\/div>\n\t\t\t\t<\/div>\n\t\t\t\t<\/div>\n\t\t\t\t<\/div>\n\t\t\t\t\t<\/div>\n\t\t\t\t<\/div>\n\t\t<div class=\"elementor-element elementor-element-520ec9b e-flex e-con-boxed sc_inner_width_none sc_layouts_column_icons_position_left e-con e-parent\" data-id=\"520ec9b\" data-element_type=\"container\" data-core-v316-plus=\"true\">\n\t\t\t\t\t<div class=\"e-con-inner\">\n\t\t<div class=\"elementor-element elementor-element-3ced172 e-con-full e-flex sc_inner_width_none sc_layouts_column_icons_position_left e-con e-child\" data-id=\"3ced172\" data-element_type=\"container\">\n\t\t\t\t<div class=\"elementor-element elementor-element-1a846e6 archimg sc_fly_static elementor-widget elementor-widget-image\" data-id=\"1a846e6\" data-element_type=\"widget\" data-widget_type=\"image.default\">\n\t\t\t\t<div class=\"elementor-widget-container\">\n\t\t\t\t\t\t\t\t\t\t\t\t\t<img loading=\"lazy\" decoding=\"async\" width=\"531\" height=\"800\" src=\"https:\/\/postarchive.org\/wp2024\/wp-content\/uploads\/2015\/07\/DSC_1023.jpg\" class=\"attachment-large size-large wp-image-1617\" alt=\"\" srcset=\"https:\/\/postarchive.org\/wp2024\/wp-content\/uploads\/2015\/07\/DSC_1023.jpg 531w, https:\/\/postarchive.org\/wp2024\/wp-content\/uploads\/2015\/07\/DSC_1023-199x300.jpg 199w, https:\/\/postarchive.org\/wp2024\/wp-content\/uploads\/2015\/07\/DSC_1023-398x600.jpg 398w, https:\/\/postarchive.org\/wp2024\/wp-content\/uploads\/2015\/07\/DSC_1023-100x150.jpg 100w, https:\/\/postarchive.org\/wp2024\/wp-content\/uploads\/2015\/07\/DSC_1023-33x50.jpg 33w\" sizes=\"(max-width: 600px) 100vw, 531px\" \/>\t\t\t\t\t\t\t\t\t\t\t\t\t<\/div>\n\t\t\t\t<\/div>\n\t\t\t\t<\/div>\n\t\t<div class=\"elementor-element elementor-element-903ef76 e-con-full e-flex sc_inner_width_none sc_layouts_column_icons_position_left e-con e-child\" data-id=\"903ef76\" data-element_type=\"container\">\n\t\t\t\t<div class=\"elementor-element elementor-element-9d5a7c2 sc_fly_static elementor-widget elementor-widget-text-editor\" data-id=\"9d5a7c2\" data-element_type=\"widget\" data-widget_type=\"text-editor.default\">\n\t\t\t\t<div class=\"elementor-widget-container\">\n\t\t\t\t\t\t\t<p><strong>T\u00edtulo:<\/strong> Pr\u00e9dio verde com azulejos<br \/><strong>Data:<\/strong> 2009<br \/><strong>Dimens\u00e3o e suporte:<\/strong> 30 x 40cm, Digital TIFF<br \/><strong>Nome dos autores:<\/strong> Miranda, M\u00f3nica de. 1976-, artista visual<br \/><strong>Condi\u00e7\u00f5es de reprodu\u00e7\u00e3o:<\/strong> Direitos reservados para efeito de publica\u00e7\u00e3o, exposi\u00e7\u00e3o e utiliza\u00e7\u00e3o comercial<br \/><strong>C\u00f3digo:<\/strong> MM-UND-AZI-055<br \/><strong>Localiza\u00e7\u00e3o:<\/strong> Quinta da Serra<br \/><strong>Categoria:<\/strong> Fotografia<\/p>\t\t\t\t\t\t<\/div>\n\t\t\t\t<\/div>\n\t\t\t\t<div class=\"elementor-element elementor-element-4cdcca8 repbtn sc_fly_static elementor-widget elementor-widget-button\" data-id=\"4cdcca8\" data-element_type=\"widget\" data-widget_type=\"button.default\">\n\t\t\t\t<div class=\"elementor-widget-container\">\n\t\t\t\t\t<div class=\"elementor-button-wrapper\">\n\t\t\t<a class=\"elementor-button elementor-button-link elementor-size-sm\" href=\"https:\/\/postarchive.org\/wp2024\/reproduzir\/\">\n\t\t\t\t\t\t<span class=\"elementor-button-content-wrapper\">\n\t\t\t\t\t\t<span class=\"elementor-button-text\">Reproduzir<\/span>\n\t\t<\/span>\n\t\t\t\t\t<\/a>\n\t\t<\/div>\n\t\t\t\t<\/div>\n\t\t\t\t<\/div>\n\t\t\t\t<\/div>\n\t\t\t\t\t<\/div>\n\t\t\t\t<\/div>\n\t\t<div class=\"elementor-element elementor-element-c58da50 e-flex e-con-boxed sc_inner_width_none sc_layouts_column_icons_position_left e-con e-parent\" data-id=\"c58da50\" data-element_type=\"container\" data-core-v316-plus=\"true\">\n\t\t\t\t\t<div class=\"e-con-inner\">\n\t\t<div class=\"elementor-element elementor-element-b825210 e-con-full e-flex sc_inner_width_none sc_layouts_column_icons_position_left e-con e-child\" data-id=\"b825210\" data-element_type=\"container\">\n\t\t\t\t<div class=\"elementor-element elementor-element-112892d archimg sc_fly_static elementor-widget elementor-widget-image\" data-id=\"112892d\" data-element_type=\"widget\" data-widget_type=\"image.default\">\n\t\t\t\t<div class=\"elementor-widget-container\">\n\t\t\t\t\t\t\t\t\t\t\t\t\t<img loading=\"lazy\" decoding=\"async\" width=\"1024\" height=\"680\" src=\"https:\/\/postarchive.org\/wp2024\/wp-content\/uploads\/2015\/12\/DSC_1038-1024x680.jpeg\" class=\"attachment-large size-large wp-image-1884\" alt=\"\" srcset=\"https:\/\/postarchive.org\/wp2024\/wp-content\/uploads\/2015\/12\/DSC_1038-1024x680.jpeg 1024w, https:\/\/postarchive.org\/wp2024\/wp-content\/uploads\/2015\/12\/DSC_1038-scaled-600x398.jpeg 600w, https:\/\/postarchive.org\/wp2024\/wp-content\/uploads\/2015\/12\/DSC_1038-300x199.jpeg 300w, https:\/\/postarchive.org\/wp2024\/wp-content\/uploads\/2015\/12\/DSC_1038-1130x751.jpeg 1130w, https:\/\/postarchive.org\/wp2024\/wp-content\/uploads\/2015\/12\/DSC_1038-800x531.jpeg 800w, https:\/\/postarchive.org\/wp2024\/wp-content\/uploads\/2015\/12\/DSC_1038-200x133.jpeg 200w, https:\/\/postarchive.org\/wp2024\/wp-content\/uploads\/2015\/12\/DSC_1038-50x33.jpeg 50w\" sizes=\"(max-width: 1024px) 100vw, 1024px\" \/>\t\t\t\t\t\t\t\t\t\t\t\t\t<\/div>\n\t\t\t\t<\/div>\n\t\t\t\t<\/div>\n\t\t<div class=\"elementor-element elementor-element-4f2bd47 e-con-full e-flex sc_inner_width_none sc_layouts_column_icons_position_left e-con e-child\" data-id=\"4f2bd47\" data-element_type=\"container\">\n\t\t\t\t<div class=\"elementor-element elementor-element-d5f22c1 sc_fly_static elementor-widget elementor-widget-text-editor\" data-id=\"d5f22c1\" data-element_type=\"widget\" data-widget_type=\"text-editor.default\">\n\t\t\t\t<div class=\"elementor-widget-container\">\n\t\t\t\t\t\t\t<p><strong>T\u00edtulo:<\/strong> Casa coral<br \/><strong>Data:<\/strong> 2009<br \/><strong>Dimens\u00e3o e suporte:<\/strong> 30 x 40cm, Digital TIFF<br \/><strong>Nome dos autores:<\/strong> Miranda, M\u00f3nica de. 1976-, artista visual<br \/><strong>Condi\u00e7\u00f5es de reprodu\u00e7\u00e3o:<\/strong> Direitos reservados para efeito de publica\u00e7\u00e3o, exposi\u00e7\u00e3o e utiliza\u00e7\u00e3o comercial<br \/><strong>C\u00f3digo:<\/strong> MM-UND-AZI-035<br \/><strong>Localiza\u00e7\u00e3o:<\/strong> Quinta da Serra<br \/><strong>Categoria<\/strong>: Fotografia<\/p>\t\t\t\t\t\t<\/div>\n\t\t\t\t<\/div>\n\t\t\t\t<div class=\"elementor-element elementor-element-77d59fd repbtn sc_fly_static elementor-widget elementor-widget-button\" data-id=\"77d59fd\" data-element_type=\"widget\" data-widget_type=\"button.default\">\n\t\t\t\t<div class=\"elementor-widget-container\">\n\t\t\t\t\t<div class=\"elementor-button-wrapper\">\n\t\t\t<a class=\"elementor-button elementor-button-link elementor-size-sm\" href=\"https:\/\/postarchive.org\/wp2024\/reproduzir\/\">\n\t\t\t\t\t\t<span class=\"elementor-button-content-wrapper\">\n\t\t\t\t\t\t<span class=\"elementor-button-text\">Reproduzir<\/span>\n\t\t<\/span>\n\t\t\t\t\t<\/a>\n\t\t<\/div>\n\t\t\t\t<\/div>\n\t\t\t\t<\/div>\n\t\t\t\t<\/div>\n\t\t\t\t\t<\/div>\n\t\t\t\t<\/div>\n\t\t<div class=\"elementor-element elementor-element-c11332c e-flex e-con-boxed sc_inner_width_none sc_layouts_column_icons_position_left e-con e-parent\" data-id=\"c11332c\" data-element_type=\"container\" data-core-v316-plus=\"true\">\n\t\t\t\t\t<div class=\"e-con-inner\">\n\t\t<div class=\"elementor-element elementor-element-01ee569 e-con-full e-flex sc_inner_width_none sc_layouts_column_icons_position_left e-con e-child\" data-id=\"01ee569\" data-element_type=\"container\">\n\t\t\t\t<div class=\"elementor-element elementor-element-e4d7d84 archimg sc_fly_static elementor-widget elementor-widget-image\" data-id=\"e4d7d84\" data-element_type=\"widget\" data-widget_type=\"image.default\">\n\t\t\t\t<div class=\"elementor-widget-container\">\n\t\t\t\t\t\t\t\t\t\t\t\t\t<img loading=\"lazy\" decoding=\"async\" width=\"680\" height=\"1024\" src=\"https:\/\/postarchive.org\/wp2024\/wp-content\/uploads\/2015\/12\/DSC_1057-680x1024.jpeg\" class=\"attachment-large size-large wp-image-1889\" alt=\"\" srcset=\"https:\/\/postarchive.org\/wp2024\/wp-content\/uploads\/2015\/12\/DSC_1057-680x1024.jpeg 680w, https:\/\/postarchive.org\/wp2024\/wp-content\/uploads\/2015\/12\/DSC_1057-scaled-600x904.jpeg 600w, https:\/\/postarchive.org\/wp2024\/wp-content\/uploads\/2015\/12\/DSC_1057-199x300.jpeg 199w, https:\/\/postarchive.org\/wp2024\/wp-content\/uploads\/2015\/12\/DSC_1057-1130x1701.jpeg 1130w, https:\/\/postarchive.org\/wp2024\/wp-content\/uploads\/2015\/12\/DSC_1057-800x1204.jpeg 800w, https:\/\/postarchive.org\/wp2024\/wp-content\/uploads\/2015\/12\/DSC_1057-399x600.jpeg 399w, https:\/\/postarchive.org\/wp2024\/wp-content\/uploads\/2015\/12\/DSC_1057-100x150.jpeg 100w, https:\/\/postarchive.org\/wp2024\/wp-content\/uploads\/2015\/12\/DSC_1057-33x50.jpeg 33w, https:\/\/postarchive.org\/wp2024\/wp-content\/uploads\/2015\/12\/DSC_1057-scaled.jpeg 1700w\" sizes=\"(max-width: 680px) 100vw, 680px\" \/>\t\t\t\t\t\t\t\t\t\t\t\t\t<\/div>\n\t\t\t\t<\/div>\n\t\t\t\t<\/div>\n\t\t<div class=\"elementor-element elementor-element-960b60e e-con-full e-flex sc_inner_width_none sc_layouts_column_icons_position_left e-con e-child\" data-id=\"960b60e\" data-element_type=\"container\">\n\t\t\t\t<div class=\"elementor-element elementor-element-5cdcd42 sc_fly_static elementor-widget elementor-widget-text-editor\" data-id=\"5cdcd42\" data-element_type=\"widget\" data-widget_type=\"text-editor.default\">\n\t\t\t\t<div class=\"elementor-widget-container\">\n\t\t\t\t\t\t\t<p><strong>T\u00edtulo:<\/strong> Casa azul com bandeira<br \/><strong>Data:<\/strong> 2009<br \/><strong>Dimens\u00e3o e suporte:<\/strong> 30 x 40cm, Digital TIFF<br \/><strong>Nome dos autores:<\/strong> Miranda, M\u00f3nica de. 1976-, artista visual<br \/><strong>Condi\u00e7\u00f5es de reprodu\u00e7\u00e3o:<\/strong> Direitos reservados para efeito de publica\u00e7\u00e3o, exposi\u00e7\u00e3o e utiliza\u00e7\u00e3o comercial<br \/><strong>C\u00f3digo:<\/strong> MM-UND-AZI-079<br \/><strong>Localiza\u00e7\u00e3o:<\/strong> Quinta da Serra<br \/><strong>Categoria:<\/strong> Fotografia<\/p>\t\t\t\t\t\t<\/div>\n\t\t\t\t<\/div>\n\t\t\t\t<div class=\"elementor-element elementor-element-9276568 repbtn sc_fly_static elementor-widget elementor-widget-button\" data-id=\"9276568\" data-element_type=\"widget\" data-widget_type=\"button.default\">\n\t\t\t\t<div class=\"elementor-widget-container\">\n\t\t\t\t\t<div class=\"elementor-button-wrapper\">\n\t\t\t<a class=\"elementor-button elementor-button-link elementor-size-sm\" href=\"https:\/\/postarchive.org\/wp2024\/reproduzir\/\">\n\t\t\t\t\t\t<span class=\"elementor-button-content-wrapper\">\n\t\t\t\t\t\t<span class=\"elementor-button-text\">Reproduzir<\/span>\n\t\t<\/span>\n\t\t\t\t\t<\/a>\n\t\t<\/div>\n\t\t\t\t<\/div>\n\t\t\t\t<\/div>\n\t\t\t\t<\/div>\n\t\t\t\t\t<\/div>\n\t\t\t\t<\/div>\n\t\t<div class=\"elementor-element elementor-element-e9a1fd0 e-flex e-con-boxed sc_inner_width_none sc_layouts_column_icons_position_left e-con e-parent\" data-id=\"e9a1fd0\" data-element_type=\"container\" data-core-v316-plus=\"true\">\n\t\t\t\t\t<div class=\"e-con-inner\">\n\t\t<div class=\"elementor-element elementor-element-dbf2126 e-con-full e-flex sc_inner_width_none sc_layouts_column_icons_position_left e-con e-child\" data-id=\"dbf2126\" data-element_type=\"container\">\n\t\t\t\t<div class=\"elementor-element elementor-element-743e8c8 archimg sc_fly_static elementor-widget elementor-widget-image\" data-id=\"743e8c8\" data-element_type=\"widget\" data-widget_type=\"image.default\">\n\t\t\t\t<div class=\"elementor-widget-container\">\n\t\t\t\t\t\t\t\t\t\t\t\t\t<img loading=\"lazy\" decoding=\"async\" width=\"531\" height=\"800\" src=\"https:\/\/postarchive.org\/wp2024\/wp-content\/uploads\/2015\/07\/DSC_1060.jpg\" class=\"attachment-large size-large wp-image-1620\" alt=\"\" srcset=\"https:\/\/postarchive.org\/wp2024\/wp-content\/uploads\/2015\/07\/DSC_1060.jpg 531w, https:\/\/postarchive.org\/wp2024\/wp-content\/uploads\/2015\/07\/DSC_1060-199x300.jpg 199w, https:\/\/postarchive.org\/wp2024\/wp-content\/uploads\/2015\/07\/DSC_1060-398x600.jpg 398w, https:\/\/postarchive.org\/wp2024\/wp-content\/uploads\/2015\/07\/DSC_1060-100x150.jpg 100w, https:\/\/postarchive.org\/wp2024\/wp-content\/uploads\/2015\/07\/DSC_1060-33x50.jpg 33w\" sizes=\"(max-width: 600px) 100vw, 531px\" \/>\t\t\t\t\t\t\t\t\t\t\t\t\t<\/div>\n\t\t\t\t<\/div>\n\t\t\t\t<\/div>\n\t\t<div class=\"elementor-element elementor-element-9282907 e-con-full e-flex sc_inner_width_none sc_layouts_column_icons_position_left e-con e-child\" data-id=\"9282907\" data-element_type=\"container\">\n\t\t\t\t<div class=\"elementor-element elementor-element-7205fd2 sc_fly_static elementor-widget elementor-widget-text-editor\" data-id=\"7205fd2\" data-element_type=\"widget\" data-widget_type=\"text-editor.default\">\n\t\t\t\t<div class=\"elementor-widget-container\">\n\t\t\t\t\t\t\t<p><strong>T\u00edtulo:<\/strong> Dois pr\u00e9dios cinzentos<br \/><strong>Data:<\/strong> 2009<br \/><strong>Dimens\u00e3o e suporte:<\/strong> 30 x 40cm, Digital TIFF<br \/><strong>Nome dos autores:<\/strong> Miranda, M\u00f3nica de. 1976-, artista visual<br \/><strong>Condi\u00e7\u00f5es de reprodu\u00e7\u00e3o:<\/strong> Direitos reservados para efeito de publica\u00e7\u00e3o, exposi\u00e7\u00e3o e utiliza\u00e7\u00e3o comercial<br \/><strong>C\u00f3digo:<\/strong> MM-UND-AZI-061<br \/><strong>Localiza\u00e7\u00e3o<\/strong>: Quinta da Serra<br \/><strong>Categoria:<\/strong> Fotografia<\/p>\t\t\t\t\t\t<\/div>\n\t\t\t\t<\/div>\n\t\t\t\t<div class=\"elementor-element elementor-element-cf88aa5 repbtn sc_fly_static elementor-widget elementor-widget-button\" data-id=\"cf88aa5\" data-element_type=\"widget\" data-widget_type=\"button.default\">\n\t\t\t\t<div class=\"elementor-widget-container\">\n\t\t\t\t\t<div class=\"elementor-button-wrapper\">\n\t\t\t<a class=\"elementor-button elementor-button-link elementor-size-sm\" href=\"https:\/\/postarchive.org\/wp2024\/reproduzir\/\">\n\t\t\t\t\t\t<span class=\"elementor-button-content-wrapper\">\n\t\t\t\t\t\t<span class=\"elementor-button-text\">Reproduzir<\/span>\n\t\t<\/span>\n\t\t\t\t\t<\/a>\n\t\t<\/div>\n\t\t\t\t<\/div>\n\t\t\t\t<\/div>\n\t\t\t\t<\/div>\n\t\t\t\t\t<\/div>\n\t\t\t\t<\/div>\n\t\t<div class=\"elementor-element elementor-element-6193504 e-flex e-con-boxed sc_inner_width_none sc_layouts_column_icons_position_left e-con e-parent\" data-id=\"6193504\" data-element_type=\"container\" data-core-v316-plus=\"true\">\n\t\t\t\t\t<div class=\"e-con-inner\">\n\t\t<div class=\"elementor-element elementor-element-c2d021b e-con-full e-flex sc_inner_width_none sc_layouts_column_icons_position_left e-con e-child\" data-id=\"c2d021b\" data-element_type=\"container\">\n\t\t\t\t<div class=\"elementor-element elementor-element-0f79595 archimg sc_fly_static elementor-widget elementor-widget-image\" data-id=\"0f79595\" data-element_type=\"widget\" data-widget_type=\"image.default\">\n\t\t\t\t<div class=\"elementor-widget-container\">\n\t\t\t\t\t\t\t\t\t\t\t\t\t<img loading=\"lazy\" decoding=\"async\" width=\"531\" height=\"800\" src=\"https:\/\/postarchive.org\/wp2024\/wp-content\/uploads\/2015\/07\/DSC_1061.jpg\" class=\"attachment-large size-large wp-image-1621\" alt=\"\" srcset=\"https:\/\/postarchive.org\/wp2024\/wp-content\/uploads\/2015\/07\/DSC_1061.jpg 531w, https:\/\/postarchive.org\/wp2024\/wp-content\/uploads\/2015\/07\/DSC_1061-199x300.jpg 199w, https:\/\/postarchive.org\/wp2024\/wp-content\/uploads\/2015\/07\/DSC_1061-398x600.jpg 398w, https:\/\/postarchive.org\/wp2024\/wp-content\/uploads\/2015\/07\/DSC_1061-100x150.jpg 100w, https:\/\/postarchive.org\/wp2024\/wp-content\/uploads\/2015\/07\/DSC_1061-33x50.jpg 33w\" sizes=\"(max-width: 600px) 100vw, 531px\" \/>\t\t\t\t\t\t\t\t\t\t\t\t\t<\/div>\n\t\t\t\t<\/div>\n\t\t\t\t<\/div>\n\t\t<div class=\"elementor-element elementor-element-b1890ef e-con-full e-flex sc_inner_width_none sc_layouts_column_icons_position_left e-con e-child\" data-id=\"b1890ef\" data-element_type=\"container\">\n\t\t\t\t<div class=\"elementor-element elementor-element-582c7dc sc_fly_static elementor-widget elementor-widget-text-editor\" data-id=\"582c7dc\" data-element_type=\"widget\" data-widget_type=\"text-editor.default\">\n\t\t\t\t<div class=\"elementor-widget-container\">\n\t\t\t\t\t\t\t<p><strong>T\u00edtulo<\/strong>: Dois pr\u00e9dios de tr\u00eas pisos<br \/><strong>Data:<\/strong> 2009<br \/><strong>Dimens\u00e3o e suporte:<\/strong> 30 x 40cm, Digital TIFF<br \/><strong>Nome dos autores:<\/strong> Miranda, M\u00f3nica de. 1976-, artista visual<br \/><strong>Condi\u00e7\u00f5es de reprodu\u00e7\u00e3o:<\/strong> Direitos reservados para efeito de publica\u00e7\u00e3o, exposi\u00e7\u00e3o e utiliza\u00e7\u00e3o comercial<br \/><strong>C\u00f3digo:<\/strong> MM-UND-AZI-062<br \/><strong>Localiza\u00e7\u00e3o:<\/strong> Quinta da Serra<br \/><strong>Categoria:<\/strong> Fotografia<\/p>\t\t\t\t\t\t<\/div>\n\t\t\t\t<\/div>\n\t\t\t\t<div class=\"elementor-element elementor-element-1b7851e repbtn sc_fly_static elementor-widget elementor-widget-button\" data-id=\"1b7851e\" data-element_type=\"widget\" data-widget_type=\"button.default\">\n\t\t\t\t<div class=\"elementor-widget-container\">\n\t\t\t\t\t<div class=\"elementor-button-wrapper\">\n\t\t\t<a class=\"elementor-button elementor-button-link elementor-size-sm\" href=\"https:\/\/postarchive.org\/wp2024\/reproduzir\/\">\n\t\t\t\t\t\t<span class=\"elementor-button-content-wrapper\">\n\t\t\t\t\t\t<span class=\"elementor-button-text\">Reproduzir<\/span>\n\t\t<\/span>\n\t\t\t\t\t<\/a>\n\t\t<\/div>\n\t\t\t\t<\/div>\n\t\t\t\t<\/div>\n\t\t\t\t<\/div>\n\t\t\t\t\t<\/div>\n\t\t\t\t<\/div>\n\t\t<div class=\"elementor-element elementor-element-2cf3e7e e-flex e-con-boxed sc_inner_width_none sc_layouts_column_icons_position_left e-con e-parent\" data-id=\"2cf3e7e\" data-element_type=\"container\" data-core-v316-plus=\"true\">\n\t\t\t\t\t<div class=\"e-con-inner\">\n\t\t<div class=\"elementor-element elementor-element-57d1e3f e-con-full e-flex sc_inner_width_none sc_layouts_column_icons_position_left e-con e-child\" data-id=\"57d1e3f\" data-element_type=\"container\">\n\t\t\t\t<div class=\"elementor-element elementor-element-5a813e4 archimg sc_fly_static elementor-widget elementor-widget-image\" data-id=\"5a813e4\" data-element_type=\"widget\" data-widget_type=\"image.default\">\n\t\t\t\t<div class=\"elementor-widget-container\">\n\t\t\t\t\t\t\t\t\t\t\t\t\t<img loading=\"lazy\" decoding=\"async\" width=\"531\" height=\"800\" src=\"https:\/\/postarchive.org\/wp2024\/wp-content\/uploads\/2015\/07\/DSC_1062.jpg\" class=\"attachment-large size-large wp-image-1622\" alt=\"\" srcset=\"https:\/\/postarchive.org\/wp2024\/wp-content\/uploads\/2015\/07\/DSC_1062.jpg 531w, https:\/\/postarchive.org\/wp2024\/wp-content\/uploads\/2015\/07\/DSC_1062-199x300.jpg 199w, https:\/\/postarchive.org\/wp2024\/wp-content\/uploads\/2015\/07\/DSC_1062-398x600.jpg 398w, https:\/\/postarchive.org\/wp2024\/wp-content\/uploads\/2015\/07\/DSC_1062-100x150.jpg 100w, https:\/\/postarchive.org\/wp2024\/wp-content\/uploads\/2015\/07\/DSC_1062-33x50.jpg 33w\" sizes=\"(max-width: 600px) 100vw, 531px\" \/>\t\t\t\t\t\t\t\t\t\t\t\t\t<\/div>\n\t\t\t\t<\/div>\n\t\t\t\t<\/div>\n\t\t<div class=\"elementor-element elementor-element-7704aef e-con-full e-flex sc_inner_width_none sc_layouts_column_icons_position_left e-con e-child\" data-id=\"7704aef\" data-element_type=\"container\">\n\t\t\t\t<div class=\"elementor-element elementor-element-f84ebba sc_fly_static elementor-widget elementor-widget-text-editor\" data-id=\"f84ebba\" data-element_type=\"widget\" data-widget_type=\"text-editor.default\">\n\t\t\t\t<div class=\"elementor-widget-container\">\n\t\t\t\t\t\t\t<p><strong>T\u00edtulo:<\/strong> Pr\u00e9dio verde e branco<br \/><strong>Data:<\/strong> 2009<br \/><strong>Dimens\u00e3o e suporte:<\/strong> 30 x 40cm, Digital TIFF<br \/><strong>Nome dos autores:<\/strong> Miranda, M\u00f3nica de. 1976-, artista visual<br \/><strong>Condi\u00e7\u00f5es de reprodu\u00e7\u00e3o:<\/strong> Direitos reservados para efeito de publica\u00e7\u00e3o, exposi\u00e7\u00e3o e utiliza\u00e7\u00e3o comercial<br \/><strong>C\u00f3digo:<\/strong> MM-UND-AZI-063<br \/><strong>Localiza\u00e7\u00e3o:<\/strong> Quinta da Serra<br \/><strong>Categoria:<\/strong> Fotografia<\/p>\t\t\t\t\t\t<\/div>\n\t\t\t\t<\/div>\n\t\t\t\t<div class=\"elementor-element elementor-element-cb74bc8 repbtn sc_fly_static elementor-widget elementor-widget-button\" data-id=\"cb74bc8\" data-element_type=\"widget\" data-widget_type=\"button.default\">\n\t\t\t\t<div class=\"elementor-widget-container\">\n\t\t\t\t\t<div class=\"elementor-button-wrapper\">\n\t\t\t<a class=\"elementor-button elementor-button-link elementor-size-sm\" href=\"https:\/\/postarchive.org\/wp2024\/reproduzir\/\">\n\t\t\t\t\t\t<span class=\"elementor-button-content-wrapper\">\n\t\t\t\t\t\t<span class=\"elementor-button-text\">Reproduzir<\/span>\n\t\t<\/span>\n\t\t\t\t\t<\/a>\n\t\t<\/div>\n\t\t\t\t<\/div>\n\t\t\t\t<\/div>\n\t\t\t\t<\/div>\n\t\t\t\t\t<\/div>\n\t\t\t\t<\/div>\n\t\t\t\t<\/div>\n\t\t","protected":false},"excerpt":{"rendered":"<p>T\u00edtulo: Vista IIIData: 2009Dimens\u00e3o e suporte: 30 x 40cm, Digital TIFFNome dos autores: Miranda, M\u00f3nica de. 1976-, artista visualCondi\u00e7\u00f5es de reprodu\u00e7\u00e3o: Direitos reservados para efeito de publica\u00e7\u00e3o, exposi\u00e7\u00e3o e utiliza\u00e7\u00e3o&hellip;<\/p>\n","protected":false},"author":1,"featured_media":0,"parent":3346,"menu_order":0,"comment_status":"closed","ping_status":"closed","template":"","meta":{"footnotes":""},"_links":{"self":[{"href":"https:\/\/postarchive.org\/en\/wp-json\/wp\/v2\/pages\/5692"}],"collection":[{"href":"https:\/\/postarchive.org\/en\/wp-json\/wp\/v2\/pages"}],"about":[{"href":"https:\/\/postarchive.org\/en\/wp-json\/wp\/v2\/types\/page"}],"author":[{"embeddable":true,"href":"https:\/\/postarchive.org\/en\/wp-json\/wp\/v2\/users\/1"}],"replies":[{"embeddable":true,"href":"https:\/\/postarchive.org\/en\/wp-json\/wp\/v2\/comments?post=5692"}],"version-history":[{"count":1,"href":"https:\/\/postarchive.org\/en\/wp-json\/wp\/v2\/pages\/5692\/revisions"}],"predecessor-version":[{"id":5693,"href":"https:\/\/postarchive.org\/en\/wp-json\/wp\/v2\/pages\/5692\/revisions\/5693"}],"up":[{"embeddable":true,"href":"https:\/\/postarchive.org\/en\/wp-json\/wp\/v2\/pages\/3346"}],"wp:attachment":[{"href":"https:\/\/postarchive.org\/en\/wp-json\/wp\/v2\/media?parent=5692"}],"curies":[{"name":"wp","href":"https:\/\/api.w.org\/{rel}","templated":true}]}}