{"id":3408,"date":"2016-01-29T17:33:07","date_gmt":"2016-01-29T17:33:07","guid":{"rendered":"https:\/\/postarchive.org\/?page_id=3408"},"modified":"2024-04-17T17:00:37","modified_gmt":"2024-04-17T17:00:37","slug":"terras-da-costa","status":"publish","type":"page","link":"https:\/\/postarchive.org\/en\/cities\/terras-da-costa\/","title":{"rendered":"Terras da Costa"},"content":{"rendered":"\t\t<div data-elementor-type=\"wp-page\" data-elementor-id=\"3408\" class=\"elementor elementor-3408 elementor-2020\" data-elementor-post-type=\"page\">\n\t\t\t\t<div class=\"elementor-element elementor-element-0634665 e-flex e-con-boxed sc_inner_width_none sc_layouts_column_icons_position_left e-con e-parent\" data-id=\"0634665\" data-element_type=\"container\" data-core-v316-plus=\"true\">\n\t\t\t\t\t<div class=\"e-con-inner\">\n\t\t\t\t<div class=\"elementor-element elementor-element-18a7ac9 sc_fly_static elementor-widget elementor-widget-heading\" data-id=\"18a7ac9\" data-element_type=\"widget\" data-widget_type=\"heading.default\">\n\t\t\t\t<div class=\"elementor-widget-container\">\n\t\t\t<style>\/*! elementor - v3.20.0 - 26-03-2024 *\/\n.elementor-heading-title{padding:0;margin:0;line-height:1}.elementor-widget-heading .elementor-heading-title[class*=elementor-size-]>a{color:inherit;font-size:inherit;line-height:inherit}.elementor-widget-heading .elementor-heading-title.elementor-size-small{font-size:15px}.elementor-widget-heading .elementor-heading-title.elementor-size-medium{font-size:19px}.elementor-widget-heading .elementor-heading-title.elementor-size-large{font-size:29px}.elementor-widget-heading .elementor-heading-title.elementor-size-xl{font-size:39px}.elementor-widget-heading .elementor-heading-title.elementor-size-xxl{font-size:59px}<\/style><h2 class=\"elementor-heading-title elementor-size-default\">Terras da Costa<\/h2>\t\t<\/div>\n\t\t\t\t<\/div>\n\t\t\t\t\t<\/div>\n\t\t\t\t<\/div>\n\t\t<div class=\"elementor-element elementor-element-a29488f e-flex e-con-boxed sc_inner_width_none sc_layouts_column_icons_position_left e-con e-parent\" data-id=\"a29488f\" data-element_type=\"container\" data-core-v316-plus=\"true\">\n\t\t\t\t\t<div class=\"e-con-inner\">\n\t\t<div class=\"elementor-element elementor-element-60f32c6 e-con-full e-flex sc_inner_width_none sc_layouts_column_icons_position_left e-con e-child\" data-id=\"60f32c6\" data-element_type=\"container\">\n\t\t\t\t<div class=\"elementor-element elementor-element-ae54dcd archimg sc_fly_static elementor-widget elementor-widget-image\" data-id=\"ae54dcd\" data-element_type=\"widget\" data-widget_type=\"image.default\">\n\t\t\t\t<div class=\"elementor-widget-container\">\n\t\t\t<style>\/*! elementor - v3.20.0 - 26-03-2024 *\/\n.elementor-widget-image{text-align:center}.elementor-widget-image a{display:inline-block}.elementor-widget-image a img[src$=\".svg\"]{width:48px}.elementor-widget-image img{vertical-align:middle;display:inline-block}<\/style>\t\t\t\t\t\t\t\t\t\t<img fetchpriority=\"high\" decoding=\"async\" width=\"900\" height=\"600\" src=\"https:\/\/postarchive.org\/wp2024\/wp-content\/uploads\/2020\/01\/Terras_da_Costa_778C9685.jpg\" class=\"attachment-large size-large wp-image-3194\" alt=\"\" srcset=\"https:\/\/postarchive.org\/wp2024\/wp-content\/uploads\/2020\/01\/Terras_da_Costa_778C9685.jpg 900w, https:\/\/postarchive.org\/wp2024\/wp-content\/uploads\/2020\/01\/Terras_da_Costa_778C9685-300x200.jpg 300w, https:\/\/postarchive.org\/wp2024\/wp-content\/uploads\/2020\/01\/Terras_da_Costa_778C9685-768x512.jpg 768w, https:\/\/postarchive.org\/wp2024\/wp-content\/uploads\/2020\/01\/Terras_da_Costa_778C9685-800x533.jpg 800w, https:\/\/postarchive.org\/wp2024\/wp-content\/uploads\/2020\/01\/Terras_da_Costa_778C9685-600x400.jpg 600w, https:\/\/postarchive.org\/wp2024\/wp-content\/uploads\/2020\/01\/Terras_da_Costa_778C9685-200x133.jpg 200w, https:\/\/postarchive.org\/wp2024\/wp-content\/uploads\/2020\/01\/Terras_da_Costa_778C9685-50x33.jpg 50w, https:\/\/postarchive.org\/wp2024\/wp-content\/uploads\/2020\/01\/Terras_da_Costa_778C9685-400x267.jpg 400w\" sizes=\"(max-width: 900px) 100vw, 900px\" \/>\t\t\t\t\t\t\t\t\t\t\t\t\t<\/div>\n\t\t\t\t<\/div>\n\t\t\t\t<\/div>\n\t\t<div class=\"elementor-element elementor-element-116369b e-con-full e-flex sc_inner_width_none sc_layouts_column_icons_position_left e-con e-child\" data-id=\"116369b\" data-element_type=\"container\">\n\t\t\t\t<div class=\"elementor-element elementor-element-d8761ec sc_fly_static elementor-widget elementor-widget-text-editor\" data-id=\"d8761ec\" data-element_type=\"widget\" data-widget_type=\"text-editor.default\">\n\t\t\t\t<div class=\"elementor-widget-container\">\n\t\t\t<style>\/*! elementor - v3.20.0 - 26-03-2024 *\/\n.elementor-widget-text-editor.elementor-drop-cap-view-stacked .elementor-drop-cap{background-color:#69727d;color:#fff}.elementor-widget-text-editor.elementor-drop-cap-view-framed .elementor-drop-cap{color:#69727d;border:3px solid;background-color:transparent}.elementor-widget-text-editor:not(.elementor-drop-cap-view-default) .elementor-drop-cap{margin-top:8px}.elementor-widget-text-editor:not(.elementor-drop-cap-view-default) .elementor-drop-cap-letter{width:1em;height:1em}.elementor-widget-text-editor .elementor-drop-cap{float:left;text-align:center;line-height:1;font-size:50px}.elementor-widget-text-editor .elementor-drop-cap-letter{display:inline-block}<\/style>\t\t\t\t<p><strong>T\u00edtulo:<\/strong> Vegeta\u00e7\u00e3o<br \/><strong>Data:<\/strong> 2010<br \/><strong>Dimens\u00e3o e suporte:<\/strong> 30 x 40cm, Digital TIFF<br \/><strong>Nome dos autores:<\/strong> Miranda, M\u00f3nica de. 1976-, artista visual<br \/><strong>Condi\u00e7\u00f5es de reprodu\u00e7\u00e3o:<\/strong> Direitos reservados para efeito de publica\u00e7\u00e3o, exposi\u00e7\u00e3o e utiliza\u00e7\u00e3o comercial<br \/><strong>C\u00f3digo:<\/strong> MM-UND-TDC-001<br \/><strong>Localiza\u00e7\u00e3o:<\/strong> Terras da Costa<br \/><strong>Categoria:<\/strong> Fotografia<\/p>\t\t\t\t\t\t<\/div>\n\t\t\t\t<\/div>\n\t\t\t\t<div class=\"elementor-element elementor-element-50a8693 repbtn sc_fly_static elementor-widget elementor-widget-button\" data-id=\"50a8693\" data-element_type=\"widget\" data-widget_type=\"button.default\">\n\t\t\t\t<div class=\"elementor-widget-container\">\n\t\t\t\t\t<div class=\"elementor-button-wrapper\">\n\t\t\t<a class=\"elementor-button elementor-button-link elementor-size-sm\" href=\"https:\/\/postarchive.org\/wp2024\/reproduzir\/\">\n\t\t\t\t\t\t<span class=\"elementor-button-content-wrapper\">\n\t\t\t\t\t\t<span class=\"elementor-button-text\">Reproduzir<\/span>\n\t\t<\/span>\n\t\t\t\t\t<\/a>\n\t\t<\/div>\n\t\t\t\t<\/div>\n\t\t\t\t<\/div>\n\t\t\t\t<\/div>\n\t\t\t\t\t<\/div>\n\t\t\t\t<\/div>\n\t\t<div class=\"elementor-element elementor-element-a0b1b9a e-flex e-con-boxed sc_inner_width_none sc_layouts_column_icons_position_left e-con e-parent\" data-id=\"a0b1b9a\" data-element_type=\"container\" data-core-v316-plus=\"true\">\n\t\t\t\t\t<div class=\"e-con-inner\">\n\t\t<div class=\"elementor-element elementor-element-1135aa1 e-con-full e-flex sc_inner_width_none sc_layouts_column_icons_position_left e-con e-child\" data-id=\"1135aa1\" data-element_type=\"container\">\n\t\t\t\t<div class=\"elementor-element elementor-element-8d71b47 archimg sc_fly_static elementor-widget elementor-widget-image\" data-id=\"8d71b47\" data-element_type=\"widget\" data-widget_type=\"image.default\">\n\t\t\t\t<div class=\"elementor-widget-container\">\n\t\t\t\t\t\t\t\t\t\t\t\t\t<img decoding=\"async\" width=\"900\" height=\"600\" src=\"https:\/\/postarchive.org\/wp2024\/wp-content\/uploads\/2020\/01\/Terras_da_Costa_778C9697.jpg\" class=\"attachment-large size-large wp-image-3196\" alt=\"\" srcset=\"https:\/\/postarchive.org\/wp2024\/wp-content\/uploads\/2020\/01\/Terras_da_Costa_778C9697.jpg 900w, https:\/\/postarchive.org\/wp2024\/wp-content\/uploads\/2020\/01\/Terras_da_Costa_778C9697-300x200.jpg 300w, https:\/\/postarchive.org\/wp2024\/wp-content\/uploads\/2020\/01\/Terras_da_Costa_778C9697-768x512.jpg 768w, https:\/\/postarchive.org\/wp2024\/wp-content\/uploads\/2020\/01\/Terras_da_Costa_778C9697-800x533.jpg 800w, https:\/\/postarchive.org\/wp2024\/wp-content\/uploads\/2020\/01\/Terras_da_Costa_778C9697-600x400.jpg 600w, https:\/\/postarchive.org\/wp2024\/wp-content\/uploads\/2020\/01\/Terras_da_Costa_778C9697-200x133.jpg 200w, https:\/\/postarchive.org\/wp2024\/wp-content\/uploads\/2020\/01\/Terras_da_Costa_778C9697-50x33.jpg 50w, https:\/\/postarchive.org\/wp2024\/wp-content\/uploads\/2020\/01\/Terras_da_Costa_778C9697-400x267.jpg 400w\" sizes=\"(max-width: 900px) 100vw, 900px\" \/>\t\t\t\t\t\t\t\t\t\t\t\t\t<\/div>\n\t\t\t\t<\/div>\n\t\t\t\t<\/div>\n\t\t<div class=\"elementor-element elementor-element-1bc64b0 e-con-full e-flex sc_inner_width_none sc_layouts_column_icons_position_left e-con e-child\" data-id=\"1bc64b0\" data-element_type=\"container\">\n\t\t\t\t<div class=\"elementor-element elementor-element-7fa113d sc_fly_static elementor-widget elementor-widget-text-editor\" data-id=\"7fa113d\" data-element_type=\"widget\" data-widget_type=\"text-editor.default\">\n\t\t\t\t<div class=\"elementor-widget-container\">\n\t\t\t\t\t\t\t<p><strong>T\u00edtulo:<\/strong> Vista<br \/><strong>Data:<\/strong> 2010<br \/><strong>Dimens\u00e3o e suporte:<\/strong> 30 x 40cm, Digital TIFF<br \/><strong>Nome dos autores:<\/strong> Miranda, M\u00f3nica de. 1976-, artista visual<br \/><strong>Condi\u00e7\u00f5es de reprodu\u00e7\u00e3o:<\/strong> Direitos reservados para efeito de publica\u00e7\u00e3o, exposi\u00e7\u00e3o e utiliza\u00e7\u00e3o comercial<br \/><strong>C\u00f3digo:<\/strong> MM-UND-TDC-002<br \/><strong>Localiza\u00e7\u00e3o:<\/strong> Terras da Costa<br \/><strong>Categoria:<\/strong> Fotografia<\/p>\t\t\t\t\t\t<\/div>\n\t\t\t\t<\/div>\n\t\t\t\t<div class=\"elementor-element elementor-element-41c0884 repbtn sc_fly_static elementor-widget elementor-widget-button\" data-id=\"41c0884\" data-element_type=\"widget\" data-widget_type=\"button.default\">\n\t\t\t\t<div class=\"elementor-widget-container\">\n\t\t\t\t\t<div class=\"elementor-button-wrapper\">\n\t\t\t<a class=\"elementor-button elementor-button-link elementor-size-sm\" href=\"https:\/\/postarchive.org\/wp2024\/reproduzir\/\">\n\t\t\t\t\t\t<span class=\"elementor-button-content-wrapper\">\n\t\t\t\t\t\t<span class=\"elementor-button-text\">Reproduzir<\/span>\n\t\t<\/span>\n\t\t\t\t\t<\/a>\n\t\t<\/div>\n\t\t\t\t<\/div>\n\t\t\t\t<\/div>\n\t\t\t\t<\/div>\n\t\t\t\t\t<\/div>\n\t\t\t\t<\/div>\n\t\t<div class=\"elementor-element elementor-element-7a16daf e-flex e-con-boxed sc_inner_width_none sc_layouts_column_icons_position_left e-con e-parent\" data-id=\"7a16daf\" data-element_type=\"container\" data-core-v316-plus=\"true\">\n\t\t\t\t\t<div class=\"e-con-inner\">\n\t\t<div class=\"elementor-element elementor-element-911d9c2 e-con-full e-flex sc_inner_width_none sc_layouts_column_icons_position_left e-con e-child\" data-id=\"911d9c2\" data-element_type=\"container\">\n\t\t\t\t<div class=\"elementor-element elementor-element-f9cde22 archimg sc_fly_static elementor-widget elementor-widget-image\" data-id=\"f9cde22\" data-element_type=\"widget\" data-widget_type=\"image.default\">\n\t\t\t\t<div class=\"elementor-widget-container\">\n\t\t\t\t\t\t\t\t\t\t\t\t\t<img decoding=\"async\" width=\"900\" height=\"600\" src=\"https:\/\/postarchive.org\/wp2024\/wp-content\/uploads\/2020\/01\/Terras_da_Costa_778C9707.jpg\" class=\"attachment-large size-large wp-image-3198\" alt=\"\" srcset=\"https:\/\/postarchive.org\/wp2024\/wp-content\/uploads\/2020\/01\/Terras_da_Costa_778C9707.jpg 900w, https:\/\/postarchive.org\/wp2024\/wp-content\/uploads\/2020\/01\/Terras_da_Costa_778C9707-300x200.jpg 300w, https:\/\/postarchive.org\/wp2024\/wp-content\/uploads\/2020\/01\/Terras_da_Costa_778C9707-768x512.jpg 768w, https:\/\/postarchive.org\/wp2024\/wp-content\/uploads\/2020\/01\/Terras_da_Costa_778C9707-800x533.jpg 800w, https:\/\/postarchive.org\/wp2024\/wp-content\/uploads\/2020\/01\/Terras_da_Costa_778C9707-600x400.jpg 600w, https:\/\/postarchive.org\/wp2024\/wp-content\/uploads\/2020\/01\/Terras_da_Costa_778C9707-200x133.jpg 200w, https:\/\/postarchive.org\/wp2024\/wp-content\/uploads\/2020\/01\/Terras_da_Costa_778C9707-50x33.jpg 50w, https:\/\/postarchive.org\/wp2024\/wp-content\/uploads\/2020\/01\/Terras_da_Costa_778C9707-400x267.jpg 400w\" sizes=\"(max-width: 900px) 100vw, 900px\" \/>\t\t\t\t\t\t\t\t\t\t\t\t\t<\/div>\n\t\t\t\t<\/div>\n\t\t\t\t<\/div>\n\t\t<div class=\"elementor-element elementor-element-7b9d802 e-con-full e-flex sc_inner_width_none sc_layouts_column_icons_position_left e-con e-child\" data-id=\"7b9d802\" data-element_type=\"container\">\n\t\t\t\t<div class=\"elementor-element elementor-element-3b76b59 sc_fly_static elementor-widget elementor-widget-text-editor\" data-id=\"3b76b59\" data-element_type=\"widget\" data-widget_type=\"text-editor.default\">\n\t\t\t\t<div class=\"elementor-widget-container\">\n\t\t\t\t\t\t\t<p><strong>T\u00edtulo:<\/strong> Cerca de madeira<br \/><strong>Data:<\/strong> 2010<br \/><strong>Dimens\u00e3o e suporte:<\/strong> 30 x 40cm, Digital TIFF<br \/><strong>Nome dos autores:<\/strong> Miranda, M\u00f3nica de. 1976-, artista visual<br \/><strong>Condi\u00e7\u00f5es de reprodu\u00e7\u00e3o:<\/strong> Direitos reservados para efeito de publica\u00e7\u00e3o, exposi\u00e7\u00e3o e utiliza\u00e7\u00e3o comercial<br \/><strong>C\u00f3digo:<\/strong> MM-UND-TDC-003<br \/><strong>Localiza\u00e7\u00e3o:<\/strong> Terras da Costa<br \/><strong>Categoria:<\/strong> Fotografia<\/p>\t\t\t\t\t\t<\/div>\n\t\t\t\t<\/div>\n\t\t\t\t<div class=\"elementor-element elementor-element-05a781c repbtn sc_fly_static elementor-widget elementor-widget-button\" data-id=\"05a781c\" data-element_type=\"widget\" data-widget_type=\"button.default\">\n\t\t\t\t<div class=\"elementor-widget-container\">\n\t\t\t\t\t<div class=\"elementor-button-wrapper\">\n\t\t\t<a class=\"elementor-button elementor-button-link elementor-size-sm\" href=\"https:\/\/postarchive.org\/wp2024\/reproduzir\/\">\n\t\t\t\t\t\t<span class=\"elementor-button-content-wrapper\">\n\t\t\t\t\t\t<span class=\"elementor-button-text\">Reproduzir<\/span>\n\t\t<\/span>\n\t\t\t\t\t<\/a>\n\t\t<\/div>\n\t\t\t\t<\/div>\n\t\t\t\t<\/div>\n\t\t\t\t<\/div>\n\t\t\t\t\t<\/div>\n\t\t\t\t<\/div>\n\t\t<div class=\"elementor-element elementor-element-809ed59 e-flex e-con-boxed sc_inner_width_none sc_layouts_column_icons_position_left e-con e-parent\" data-id=\"809ed59\" data-element_type=\"container\" data-core-v316-plus=\"true\">\n\t\t\t\t\t<div class=\"e-con-inner\">\n\t\t<div class=\"elementor-element elementor-element-725cdb4 e-con-full e-flex sc_inner_width_none sc_layouts_column_icons_position_left e-con e-child\" data-id=\"725cdb4\" data-element_type=\"container\">\n\t\t\t\t<div class=\"elementor-element elementor-element-05845fe archimg sc_fly_static elementor-widget elementor-widget-image\" data-id=\"05845fe\" data-element_type=\"widget\" data-widget_type=\"image.default\">\n\t\t\t\t<div class=\"elementor-widget-container\">\n\t\t\t\t\t\t\t\t\t\t\t\t\t<img loading=\"lazy\" decoding=\"async\" width=\"900\" height=\"600\" src=\"https:\/\/postarchive.org\/wp2024\/wp-content\/uploads\/2020\/01\/Terras_da_Costa_778C9721.jpg\" class=\"attachment-large size-large wp-image-3201\" alt=\"\" srcset=\"https:\/\/postarchive.org\/wp2024\/wp-content\/uploads\/2020\/01\/Terras_da_Costa_778C9721.jpg 900w, https:\/\/postarchive.org\/wp2024\/wp-content\/uploads\/2020\/01\/Terras_da_Costa_778C9721-300x200.jpg 300w, https:\/\/postarchive.org\/wp2024\/wp-content\/uploads\/2020\/01\/Terras_da_Costa_778C9721-768x512.jpg 768w, https:\/\/postarchive.org\/wp2024\/wp-content\/uploads\/2020\/01\/Terras_da_Costa_778C9721-800x533.jpg 800w, https:\/\/postarchive.org\/wp2024\/wp-content\/uploads\/2020\/01\/Terras_da_Costa_778C9721-600x400.jpg 600w, https:\/\/postarchive.org\/wp2024\/wp-content\/uploads\/2020\/01\/Terras_da_Costa_778C9721-200x133.jpg 200w, https:\/\/postarchive.org\/wp2024\/wp-content\/uploads\/2020\/01\/Terras_da_Costa_778C9721-50x33.jpg 50w, https:\/\/postarchive.org\/wp2024\/wp-content\/uploads\/2020\/01\/Terras_da_Costa_778C9721-400x267.jpg 400w\" sizes=\"(max-width: 900px) 100vw, 900px\" \/>\t\t\t\t\t\t\t\t\t\t\t\t\t<\/div>\n\t\t\t\t<\/div>\n\t\t\t\t<\/div>\n\t\t<div class=\"elementor-element elementor-element-e66af32 e-con-full e-flex sc_inner_width_none sc_layouts_column_icons_position_left e-con e-child\" data-id=\"e66af32\" data-element_type=\"container\">\n\t\t\t\t<div class=\"elementor-element elementor-element-21e4a78 sc_fly_static elementor-widget elementor-widget-text-editor\" data-id=\"21e4a78\" data-element_type=\"widget\" data-widget_type=\"text-editor.default\">\n\t\t\t\t<div class=\"elementor-widget-container\">\n\t\t\t\t\t\t\t<p><strong>T\u00edtulo:<\/strong> Casa de Telhas (exterior)<br \/><strong>Data:<\/strong> 2010<br \/><strong>Dimens\u00e3o e suporte:<\/strong> 30 x 40cm, Digital TIFF<br \/><strong>Nome dos autores:<\/strong> Miranda, M\u00f3nica de. 1976-, artista visual<br \/><strong>Condi\u00e7\u00f5es de reprodu\u00e7\u00e3o:<\/strong> Direitos reservados para efeito de publica\u00e7\u00e3o, exposi\u00e7\u00e3o e utiliza\u00e7\u00e3o comercial<br \/><strong>C\u00f3digo:<\/strong> MM-UND-TDC-004<br \/><strong>Localiza\u00e7\u00e3o:<\/strong> Terras da Costa<br \/><strong>Categoria:<\/strong> Fotografia<\/p>\t\t\t\t\t\t<\/div>\n\t\t\t\t<\/div>\n\t\t\t\t<div class=\"elementor-element elementor-element-7c0dcf7 repbtn sc_fly_static elementor-widget elementor-widget-button\" data-id=\"7c0dcf7\" data-element_type=\"widget\" data-widget_type=\"button.default\">\n\t\t\t\t<div class=\"elementor-widget-container\">\n\t\t\t\t\t<div class=\"elementor-button-wrapper\">\n\t\t\t<a class=\"elementor-button elementor-button-link elementor-size-sm\" href=\"https:\/\/postarchive.org\/wp2024\/reproduzir\/\">\n\t\t\t\t\t\t<span class=\"elementor-button-content-wrapper\">\n\t\t\t\t\t\t<span class=\"elementor-button-text\">Reproduzir<\/span>\n\t\t<\/span>\n\t\t\t\t\t<\/a>\n\t\t<\/div>\n\t\t\t\t<\/div>\n\t\t\t\t<\/div>\n\t\t\t\t<\/div>\n\t\t\t\t\t<\/div>\n\t\t\t\t<\/div>\n\t\t<div class=\"elementor-element elementor-element-33b49f2 e-flex e-con-boxed sc_inner_width_none sc_layouts_column_icons_position_left e-con e-parent\" data-id=\"33b49f2\" data-element_type=\"container\" data-core-v316-plus=\"true\">\n\t\t\t\t\t<div class=\"e-con-inner\">\n\t\t<div class=\"elementor-element elementor-element-8d9579e e-con-full e-flex sc_inner_width_none sc_layouts_column_icons_position_left e-con e-child\" data-id=\"8d9579e\" data-element_type=\"container\">\n\t\t\t\t<div class=\"elementor-element elementor-element-490701e archimg sc_fly_static elementor-widget elementor-widget-image\" data-id=\"490701e\" data-element_type=\"widget\" data-widget_type=\"image.default\">\n\t\t\t\t<div class=\"elementor-widget-container\">\n\t\t\t\t\t\t\t\t\t\t\t\t\t<img loading=\"lazy\" decoding=\"async\" width=\"900\" height=\"600\" src=\"https:\/\/postarchive.org\/wp2024\/wp-content\/uploads\/2020\/01\/Terras_da_Costa_778C9724.jpg\" class=\"attachment-large size-large wp-image-3203\" alt=\"\" srcset=\"https:\/\/postarchive.org\/wp2024\/wp-content\/uploads\/2020\/01\/Terras_da_Costa_778C9724.jpg 900w, https:\/\/postarchive.org\/wp2024\/wp-content\/uploads\/2020\/01\/Terras_da_Costa_778C9724-300x200.jpg 300w, https:\/\/postarchive.org\/wp2024\/wp-content\/uploads\/2020\/01\/Terras_da_Costa_778C9724-768x512.jpg 768w, https:\/\/postarchive.org\/wp2024\/wp-content\/uploads\/2020\/01\/Terras_da_Costa_778C9724-800x533.jpg 800w, https:\/\/postarchive.org\/wp2024\/wp-content\/uploads\/2020\/01\/Terras_da_Costa_778C9724-600x400.jpg 600w, https:\/\/postarchive.org\/wp2024\/wp-content\/uploads\/2020\/01\/Terras_da_Costa_778C9724-200x133.jpg 200w, https:\/\/postarchive.org\/wp2024\/wp-content\/uploads\/2020\/01\/Terras_da_Costa_778C9724-50x33.jpg 50w, https:\/\/postarchive.org\/wp2024\/wp-content\/uploads\/2020\/01\/Terras_da_Costa_778C9724-400x267.jpg 400w\" sizes=\"(max-width: 900px) 100vw, 900px\" \/>\t\t\t\t\t\t\t\t\t\t\t\t\t<\/div>\n\t\t\t\t<\/div>\n\t\t\t\t<\/div>\n\t\t<div class=\"elementor-element elementor-element-7114876 e-con-full e-flex sc_inner_width_none sc_layouts_column_icons_position_left e-con e-child\" data-id=\"7114876\" data-element_type=\"container\">\n\t\t\t\t<div class=\"elementor-element elementor-element-8e160b6 sc_fly_static elementor-widget elementor-widget-text-editor\" data-id=\"8e160b6\" data-element_type=\"widget\" data-widget_type=\"text-editor.default\">\n\t\t\t\t<div class=\"elementor-widget-container\">\n\t\t\t\t\t\t\t<p><strong>T\u00edtulo:<\/strong> Casa com vegeta\u00e7\u00e3o<br \/><strong>Data:<\/strong> 2010<br \/><strong>Dimens\u00e3o e suporte:<\/strong> 30 x 40cm, Digital TIFF<br \/><strong>Nome dos autores:<\/strong> Miranda, M\u00f3nica de. 1976-, artista visual<br \/><strong>Condi\u00e7\u00f5es de reprodu\u00e7\u00e3o:<\/strong> Direitos reservados para efeito de publica\u00e7\u00e3o, exposi\u00e7\u00e3o e utiliza\u00e7\u00e3o comercial<br \/><strong>C\u00f3digo:<\/strong> MM-UND-TDC-005<br \/><strong>Localiza\u00e7\u00e3o:<\/strong> Terras da Costa<br \/><strong>Categoria:<\/strong> Fotografia<\/p>\t\t\t\t\t\t<\/div>\n\t\t\t\t<\/div>\n\t\t\t\t<div class=\"elementor-element elementor-element-43bb177 repbtn sc_fly_static elementor-widget elementor-widget-button\" data-id=\"43bb177\" data-element_type=\"widget\" data-widget_type=\"button.default\">\n\t\t\t\t<div class=\"elementor-widget-container\">\n\t\t\t\t\t<div class=\"elementor-button-wrapper\">\n\t\t\t<a class=\"elementor-button elementor-button-link elementor-size-sm\" href=\"https:\/\/postarchive.org\/wp2024\/reproduzir\/\">\n\t\t\t\t\t\t<span class=\"elementor-button-content-wrapper\">\n\t\t\t\t\t\t<span class=\"elementor-button-text\">Reproduzir<\/span>\n\t\t<\/span>\n\t\t\t\t\t<\/a>\n\t\t<\/div>\n\t\t\t\t<\/div>\n\t\t\t\t<\/div>\n\t\t\t\t<\/div>\n\t\t\t\t\t<\/div>\n\t\t\t\t<\/div>\n\t\t<div class=\"elementor-element elementor-element-d8ef04f e-flex e-con-boxed sc_inner_width_none sc_layouts_column_icons_position_left e-con e-parent\" data-id=\"d8ef04f\" data-element_type=\"container\" data-core-v316-plus=\"true\">\n\t\t\t\t\t<div class=\"e-con-inner\">\n\t\t<div class=\"elementor-element elementor-element-281dd84 e-con-full e-flex sc_inner_width_none sc_layouts_column_icons_position_left e-con e-child\" data-id=\"281dd84\" data-element_type=\"container\">\n\t\t\t\t<div class=\"elementor-element elementor-element-5fff215 archimg sc_fly_static elementor-widget elementor-widget-image\" data-id=\"5fff215\" data-element_type=\"widget\" data-widget_type=\"image.default\">\n\t\t\t\t<div class=\"elementor-widget-container\">\n\t\t\t\t\t\t\t\t\t\t\t\t\t<img loading=\"lazy\" decoding=\"async\" width=\"900\" height=\"600\" src=\"https:\/\/postarchive.org\/wp2024\/wp-content\/uploads\/2020\/01\/Terras_da_Costa_778C9727.jpg\" class=\"attachment-large size-large wp-image-3205\" alt=\"\" srcset=\"https:\/\/postarchive.org\/wp2024\/wp-content\/uploads\/2020\/01\/Terras_da_Costa_778C9727.jpg 900w, https:\/\/postarchive.org\/wp2024\/wp-content\/uploads\/2020\/01\/Terras_da_Costa_778C9727-300x200.jpg 300w, https:\/\/postarchive.org\/wp2024\/wp-content\/uploads\/2020\/01\/Terras_da_Costa_778C9727-768x512.jpg 768w, https:\/\/postarchive.org\/wp2024\/wp-content\/uploads\/2020\/01\/Terras_da_Costa_778C9727-800x533.jpg 800w, https:\/\/postarchive.org\/wp2024\/wp-content\/uploads\/2020\/01\/Terras_da_Costa_778C9727-600x400.jpg 600w, https:\/\/postarchive.org\/wp2024\/wp-content\/uploads\/2020\/01\/Terras_da_Costa_778C9727-200x133.jpg 200w, https:\/\/postarchive.org\/wp2024\/wp-content\/uploads\/2020\/01\/Terras_da_Costa_778C9727-50x33.jpg 50w, https:\/\/postarchive.org\/wp2024\/wp-content\/uploads\/2020\/01\/Terras_da_Costa_778C9727-400x267.jpg 400w\" sizes=\"(max-width: 900px) 100vw, 900px\" \/>\t\t\t\t\t\t\t\t\t\t\t\t\t<\/div>\n\t\t\t\t<\/div>\n\t\t\t\t<\/div>\n\t\t<div class=\"elementor-element elementor-element-236ef8a e-con-full e-flex sc_inner_width_none sc_layouts_column_icons_position_left e-con e-child\" data-id=\"236ef8a\" data-element_type=\"container\">\n\t\t\t\t<div class=\"elementor-element elementor-element-29e92aa sc_fly_static elementor-widget elementor-widget-text-editor\" data-id=\"29e92aa\" data-element_type=\"widget\" data-widget_type=\"text-editor.default\">\n\t\t\t\t<div class=\"elementor-widget-container\">\n\t\t\t\t\t\t\t<p><strong>T\u00edtulo:<\/strong> Muro de tijolos<br \/><strong>Data:<\/strong> 2010<br \/><strong>Dimens\u00e3o e suporte:<\/strong> 30 x 40cm, Digital TIFF<br \/><strong>Nome dos autores:<\/strong> Miranda, M\u00f3nica de. 1976-, artista visual<br \/><strong>Condi\u00e7\u00f5es de reprodu\u00e7\u00e3o:<\/strong> Direitos reservados para efeito de publica\u00e7\u00e3o, exposi\u00e7\u00e3o e utiliza\u00e7\u00e3o comercial<br \/><strong>C\u00f3digo:<\/strong> MM-UND-TDC-006<br \/><strong>Localiza\u00e7\u00e3o:<\/strong> Terras da Costa<br \/><strong>Categoria:<\/strong> Fotografia<\/p>\t\t\t\t\t\t<\/div>\n\t\t\t\t<\/div>\n\t\t\t\t<div class=\"elementor-element elementor-element-eeeb17c repbtn sc_fly_static elementor-widget elementor-widget-button\" data-id=\"eeeb17c\" data-element_type=\"widget\" data-widget_type=\"button.default\">\n\t\t\t\t<div class=\"elementor-widget-container\">\n\t\t\t\t\t<div class=\"elementor-button-wrapper\">\n\t\t\t<a class=\"elementor-button elementor-button-link elementor-size-sm\" href=\"https:\/\/postarchive.org\/wp2024\/reproduzir\/\">\n\t\t\t\t\t\t<span class=\"elementor-button-content-wrapper\">\n\t\t\t\t\t\t<span class=\"elementor-button-text\">Reproduzir<\/span>\n\t\t<\/span>\n\t\t\t\t\t<\/a>\n\t\t<\/div>\n\t\t\t\t<\/div>\n\t\t\t\t<\/div>\n\t\t\t\t<\/div>\n\t\t\t\t\t<\/div>\n\t\t\t\t<\/div>\n\t\t<div class=\"elementor-element elementor-element-1339578 e-flex e-con-boxed sc_inner_width_none sc_layouts_column_icons_position_left e-con e-parent\" data-id=\"1339578\" data-element_type=\"container\" data-core-v316-plus=\"true\">\n\t\t\t\t\t<div class=\"e-con-inner\">\n\t\t<div class=\"elementor-element elementor-element-ad9b9c8 e-con-full e-flex sc_inner_width_none sc_layouts_column_icons_position_left e-con e-child\" data-id=\"ad9b9c8\" data-element_type=\"container\">\n\t\t\t\t<div class=\"elementor-element elementor-element-c9eb02e archimg sc_fly_static elementor-widget elementor-widget-image\" data-id=\"c9eb02e\" data-element_type=\"widget\" data-widget_type=\"image.default\">\n\t\t\t\t<div class=\"elementor-widget-container\">\n\t\t\t\t\t\t\t\t\t\t\t\t\t<img loading=\"lazy\" decoding=\"async\" width=\"900\" height=\"600\" src=\"https:\/\/postarchive.org\/wp2024\/wp-content\/uploads\/2020\/01\/Terras_da_Costa_778C9748.jpg\" class=\"attachment-large size-large wp-image-3207\" alt=\"\" srcset=\"https:\/\/postarchive.org\/wp2024\/wp-content\/uploads\/2020\/01\/Terras_da_Costa_778C9748.jpg 900w, https:\/\/postarchive.org\/wp2024\/wp-content\/uploads\/2020\/01\/Terras_da_Costa_778C9748-300x200.jpg 300w, https:\/\/postarchive.org\/wp2024\/wp-content\/uploads\/2020\/01\/Terras_da_Costa_778C9748-768x512.jpg 768w, https:\/\/postarchive.org\/wp2024\/wp-content\/uploads\/2020\/01\/Terras_da_Costa_778C9748-800x533.jpg 800w, https:\/\/postarchive.org\/wp2024\/wp-content\/uploads\/2020\/01\/Terras_da_Costa_778C9748-600x400.jpg 600w, https:\/\/postarchive.org\/wp2024\/wp-content\/uploads\/2020\/01\/Terras_da_Costa_778C9748-200x133.jpg 200w, https:\/\/postarchive.org\/wp2024\/wp-content\/uploads\/2020\/01\/Terras_da_Costa_778C9748-50x33.jpg 50w, https:\/\/postarchive.org\/wp2024\/wp-content\/uploads\/2020\/01\/Terras_da_Costa_778C9748-400x267.jpg 400w\" sizes=\"(max-width: 900px) 100vw, 900px\" \/>\t\t\t\t\t\t\t\t\t\t\t\t\t<\/div>\n\t\t\t\t<\/div>\n\t\t\t\t<\/div>\n\t\t<div class=\"elementor-element elementor-element-26a3ec8 e-con-full e-flex sc_inner_width_none sc_layouts_column_icons_position_left e-con e-child\" data-id=\"26a3ec8\" data-element_type=\"container\">\n\t\t\t\t<div class=\"elementor-element elementor-element-26a3839 sc_fly_static elementor-widget elementor-widget-text-editor\" data-id=\"26a3839\" data-element_type=\"widget\" data-widget_type=\"text-editor.default\">\n\t\t\t\t<div class=\"elementor-widget-container\">\n\t\t\t\t\t\t\t<p><strong>T\u00edtulo:<\/strong> Entrada da casa<br \/><strong>Data:<\/strong> 2010<br \/><strong>Dimens\u00e3o e suporte:<\/strong> 30 x 40cm, Digital TIFF<br \/><strong>Nome dos autores:<\/strong> Miranda, M\u00f3nica de. 1976-, artista visual<br \/><strong>Condi\u00e7\u00f5es de reprodu\u00e7\u00e3o:<\/strong> Direitos reservados para efeito de publica\u00e7\u00e3o, exposi\u00e7\u00e3o e utiliza\u00e7\u00e3o comercial<br \/><strong>C\u00f3digo:<\/strong> MM-UND-TDC-007<br \/><strong>Localiza\u00e7\u00e3o:<\/strong> Terras da Costa<br \/><strong>Categoria:<\/strong> Fotografia<\/p>\t\t\t\t\t\t<\/div>\n\t\t\t\t<\/div>\n\t\t\t\t<div class=\"elementor-element elementor-element-13fbc22 repbtn sc_fly_static elementor-widget elementor-widget-button\" data-id=\"13fbc22\" data-element_type=\"widget\" data-widget_type=\"button.default\">\n\t\t\t\t<div class=\"elementor-widget-container\">\n\t\t\t\t\t<div class=\"elementor-button-wrapper\">\n\t\t\t<a class=\"elementor-button elementor-button-link elementor-size-sm\" href=\"https:\/\/postarchive.org\/wp2024\/reproduzir\/\">\n\t\t\t\t\t\t<span class=\"elementor-button-content-wrapper\">\n\t\t\t\t\t\t<span class=\"elementor-button-text\">Reproduzir<\/span>\n\t\t<\/span>\n\t\t\t\t\t<\/a>\n\t\t<\/div>\n\t\t\t\t<\/div>\n\t\t\t\t<\/div>\n\t\t\t\t<\/div>\n\t\t\t\t\t<\/div>\n\t\t\t\t<\/div>\n\t\t<div class=\"elementor-element elementor-element-f1ba3bd e-flex e-con-boxed sc_inner_width_none sc_layouts_column_icons_position_left e-con e-parent\" data-id=\"f1ba3bd\" data-element_type=\"container\" data-core-v316-plus=\"true\">\n\t\t\t\t\t<div class=\"e-con-inner\">\n\t\t<div class=\"elementor-element elementor-element-0719b44 e-con-full e-flex sc_inner_width_none sc_layouts_column_icons_position_left e-con e-child\" data-id=\"0719b44\" data-element_type=\"container\">\n\t\t\t\t<div class=\"elementor-element elementor-element-ab1312a archimg sc_fly_static elementor-widget elementor-widget-image\" data-id=\"ab1312a\" data-element_type=\"widget\" data-widget_type=\"image.default\">\n\t\t\t\t<div class=\"elementor-widget-container\">\n\t\t\t\t\t\t\t\t\t\t\t\t\t<img loading=\"lazy\" decoding=\"async\" width=\"900\" height=\"600\" src=\"https:\/\/postarchive.org\/wp2024\/wp-content\/uploads\/2020\/01\/Terras_da_Costa_778C9756.jpg\" class=\"attachment-large size-large wp-image-3209\" alt=\"\" srcset=\"https:\/\/postarchive.org\/wp2024\/wp-content\/uploads\/2020\/01\/Terras_da_Costa_778C9756.jpg 900w, https:\/\/postarchive.org\/wp2024\/wp-content\/uploads\/2020\/01\/Terras_da_Costa_778C9756-300x200.jpg 300w, https:\/\/postarchive.org\/wp2024\/wp-content\/uploads\/2020\/01\/Terras_da_Costa_778C9756-768x512.jpg 768w, https:\/\/postarchive.org\/wp2024\/wp-content\/uploads\/2020\/01\/Terras_da_Costa_778C9756-800x533.jpg 800w, https:\/\/postarchive.org\/wp2024\/wp-content\/uploads\/2020\/01\/Terras_da_Costa_778C9756-600x400.jpg 600w, https:\/\/postarchive.org\/wp2024\/wp-content\/uploads\/2020\/01\/Terras_da_Costa_778C9756-200x133.jpg 200w, https:\/\/postarchive.org\/wp2024\/wp-content\/uploads\/2020\/01\/Terras_da_Costa_778C9756-50x33.jpg 50w, https:\/\/postarchive.org\/wp2024\/wp-content\/uploads\/2020\/01\/Terras_da_Costa_778C9756-400x267.jpg 400w\" sizes=\"(max-width: 900px) 100vw, 900px\" \/>\t\t\t\t\t\t\t\t\t\t\t\t\t<\/div>\n\t\t\t\t<\/div>\n\t\t\t\t<\/div>\n\t\t<div class=\"elementor-element elementor-element-b176f83 e-con-full e-flex sc_inner_width_none sc_layouts_column_icons_position_left e-con e-child\" data-id=\"b176f83\" data-element_type=\"container\">\n\t\t\t\t<div class=\"elementor-element elementor-element-af871b6 sc_fly_static elementor-widget elementor-widget-text-editor\" data-id=\"af871b6\" data-element_type=\"widget\" data-widget_type=\"text-editor.default\">\n\t\t\t\t<div class=\"elementor-widget-container\">\n\t\t\t\t\t\t\t<p><strong>T\u00edtulo:<\/strong> Vista II<br \/><strong>Data:<\/strong> 2010<br \/><strong>Dimens\u00e3o e suporte:<\/strong> 30 x 40cm, Digital TIFF<br \/><strong>Nome dos autores:<\/strong> Miranda, M\u00f3nica de. 1976-, artista visual<br \/><strong>Condi\u00e7\u00f5es de reprodu\u00e7\u00e3o:<\/strong> Direitos reservados para efeito de publica\u00e7\u00e3o, exposi\u00e7\u00e3o e utiliza\u00e7\u00e3o comercial<br \/><strong>C\u00f3digo:<\/strong> MM-UND-TDC-008<br \/><strong>Localiza\u00e7\u00e3o:<\/strong> Terras da Costa<br \/><strong>Categoria:<\/strong> Fotografia<\/p>\t\t\t\t\t\t<\/div>\n\t\t\t\t<\/div>\n\t\t\t\t<div class=\"elementor-element elementor-element-e4017bf repbtn sc_fly_static elementor-widget elementor-widget-button\" data-id=\"e4017bf\" data-element_type=\"widget\" data-widget_type=\"button.default\">\n\t\t\t\t<div class=\"elementor-widget-container\">\n\t\t\t\t\t<div class=\"elementor-button-wrapper\">\n\t\t\t<a class=\"elementor-button elementor-button-link elementor-size-sm\" href=\"https:\/\/postarchive.org\/wp2024\/reproduzir\/\">\n\t\t\t\t\t\t<span class=\"elementor-button-content-wrapper\">\n\t\t\t\t\t\t<span class=\"elementor-button-text\">Reproduzir<\/span>\n\t\t<\/span>\n\t\t\t\t\t<\/a>\n\t\t<\/div>\n\t\t\t\t<\/div>\n\t\t\t\t<\/div>\n\t\t\t\t<\/div>\n\t\t\t\t\t<\/div>\n\t\t\t\t<\/div>\n\t\t<div class=\"elementor-element elementor-element-c307de2 e-flex e-con-boxed sc_inner_width_none sc_layouts_column_icons_position_left e-con e-parent\" data-id=\"c307de2\" data-element_type=\"container\" data-core-v316-plus=\"true\">\n\t\t\t\t\t<div class=\"e-con-inner\">\n\t\t<div class=\"elementor-element elementor-element-84cbb9e e-con-full e-flex sc_inner_width_none sc_layouts_column_icons_position_left e-con e-child\" data-id=\"84cbb9e\" data-element_type=\"container\">\n\t\t\t\t<div class=\"elementor-element elementor-element-73732e6 archimg sc_fly_static elementor-widget elementor-widget-image\" data-id=\"73732e6\" data-element_type=\"widget\" data-widget_type=\"image.default\">\n\t\t\t\t<div class=\"elementor-widget-container\">\n\t\t\t\t\t\t\t\t\t\t\t\t\t<img loading=\"lazy\" decoding=\"async\" width=\"900\" height=\"600\" src=\"https:\/\/postarchive.org\/wp2024\/wp-content\/uploads\/2020\/01\/Terras_da_Costa_778C9779.jpg\" class=\"attachment-large size-large wp-image-3211\" alt=\"\" srcset=\"https:\/\/postarchive.org\/wp2024\/wp-content\/uploads\/2020\/01\/Terras_da_Costa_778C9779.jpg 900w, https:\/\/postarchive.org\/wp2024\/wp-content\/uploads\/2020\/01\/Terras_da_Costa_778C9779-300x200.jpg 300w, https:\/\/postarchive.org\/wp2024\/wp-content\/uploads\/2020\/01\/Terras_da_Costa_778C9779-768x512.jpg 768w, https:\/\/postarchive.org\/wp2024\/wp-content\/uploads\/2020\/01\/Terras_da_Costa_778C9779-800x533.jpg 800w, https:\/\/postarchive.org\/wp2024\/wp-content\/uploads\/2020\/01\/Terras_da_Costa_778C9779-600x400.jpg 600w, https:\/\/postarchive.org\/wp2024\/wp-content\/uploads\/2020\/01\/Terras_da_Costa_778C9779-200x133.jpg 200w, https:\/\/postarchive.org\/wp2024\/wp-content\/uploads\/2020\/01\/Terras_da_Costa_778C9779-50x33.jpg 50w, https:\/\/postarchive.org\/wp2024\/wp-content\/uploads\/2020\/01\/Terras_da_Costa_778C9779-400x267.jpg 400w\" sizes=\"(max-width: 900px) 100vw, 900px\" \/>\t\t\t\t\t\t\t\t\t\t\t\t\t<\/div>\n\t\t\t\t<\/div>\n\t\t\t\t<\/div>\n\t\t<div class=\"elementor-element elementor-element-6e97a53 e-con-full e-flex sc_inner_width_none sc_layouts_column_icons_position_left e-con e-child\" data-id=\"6e97a53\" data-element_type=\"container\">\n\t\t\t\t<div class=\"elementor-element elementor-element-43477eb sc_fly_static elementor-widget elementor-widget-text-editor\" data-id=\"43477eb\" data-element_type=\"widget\" data-widget_type=\"text-editor.default\">\n\t\t\t\t<div class=\"elementor-widget-container\">\n\t\t\t\t\t\t\t<p><strong>T\u00edtulo:<\/strong> Casa com bandeira<br \/><strong>Data:<\/strong> 2010<br \/><strong>Dimens\u00e3o e suporte:<\/strong> 30 x 40cm, Digital TIFF<br \/><strong>Nome dos autores:<\/strong> Miranda, M\u00f3nica de. 1976-, artista visual<br \/><strong>Condi\u00e7\u00f5es de reprodu\u00e7\u00e3o:<\/strong> Direitos reservados para efeito de publica\u00e7\u00e3o, exposi\u00e7\u00e3o e utiliza\u00e7\u00e3o comercial<br \/><strong>C\u00f3digo:<\/strong> MM-UND-TDC-009<br \/><strong>Localiza\u00e7\u00e3o:<\/strong> Terras da Costa<br \/><strong>Categoria:<\/strong> Fotografia<\/p>\t\t\t\t\t\t<\/div>\n\t\t\t\t<\/div>\n\t\t\t\t<div class=\"elementor-element elementor-element-b5120d3 repbtn sc_fly_static elementor-widget elementor-widget-button\" data-id=\"b5120d3\" data-element_type=\"widget\" data-widget_type=\"button.default\">\n\t\t\t\t<div class=\"elementor-widget-container\">\n\t\t\t\t\t<div class=\"elementor-button-wrapper\">\n\t\t\t<a class=\"elementor-button elementor-button-link elementor-size-sm\" href=\"https:\/\/postarchive.org\/wp2024\/reproduzir\/\">\n\t\t\t\t\t\t<span class=\"elementor-button-content-wrapper\">\n\t\t\t\t\t\t<span class=\"elementor-button-text\">Reproduzir<\/span>\n\t\t<\/span>\n\t\t\t\t\t<\/a>\n\t\t<\/div>\n\t\t\t\t<\/div>\n\t\t\t\t<\/div>\n\t\t\t\t<\/div>\n\t\t\t\t\t<\/div>\n\t\t\t\t<\/div>\n\t\t<div class=\"elementor-element elementor-element-b3a7f67 e-flex e-con-boxed sc_inner_width_none sc_layouts_column_icons_position_left e-con e-parent\" data-id=\"b3a7f67\" data-element_type=\"container\" data-core-v316-plus=\"true\">\n\t\t\t\t\t<div class=\"e-con-inner\">\n\t\t<div class=\"elementor-element elementor-element-8d60267 e-con-full e-flex sc_inner_width_none sc_layouts_column_icons_position_left e-con e-child\" data-id=\"8d60267\" data-element_type=\"container\">\n\t\t\t\t<div class=\"elementor-element elementor-element-f3a2f59 archimg sc_fly_static elementor-widget elementor-widget-image\" data-id=\"f3a2f59\" data-element_type=\"widget\" data-widget_type=\"image.default\">\n\t\t\t\t<div class=\"elementor-widget-container\">\n\t\t\t\t\t\t\t\t\t\t\t\t\t<img loading=\"lazy\" decoding=\"async\" width=\"900\" height=\"600\" src=\"https:\/\/postarchive.org\/wp2024\/wp-content\/uploads\/2020\/01\/Terras_da_Costa_778C9783.jpg\" class=\"attachment-large size-large wp-image-3213\" alt=\"\" srcset=\"https:\/\/postarchive.org\/wp2024\/wp-content\/uploads\/2020\/01\/Terras_da_Costa_778C9783.jpg 900w, https:\/\/postarchive.org\/wp2024\/wp-content\/uploads\/2020\/01\/Terras_da_Costa_778C9783-300x200.jpg 300w, https:\/\/postarchive.org\/wp2024\/wp-content\/uploads\/2020\/01\/Terras_da_Costa_778C9783-768x512.jpg 768w, https:\/\/postarchive.org\/wp2024\/wp-content\/uploads\/2020\/01\/Terras_da_Costa_778C9783-800x533.jpg 800w, https:\/\/postarchive.org\/wp2024\/wp-content\/uploads\/2020\/01\/Terras_da_Costa_778C9783-600x400.jpg 600w, https:\/\/postarchive.org\/wp2024\/wp-content\/uploads\/2020\/01\/Terras_da_Costa_778C9783-200x133.jpg 200w, https:\/\/postarchive.org\/wp2024\/wp-content\/uploads\/2020\/01\/Terras_da_Costa_778C9783-50x33.jpg 50w, https:\/\/postarchive.org\/wp2024\/wp-content\/uploads\/2020\/01\/Terras_da_Costa_778C9783-400x267.jpg 400w\" sizes=\"(max-width: 900px) 100vw, 900px\" \/>\t\t\t\t\t\t\t\t\t\t\t\t\t<\/div>\n\t\t\t\t<\/div>\n\t\t\t\t<\/div>\n\t\t<div class=\"elementor-element elementor-element-2134e2b e-con-full e-flex sc_inner_width_none sc_layouts_column_icons_position_left e-con e-child\" data-id=\"2134e2b\" data-element_type=\"container\">\n\t\t\t\t<div class=\"elementor-element elementor-element-6df90f7 sc_fly_static elementor-widget elementor-widget-text-editor\" data-id=\"6df90f7\" data-element_type=\"widget\" data-widget_type=\"text-editor.default\">\n\t\t\t\t<div class=\"elementor-widget-container\">\n\t\t\t\t\t\t\t<p><strong>T\u00edtulo:<\/strong> Madeiras<br \/><strong>Data:<\/strong> 2010<br \/><strong>Dimens\u00e3o e suporte:<\/strong> 30 x 40cm, Digital TIFF<br \/><strong>Nome dos autores:<\/strong> Miranda, M\u00f3nica de. 1976-, artista visual<br \/><strong>Condi\u00e7\u00f5es de reprodu\u00e7\u00e3o:<\/strong> Direitos reservados para efeito de publica\u00e7\u00e3o, exposi\u00e7\u00e3o e utiliza\u00e7\u00e3o comercial<br \/><strong>C\u00f3digo:<\/strong> MM-UND-TDC-010<br \/><strong>Localiza\u00e7\u00e3o:<\/strong> Terras da Costa<br \/><strong>Categoria:<\/strong> Fotografia<\/p>\t\t\t\t\t\t<\/div>\n\t\t\t\t<\/div>\n\t\t\t\t<div class=\"elementor-element elementor-element-7fd63a6 repbtn sc_fly_static elementor-widget elementor-widget-button\" data-id=\"7fd63a6\" data-element_type=\"widget\" data-widget_type=\"button.default\">\n\t\t\t\t<div class=\"elementor-widget-container\">\n\t\t\t\t\t<div class=\"elementor-button-wrapper\">\n\t\t\t<a class=\"elementor-button elementor-button-link elementor-size-sm\" href=\"https:\/\/postarchive.org\/wp2024\/reproduzir\/\">\n\t\t\t\t\t\t<span class=\"elementor-button-content-wrapper\">\n\t\t\t\t\t\t<span class=\"elementor-button-text\">Reproduzir<\/span>\n\t\t<\/span>\n\t\t\t\t\t<\/a>\n\t\t<\/div>\n\t\t\t\t<\/div>\n\t\t\t\t<\/div>\n\t\t\t\t<\/div>\n\t\t\t\t\t<\/div>\n\t\t\t\t<\/div>\n\t\t<div class=\"elementor-element elementor-element-dc04cca e-flex e-con-boxed sc_inner_width_none sc_layouts_column_icons_position_left e-con e-parent\" data-id=\"dc04cca\" data-element_type=\"container\" data-core-v316-plus=\"true\">\n\t\t\t\t\t<div class=\"e-con-inner\">\n\t\t<div class=\"elementor-element elementor-element-51e4517 e-con-full e-flex sc_inner_width_none sc_layouts_column_icons_position_left e-con e-child\" data-id=\"51e4517\" data-element_type=\"container\">\n\t\t\t\t<div class=\"elementor-element elementor-element-7326a9f archimg sc_fly_static elementor-widget elementor-widget-image\" data-id=\"7326a9f\" data-element_type=\"widget\" data-widget_type=\"image.default\">\n\t\t\t\t<div class=\"elementor-widget-container\">\n\t\t\t\t\t\t\t\t\t\t\t\t\t<img loading=\"lazy\" decoding=\"async\" width=\"900\" height=\"600\" src=\"https:\/\/postarchive.org\/wp2024\/wp-content\/uploads\/2020\/01\/Terras_da_Costa_778C9786.jpg\" class=\"attachment-large size-large wp-image-3215\" alt=\"\" srcset=\"https:\/\/postarchive.org\/wp2024\/wp-content\/uploads\/2020\/01\/Terras_da_Costa_778C9786.jpg 900w, https:\/\/postarchive.org\/wp2024\/wp-content\/uploads\/2020\/01\/Terras_da_Costa_778C9786-300x200.jpg 300w, https:\/\/postarchive.org\/wp2024\/wp-content\/uploads\/2020\/01\/Terras_da_Costa_778C9786-768x512.jpg 768w, https:\/\/postarchive.org\/wp2024\/wp-content\/uploads\/2020\/01\/Terras_da_Costa_778C9786-800x533.jpg 800w, https:\/\/postarchive.org\/wp2024\/wp-content\/uploads\/2020\/01\/Terras_da_Costa_778C9786-600x400.jpg 600w, https:\/\/postarchive.org\/wp2024\/wp-content\/uploads\/2020\/01\/Terras_da_Costa_778C9786-200x133.jpg 200w, https:\/\/postarchive.org\/wp2024\/wp-content\/uploads\/2020\/01\/Terras_da_Costa_778C9786-50x33.jpg 50w, https:\/\/postarchive.org\/wp2024\/wp-content\/uploads\/2020\/01\/Terras_da_Costa_778C9786-400x267.jpg 400w\" sizes=\"(max-width: 900px) 100vw, 900px\" \/>\t\t\t\t\t\t\t\t\t\t\t\t\t<\/div>\n\t\t\t\t<\/div>\n\t\t\t\t<\/div>\n\t\t<div class=\"elementor-element elementor-element-3199ac2 e-con-full e-flex sc_inner_width_none sc_layouts_column_icons_position_left e-con e-child\" data-id=\"3199ac2\" data-element_type=\"container\">\n\t\t\t\t<div class=\"elementor-element elementor-element-57ec042 sc_fly_static elementor-widget elementor-widget-text-editor\" data-id=\"57ec042\" data-element_type=\"widget\" data-widget_type=\"text-editor.default\">\n\t\t\t\t<div class=\"elementor-widget-container\">\n\t\t\t\t\t\t\t<p><strong>T\u00edtulo:<\/strong> Vista III<br \/><strong>Data:<\/strong> 2010<br \/><strong>Dimens\u00e3o e suporte:<\/strong> 30 x 40cm, Digital TIFF<br \/><strong>Nome dos autores:<\/strong> Miranda, M\u00f3nica de. 1976-, artista visual<br \/><strong>Condi\u00e7\u00f5es de reprodu\u00e7\u00e3o:<\/strong> Direitos reservados para efeito de publica\u00e7\u00e3o, exposi\u00e7\u00e3o e utiliza\u00e7\u00e3o comercial<br \/><strong>C\u00f3digo:<\/strong> MM-UND-TDC-011<br \/><strong>Localiza\u00e7\u00e3o:<\/strong> Terras da Costa<br \/><strong>Categoria:<\/strong> Fotografia<\/p>\t\t\t\t\t\t<\/div>\n\t\t\t\t<\/div>\n\t\t\t\t<div class=\"elementor-element elementor-element-6c24761 repbtn sc_fly_static elementor-widget elementor-widget-button\" data-id=\"6c24761\" data-element_type=\"widget\" data-widget_type=\"button.default\">\n\t\t\t\t<div class=\"elementor-widget-container\">\n\t\t\t\t\t<div class=\"elementor-button-wrapper\">\n\t\t\t<a class=\"elementor-button elementor-button-link elementor-size-sm\" href=\"https:\/\/postarchive.org\/wp2024\/reproduzir\/\">\n\t\t\t\t\t\t<span class=\"elementor-button-content-wrapper\">\n\t\t\t\t\t\t<span class=\"elementor-button-text\">Reproduzir<\/span>\n\t\t<\/span>\n\t\t\t\t\t<\/a>\n\t\t<\/div>\n\t\t\t\t<\/div>\n\t\t\t\t<\/div>\n\t\t\t\t<\/div>\n\t\t\t\t\t<\/div>\n\t\t\t\t<\/div>\n\t\t<div class=\"elementor-element elementor-element-bed2f83 e-flex e-con-boxed sc_inner_width_none sc_layouts_column_icons_position_left e-con e-parent\" data-id=\"bed2f83\" data-element_type=\"container\" data-core-v316-plus=\"true\">\n\t\t\t\t\t<div class=\"e-con-inner\">\n\t\t<div class=\"elementor-element elementor-element-273b87c e-con-full e-flex sc_inner_width_none sc_layouts_column_icons_position_left e-con e-child\" data-id=\"273b87c\" data-element_type=\"container\">\n\t\t\t\t<div class=\"elementor-element elementor-element-b768585 archimg sc_fly_static elementor-widget elementor-widget-image\" data-id=\"b768585\" data-element_type=\"widget\" data-widget_type=\"image.default\">\n\t\t\t\t<div class=\"elementor-widget-container\">\n\t\t\t\t\t\t\t\t\t\t\t\t\t<img loading=\"lazy\" decoding=\"async\" width=\"900\" height=\"600\" src=\"https:\/\/postarchive.org\/wp2024\/wp-content\/uploads\/2020\/01\/Terras_da_Costa_778C9789.jpg\" class=\"attachment-large size-large wp-image-3217\" alt=\"\" srcset=\"https:\/\/postarchive.org\/wp2024\/wp-content\/uploads\/2020\/01\/Terras_da_Costa_778C9789.jpg 900w, https:\/\/postarchive.org\/wp2024\/wp-content\/uploads\/2020\/01\/Terras_da_Costa_778C9789-300x200.jpg 300w, https:\/\/postarchive.org\/wp2024\/wp-content\/uploads\/2020\/01\/Terras_da_Costa_778C9789-768x512.jpg 768w, https:\/\/postarchive.org\/wp2024\/wp-content\/uploads\/2020\/01\/Terras_da_Costa_778C9789-800x533.jpg 800w, https:\/\/postarchive.org\/wp2024\/wp-content\/uploads\/2020\/01\/Terras_da_Costa_778C9789-600x400.jpg 600w, https:\/\/postarchive.org\/wp2024\/wp-content\/uploads\/2020\/01\/Terras_da_Costa_778C9789-200x133.jpg 200w, https:\/\/postarchive.org\/wp2024\/wp-content\/uploads\/2020\/01\/Terras_da_Costa_778C9789-50x33.jpg 50w, https:\/\/postarchive.org\/wp2024\/wp-content\/uploads\/2020\/01\/Terras_da_Costa_778C9789-400x267.jpg 400w\" sizes=\"(max-width: 900px) 100vw, 900px\" \/>\t\t\t\t\t\t\t\t\t\t\t\t\t<\/div>\n\t\t\t\t<\/div>\n\t\t\t\t<\/div>\n\t\t<div class=\"elementor-element elementor-element-ea7286f e-con-full e-flex sc_inner_width_none sc_layouts_column_icons_position_left e-con e-child\" data-id=\"ea7286f\" data-element_type=\"container\">\n\t\t\t\t<div class=\"elementor-element elementor-element-f4241d5 sc_fly_static elementor-widget elementor-widget-text-editor\" data-id=\"f4241d5\" data-element_type=\"widget\" data-widget_type=\"text-editor.default\">\n\t\t\t\t<div class=\"elementor-widget-container\">\n\t\t\t\t\t\t\t<p><strong>T\u00edtulo:<\/strong> Estrada<br \/><strong>Data:<\/strong> 2010<br \/><strong>Dimens\u00e3o e suporte:<\/strong> 30 x 40cm, Digital TIFF<br \/><strong>Nome dos autores:<\/strong> Miranda, M\u00f3nica de. 1976-, artista visual<br \/><strong>Condi\u00e7\u00f5es de reprodu\u00e7\u00e3o:<\/strong> Direitos reservados para efeito de publica\u00e7\u00e3o, exposi\u00e7\u00e3o e utiliza\u00e7\u00e3o comercial<br \/><strong>C\u00f3digo:<\/strong> MM-UND-TDC-012<br \/><strong>Localiza\u00e7\u00e3o:<\/strong> Terras da Costa<br \/><strong>Categoria:<\/strong> Fotografia<\/p>\t\t\t\t\t\t<\/div>\n\t\t\t\t<\/div>\n\t\t\t\t<div class=\"elementor-element elementor-element-8c3e072 repbtn sc_fly_static elementor-widget elementor-widget-button\" data-id=\"8c3e072\" data-element_type=\"widget\" data-widget_type=\"button.default\">\n\t\t\t\t<div class=\"elementor-widget-container\">\n\t\t\t\t\t<div class=\"elementor-button-wrapper\">\n\t\t\t<a class=\"elementor-button elementor-button-link elementor-size-sm\" href=\"https:\/\/postarchive.org\/wp2024\/reproduzir\/\">\n\t\t\t\t\t\t<span class=\"elementor-button-content-wrapper\">\n\t\t\t\t\t\t<span class=\"elementor-button-text\">Reproduzir<\/span>\n\t\t<\/span>\n\t\t\t\t\t<\/a>\n\t\t<\/div>\n\t\t\t\t<\/div>\n\t\t\t\t<\/div>\n\t\t\t\t<\/div>\n\t\t\t\t\t<\/div>\n\t\t\t\t<\/div>\n\t\t<div class=\"elementor-element elementor-element-50d54aa6 sc_layouts_hide_on_wide sc_layouts_hide_on_desktop sc_layouts_hide_on_notebook sc_layouts_hide_on_tablet sc_layouts_hide_on_mobile e-flex e-con-boxed sc_inner_width_none sc_layouts_column_icons_position_left e-con e-parent\" data-id=\"50d54aa6\" data-element_type=\"container\" data-core-v316-plus=\"true\">\n\t\t\t\t\t<div class=\"e-con-inner\">\n\t\t\t\t<div class=\"elementor-element elementor-element-27ddb9ab sc_fly_static elementor-widget elementor-widget-text-editor\" data-id=\"27ddb9ab\" data-element_type=\"widget\" data-widget_type=\"text-editor.default\">\n\t\t\t\t<div class=\"elementor-widget-container\">\n\t\t\t\t\t\t\t[vc_row][vc_column][vc_custom_heading text=&#8221;Terras da Costa&#8221; font_container=&#8221;tag:h3|text_align:left&#8221; google_fonts=&#8221;font_family:Raleway%3A100%2C200%2C300%2Cregular%2C500%2C600%2C700%2C800%2C900|font_style:400%20regular%3A400%3Anormal&#8221;][vc_empty_space height=&#8221;5px&#8221;][vc_separator color=&#8221;black&#8221;][\/vc_column][\/vc_row][vc_row][vc_column][vc_row_inner][vc_column_inner width=&#8221;1\/2&#8243;][vc_single_image image=&#8221;3194&#8243; img_size=&#8221;full&#8221;][\/vc_column_inner][vc_column_inner width=&#8221;1\/2&#8243;][vc_column_text]\r\n<div class=\"wpb_text_column wpb_content_element \">\r\n<div class=\"wpb_wrapper\">\r\n<h6>T\u00edtulo: Vegeta\u00e7\u00e3o<\/h6>\r\n<h6>Data: 2010<\/h6>\r\n<h6>Dimens\u00e3o e suporte: 30 x 40cm, Digital TIFF<\/h6>\r\n<h6>Nome dos autores: Miranda, M\u00f3nica de. 1976-, artista visual<\/h6>\r\n<h6>Condi\u00e7\u00f5es de reprodu\u00e7\u00e3o: Direitos reservados para efeito de publica\u00e7\u00e3o, exposi\u00e7\u00e3o e utiliza\u00e7\u00e3o comercial<\/h6>\r\n<h6>C\u00f3digo: MM-UND-TDC-001<\/h6>\r\n<h6>Localiza\u00e7\u00e3o: Terras da Costa<\/h6>\r\n<h6>Categoria: Fotografia<\/h6>\r\n<\/div>\r\n<\/div>\r\n[\/vc_column_text][vc_btn title=&#8221;Reproduzir&#8221; link=&#8221;url:https%3A%2F%2Fpostarchive.org%2Freproduzir%2F|title:Reproduzir|target:%20_blank|&#8221;][\/vc_column_inner][\/vc_row_inner][vc_separator color=&#8221;black&#8221;][\/vc_column][\/vc_row][vc_row][vc_column][vc_row_inner][vc_column_inner width=&#8221;1\/2&#8243;][vc_single_image image=&#8221;3196&#8243; img_size=&#8221;full&#8221;][\/vc_column_inner][vc_column_inner width=&#8221;1\/2&#8243;][vc_column_text]\r\n<div class=\"wpb_text_column wpb_content_element \">\r\n<div class=\"wpb_wrapper\">\r\n<h6>T\u00edtulo: Vista<\/h6>\r\n<h6>Data: 2010<\/h6>\r\n<h6>Dimens\u00e3o e suporte: 30 x 40cm, Digital TIFF<\/h6>\r\n<h6>Nome dos autores: Miranda, M\u00f3nica de. 1976-, artista visual<\/h6>\r\n<h6>Condi\u00e7\u00f5es de reprodu\u00e7\u00e3o: Direitos reservados para efeito de publica\u00e7\u00e3o, exposi\u00e7\u00e3o e utiliza\u00e7\u00e3o comercial<\/h6>\r\n<h6>C\u00f3digo: MM-UND-TDC-002<\/h6>\r\n<h6>Localiza\u00e7\u00e3o: Terras da Costa<\/h6>\r\n<h6>Categoria: Fotografia<\/h6>\r\n<\/div>\r\n<\/div>\r\n[\/vc_column_text][vc_btn title=&#8221;Reproduzir&#8221; link=&#8221;url:https%3A%2F%2Fpostarchive.org%2Freproduzir%2F|title:Reproduzir|target:%20_blank|&#8221;][\/vc_column_inner][\/vc_row_inner][vc_separator color=&#8221;black&#8221;][\/vc_column][\/vc_row][vc_row][vc_column][vc_row_inner][vc_column_inner width=&#8221;1\/2&#8243;][vc_single_image image=&#8221;3198&#8243; img_size=&#8221;full&#8221;][\/vc_column_inner][vc_column_inner width=&#8221;1\/2&#8243;][vc_column_text]\r\n<div class=\"wpb_text_column wpb_content_element \">\r\n<div class=\"wpb_wrapper\">\r\n<h6>T\u00edtulo: Cerca de madeira<\/h6>\r\n<h6>Data: 2010<\/h6>\r\n<h6>Dimens\u00e3o e suporte: 30 x 40cm, Digital TIFF<\/h6>\r\n<h6>Nome dos autores: Miranda, M\u00f3nica de. 1976-, artista visual<\/h6>\r\n<h6>Condi\u00e7\u00f5es de reprodu\u00e7\u00e3o: Direitos reservados para efeito de publica\u00e7\u00e3o, exposi\u00e7\u00e3o e utiliza\u00e7\u00e3o comercial<\/h6>\r\n<h6>C\u00f3digo: MM-UND-TDC-003<\/h6>\r\n<h6>Localiza\u00e7\u00e3o: Terras da Costa<\/h6>\r\n<h6>Categoria: Fotografia<\/h6>\r\n<\/div>\r\n<\/div>\r\n[\/vc_column_text][vc_btn title=&#8221;Reproduzir&#8221; link=&#8221;url:https%3A%2F%2Fpostarchive.org%2Freproduzir%2F|title:Reproduzir|target:%20_blank|&#8221;][\/vc_column_inner][\/vc_row_inner][vc_separator color=&#8221;black&#8221;][\/vc_column][\/vc_row][vc_row][vc_column][vc_row_inner][vc_column_inner width=&#8221;1\/2&#8243;][vc_single_image image=&#8221;3201&#8243; img_size=&#8221;full&#8221;][\/vc_column_inner][vc_column_inner width=&#8221;1\/2&#8243;][vc_column_text]\r\n<div class=\"wpb_text_column wpb_content_element \">\r\n<div class=\"wpb_wrapper\">\r\n<h6>T\u00edtulo: Casa de Telhas (exterior)<\/h6>\r\n<h6>Data: 2010<\/h6>\r\n<h6>Dimens\u00e3o e suporte: 30 x 40cm, Digital TIFF<\/h6>\r\n<h6>Nome dos autores: Miranda, M\u00f3nica de. 1976-, artista visual<\/h6>\r\n<h6>Condi\u00e7\u00f5es de reprodu\u00e7\u00e3o: Direitos reservados para efeito de publica\u00e7\u00e3o, exposi\u00e7\u00e3o e utiliza\u00e7\u00e3o comercial<\/h6>\r\n<h6>C\u00f3digo: MM-UND-TDC-004<\/h6>\r\n<h6>Localiza\u00e7\u00e3o: Terras da Costa<\/h6>\r\n<h6>Categoria: Fotografia<\/h6>\r\n<\/div>\r\n<\/div>\r\n[\/vc_column_text][vc_btn title=&#8221;Reproduzir&#8221; link=&#8221;url:https%3A%2F%2Fpostarchive.org%2Freproduzir%2F|title:Reproduzir|target:%20_blank|&#8221;][\/vc_column_inner][\/vc_row_inner][vc_separator color=&#8221;black&#8221;][\/vc_column][\/vc_row][vc_row][vc_column][vc_row_inner][vc_column_inner width=&#8221;1\/2&#8243;][vc_single_image image=&#8221;3203&#8243; img_size=&#8221;full&#8221;][\/vc_column_inner][vc_column_inner width=&#8221;1\/2&#8243;][vc_column_text]\r\n<div class=\"wpb_text_column wpb_content_element \">\r\n<div class=\"wpb_wrapper\">\r\n<h6>T\u00edtulo: Casa com vegeta\u00e7\u00e3o<\/h6>\r\n<h6>Data: 2010<\/h6>\r\n<h6>Dimens\u00e3o e suporte: 30 x 40cm, Digital TIFF<\/h6>\r\n<h6>Nome dos autores: Miranda, M\u00f3nica de. 1976-, artista visual<\/h6>\r\n<h6>Condi\u00e7\u00f5es de reprodu\u00e7\u00e3o: Direitos reservados para efeito de publica\u00e7\u00e3o, exposi\u00e7\u00e3o e utiliza\u00e7\u00e3o comercial<\/h6>\r\n<h6>C\u00f3digo: MM-UND-TDC-005<\/h6>\r\n<h6>Localiza\u00e7\u00e3o: Terras da Costa<\/h6>\r\n<h6>Categoria: Fotografia<\/h6>\r\n<\/div>\r\n<\/div>\r\n[\/vc_column_text][vc_btn title=&#8221;Reproduzir&#8221; link=&#8221;url:https%3A%2F%2Fpostarchive.org%2Freproduzir%2F|title:Reproduzir|target:%20_blank|&#8221;][\/vc_column_inner][\/vc_row_inner][vc_separator color=&#8221;black&#8221;][\/vc_column][\/vc_row][vc_row][vc_column][vc_row_inner][vc_column_inner width=&#8221;1\/2&#8243;][vc_single_image image=&#8221;3205&#8243; img_size=&#8221;full&#8221;][\/vc_column_inner][vc_column_inner width=&#8221;1\/2&#8243;][vc_column_text]\r\n<div class=\"wpb_text_column wpb_content_element \">\r\n<div class=\"wpb_wrapper\">\r\n<h6>T\u00edtulo: Muro de tijolos<\/h6>\r\n<h6>Data: 2010<\/h6>\r\n<h6>Dimens\u00e3o e suporte: 30 x 40cm, Digital TIFF<\/h6>\r\n<h6>Nome dos autores: Miranda, M\u00f3nica de. 1976-, artista visual<\/h6>\r\n<h6>Condi\u00e7\u00f5es de reprodu\u00e7\u00e3o: Direitos reservados para efeito de publica\u00e7\u00e3o, exposi\u00e7\u00e3o e utiliza\u00e7\u00e3o comercial<\/h6>\r\n<h6>C\u00f3digo: MM-UND-TDC-006<\/h6>\r\n<h6>Localiza\u00e7\u00e3o: Terras da Costa<\/h6>\r\n<h6>Categoria: Fotografia<\/h6>\r\n<\/div>\r\n<\/div>\r\n[\/vc_column_text][vc_btn title=&#8221;Reproduzir&#8221; link=&#8221;url:https%3A%2F%2Fpostarchive.org%2Freproduzir%2F|title:Reproduzir|target:%20_blank|&#8221;][\/vc_column_inner][\/vc_row_inner][vc_separator color=&#8221;black&#8221;][\/vc_column][\/vc_row][vc_row][vc_column][vc_row_inner][vc_column_inner width=&#8221;1\/2&#8243;][vc_single_image image=&#8221;3207&#8243; img_size=&#8221;full&#8221;][\/vc_column_inner][vc_column_inner width=&#8221;1\/2&#8243;][vc_column_text]\r\n<div class=\"wpb_text_column wpb_content_element \">\r\n<div class=\"wpb_wrapper\">\r\n<h6>T\u00edtulo: Entrada da casa<\/h6>\r\n<h6>Data: 2010<\/h6>\r\n<h6>Dimens\u00e3o e suporte: 30 x 40cm, Digital TIFF<\/h6>\r\n<h6>Nome dos autores: Miranda, M\u00f3nica de. 1976-, artista visual<\/h6>\r\n<h6>Condi\u00e7\u00f5es de reprodu\u00e7\u00e3o: Direitos reservados para efeito de publica\u00e7\u00e3o, exposi\u00e7\u00e3o e utiliza\u00e7\u00e3o comercial<\/h6>\r\n<h6>C\u00f3digo: MM-UND-TDC-007<\/h6>\r\n<h6>Localiza\u00e7\u00e3o: Terras da Costa<\/h6>\r\n<h6>Categoria: Fotografia<\/h6>\r\n<\/div>\r\n<\/div>\r\n[\/vc_column_text][vc_btn title=&#8221;Reproduzir&#8221; link=&#8221;url:https%3A%2F%2Fpostarchive.org%2Freproduzir%2F|title:Reproduzir|target:%20_blank|&#8221;][\/vc_column_inner][\/vc_row_inner][vc_separator color=&#8221;black&#8221;][\/vc_column][\/vc_row][vc_row][vc_column][vc_row_inner][vc_column_inner width=&#8221;1\/2&#8243;][vc_single_image image=&#8221;3209&#8243; img_size=&#8221;full&#8221;][\/vc_column_inner][vc_column_inner width=&#8221;1\/2&#8243;][vc_column_text]\r\n<div class=\"wpb_text_column wpb_content_element \">\r\n<div class=\"wpb_wrapper\">\r\n<h6>T\u00edtulo: Vista II<\/h6>\r\n<h6>Data: 2010<\/h6>\r\n<h6>Dimens\u00e3o e suporte: 30 x 40cm, Digital TIFF<\/h6>\r\n<h6>Nome dos autores: Miranda, M\u00f3nica de. 1976-, artista visual<\/h6>\r\n<h6>Condi\u00e7\u00f5es de reprodu\u00e7\u00e3o: Direitos reservados para efeito de publica\u00e7\u00e3o, exposi\u00e7\u00e3o e utiliza\u00e7\u00e3o comercial<\/h6>\r\n<h6>C\u00f3digo: MM-UND-TDC-008<\/h6>\r\n<h6>Localiza\u00e7\u00e3o: Terras da Costa<\/h6>\r\n<h6>Categoria: Fotografia<\/h6>\r\n<\/div>\r\n<\/div>\r\n[\/vc_column_text][vc_btn title=&#8221;Reproduzir&#8221; link=&#8221;url:https%3A%2F%2Fpostarchive.org%2Freproduzir%2F|title:Reproduzir|target:%20_blank|&#8221;][\/vc_column_inner][\/vc_row_inner][vc_separator color=&#8221;black&#8221;][\/vc_column][\/vc_row][vc_row][vc_column][vc_row_inner][vc_column_inner width=&#8221;1\/2&#8243;][vc_single_image image=&#8221;3211&#8243; img_size=&#8221;full&#8221;][\/vc_column_inner][vc_column_inner width=&#8221;1\/2&#8243;][vc_column_text]\r\n<div class=\"wpb_text_column wpb_content_element \">\r\n<div class=\"wpb_wrapper\">\r\n<h6>T\u00edtulo: Casa com bandeira<\/h6>\r\n<h6>Data: 2010<\/h6>\r\n<h6>Dimens\u00e3o e suporte: 30 x 40cm, Digital TIFF<\/h6>\r\n<h6>Nome dos autores: Miranda, M\u00f3nica de. 1976-, artista visual<\/h6>\r\n<h6>Condi\u00e7\u00f5es de reprodu\u00e7\u00e3o: Direitos reservados para efeito de publica\u00e7\u00e3o, exposi\u00e7\u00e3o e utiliza\u00e7\u00e3o comercial<\/h6>\r\n<h6>C\u00f3digo: MM-UND-TDC-009<\/h6>\r\n<h6>Localiza\u00e7\u00e3o: Terras da Costa<\/h6>\r\n<h6>Categoria: Fotografia<\/h6>\r\n<\/div>\r\n<\/div>\r\n[\/vc_column_text][vc_btn title=&#8221;Reproduzir&#8221; link=&#8221;url:https%3A%2F%2Fpostarchive.org%2Freproduzir%2F|title:Reproduzir|target:%20_blank|&#8221;][\/vc_column_inner][\/vc_row_inner][vc_separator color=&#8221;black&#8221;][\/vc_column][\/vc_row][vc_row][vc_column][vc_row_inner][vc_column_inner width=&#8221;1\/2&#8243;][vc_single_image image=&#8221;3213&#8243; img_size=&#8221;full&#8221;][\/vc_column_inner][vc_column_inner width=&#8221;1\/2&#8243;][vc_column_text]\r\n<div class=\"wpb_text_column wpb_content_element \">\r\n<div class=\"wpb_wrapper\">\r\n<h6>T\u00edtulo: Madeiras<\/h6>\r\n<h6>Data: 2010<\/h6>\r\n<h6>Dimens\u00e3o e suporte: 30 x 40cm, Digital TIFF<\/h6>\r\n<h6>Nome dos autores: Miranda, M\u00f3nica de. 1976-, artista visual<\/h6>\r\n<h6>Condi\u00e7\u00f5es de reprodu\u00e7\u00e3o: Direitos reservados para efeito de publica\u00e7\u00e3o, exposi\u00e7\u00e3o e utiliza\u00e7\u00e3o comercial<\/h6>\r\n<h6>C\u00f3digo: MM-UND-TDC-010<\/h6>\r\n<h6>Localiza\u00e7\u00e3o: Terras da Costa<\/h6>\r\n<h6>Categoria: Fotografia<\/h6>\r\n<\/div>\r\n<\/div>\r\n[\/vc_column_text][vc_btn title=&#8221;Reproduzir&#8221; link=&#8221;url:https%3A%2F%2Fpostarchive.org%2Freproduzir%2F|title:Reproduzir|target:%20_blank|&#8221;][\/vc_column_inner][\/vc_row_inner][vc_separator color=&#8221;black&#8221;][\/vc_column][\/vc_row][vc_row][vc_column][vc_row_inner][vc_column_inner width=&#8221;1\/2&#8243;][vc_single_image image=&#8221;3215&#8243; img_size=&#8221;full&#8221;][\/vc_column_inner][vc_column_inner width=&#8221;1\/2&#8243;][vc_column_text]\r\n<div class=\"wpb_text_column wpb_content_element \">\r\n<div class=\"wpb_wrapper\">\r\n<h6>T\u00edtulo: Vista III<\/h6>\r\n<h6>Data: 2010<\/h6>\r\n<h6>Dimens\u00e3o e suporte: 30 x 40cm, Digital TIFF<\/h6>\r\n<h6>Nome dos autores: Miranda, M\u00f3nica de. 1976-, artista visual<\/h6>\r\n<h6>Condi\u00e7\u00f5es de reprodu\u00e7\u00e3o: Direitos reservados para efeito de publica\u00e7\u00e3o, exposi\u00e7\u00e3o e utiliza\u00e7\u00e3o comercial<\/h6>\r\n<h6>C\u00f3digo: MM-UND-TDC-011<\/h6>\r\n<h6>Localiza\u00e7\u00e3o: Terras da Costa<\/h6>\r\n<h6>Categoria: Fotografia<\/h6>\r\n<\/div>\r\n<\/div>\r\n[\/vc_column_text][vc_btn title=&#8221;Reproduzir&#8221; link=&#8221;url:https%3A%2F%2Fpostarchive.org%2Freproduzir%2F|title:Reproduzir|target:%20_blank|&#8221;][\/vc_column_inner][\/vc_row_inner][vc_separator color=&#8221;black&#8221;][\/vc_column][\/vc_row][vc_row][vc_column][vc_row_inner][vc_column_inner width=&#8221;1\/2&#8243;][vc_single_image image=&#8221;3217&#8243; img_size=&#8221;full&#8221;][\/vc_column_inner][vc_column_inner width=&#8221;1\/2&#8243;][vc_column_text]\r\n<div class=\"wpb_text_column wpb_content_element \">\r\n<div class=\"wpb_wrapper\">\r\n<h6>T\u00edtulo: Estrada<\/h6>\r\n<h6>Data: 2010<\/h6>\r\n<h6>Dimens\u00e3o e suporte: 30 x 40cm, Digital TIFF<\/h6>\r\n<h6>Nome dos autores: Miranda, M\u00f3nica de. 1976-, artista visual<\/h6>\r\n<h6>Condi\u00e7\u00f5es de reprodu\u00e7\u00e3o: Direitos reservados para efeito de publica\u00e7\u00e3o, exposi\u00e7\u00e3o e utiliza\u00e7\u00e3o comercial<\/h6>\r\n<h6>C\u00f3digo: MM-UND-TDC-012<\/h6>\r\n<h6>Localiza\u00e7\u00e3o: Terras da Costa<\/h6>\r\n<h6>Categoria: Fotografia<\/h6>\r\n<\/div>\r\n<\/div>\r\n[\/vc_column_text][vc_btn title=&#8221;Reproduzir&#8221; link=&#8221;url:https%3A%2F%2Fpostarchive.org%2Freproduzir%2F|title:Reproduzir|target:%20_blank|&#8221;][\/vc_column_inner][\/vc_row_inner][vc_separator color=&#8221;black&#8221;][\/vc_column][\/vc_row]\t\t\t\t\t\t<\/div>\n\t\t\t\t<\/div>\n\t\t\t\t\t<\/div>\n\t\t\t\t<\/div>\n\t\t\t\t<\/div>\n\t\t","protected":false},"excerpt":{"rendered":"<p>Terras da Costa T\u00edtulo: Vegeta\u00e7\u00e3oData: 2010Dimens\u00e3o e suporte: 30 x 40cm, Digital TIFFNome dos autores: Miranda, M\u00f3nica de. 1976-, artista visualCondi\u00e7\u00f5es de reprodu\u00e7\u00e3o: Direitos reservados para efeito de publica\u00e7\u00e3o, exposi\u00e7\u00e3o&hellip;<\/p>\n","protected":false},"author":1,"featured_media":0,"parent":3346,"menu_order":0,"comment_status":"closed","ping_status":"closed","template":"","meta":{"footnotes":""},"_links":{"self":[{"href":"https:\/\/postarchive.org\/en\/wp-json\/wp\/v2\/pages\/3408"}],"collection":[{"href":"https:\/\/postarchive.org\/en\/wp-json\/wp\/v2\/pages"}],"about":[{"href":"https:\/\/postarchive.org\/en\/wp-json\/wp\/v2\/types\/page"}],"author":[{"embeddable":true,"href":"https:\/\/postarchive.org\/en\/wp-json\/wp\/v2\/users\/1"}],"replies":[{"embeddable":true,"href":"https:\/\/postarchive.org\/en\/wp-json\/wp\/v2\/comments?post=3408"}],"version-history":[{"count":7,"href":"https:\/\/postarchive.org\/en\/wp-json\/wp\/v2\/pages\/3408\/revisions"}],"predecessor-version":[{"id":5758,"href":"https:\/\/postarchive.org\/en\/wp-json\/wp\/v2\/pages\/3408\/revisions\/5758"}],"up":[{"embeddable":true,"href":"https:\/\/postarchive.org\/en\/wp-json\/wp\/v2\/pages\/3346"}],"wp:attachment":[{"href":"https:\/\/postarchive.org\/en\/wp-json\/wp\/v2\/media?parent=3408"}],"curies":[{"name":"wp","href":"https:\/\/api.w.org\/{rel}","templated":true}]}}