{"id":3379,"date":"2016-01-29T17:11:00","date_gmt":"2016-01-29T17:11:00","guid":{"rendered":"https:\/\/postarchive.org\/?page_id=3379"},"modified":"2024-04-17T16:57:01","modified_gmt":"2024-04-17T16:57:01","slug":"quinta-da-victoria","status":"publish","type":"page","link":"https:\/\/postarchive.org\/en\/cities\/quinta-da-victoria\/","title":{"rendered":"Quinta da Vict\u00f3ria"},"content":{"rendered":"\t\t<div data-elementor-type=\"wp-page\" data-elementor-id=\"3379\" class=\"elementor elementor-3379 elementor-2011\" data-elementor-post-type=\"page\">\n\t\t\t\t<div class=\"elementor-element elementor-element-3aee4d2 e-flex e-con-boxed sc_inner_width_none sc_layouts_column_icons_position_left e-con e-parent\" data-id=\"3aee4d2\" data-element_type=\"container\" data-core-v316-plus=\"true\">\n\t\t\t\t\t<div class=\"e-con-inner\">\n\t\t\t\t<div class=\"elementor-element elementor-element-a6091e9 sc_fly_static elementor-widget elementor-widget-heading\" data-id=\"a6091e9\" data-element_type=\"widget\" data-widget_type=\"heading.default\">\n\t\t\t\t<div class=\"elementor-widget-container\">\n\t\t\t<style>\/*! elementor - v3.20.0 - 26-03-2024 *\/\n.elementor-heading-title{padding:0;margin:0;line-height:1}.elementor-widget-heading .elementor-heading-title[class*=elementor-size-]>a{color:inherit;font-size:inherit;line-height:inherit}.elementor-widget-heading .elementor-heading-title.elementor-size-small{font-size:15px}.elementor-widget-heading .elementor-heading-title.elementor-size-medium{font-size:19px}.elementor-widget-heading .elementor-heading-title.elementor-size-large{font-size:29px}.elementor-widget-heading .elementor-heading-title.elementor-size-xl{font-size:39px}.elementor-widget-heading .elementor-heading-title.elementor-size-xxl{font-size:59px}<\/style><h2 class=\"elementor-heading-title elementor-size-default\">Quinta da Vict\u00f3ria<\/h2>\t\t<\/div>\n\t\t\t\t<\/div>\n\t\t\t\t\t<\/div>\n\t\t\t\t<\/div>\n\t\t<div class=\"elementor-element elementor-element-15adac8 e-flex e-con-boxed sc_inner_width_none sc_layouts_column_icons_position_left e-con e-parent\" data-id=\"15adac8\" data-element_type=\"container\" data-core-v316-plus=\"true\">\n\t\t\t\t\t<div class=\"e-con-inner\">\n\t\t<div class=\"elementor-element elementor-element-2881594 e-con-full e-flex sc_inner_width_none sc_layouts_column_icons_position_left e-con e-child\" data-id=\"2881594\" data-element_type=\"container\">\n\t\t\t\t<div class=\"elementor-element elementor-element-01a0647 archimg sc_fly_static elementor-widget elementor-widget-image\" data-id=\"01a0647\" data-element_type=\"widget\" data-widget_type=\"image.default\">\n\t\t\t\t<div class=\"elementor-widget-container\">\n\t\t\t<style>\/*! elementor - v3.20.0 - 26-03-2024 *\/\n.elementor-widget-image{text-align:center}.elementor-widget-image a{display:inline-block}.elementor-widget-image a img[src$=\".svg\"]{width:48px}.elementor-widget-image img{vertical-align:middle;display:inline-block}<\/style>\t\t\t\t\t\t\t\t\t\t<img fetchpriority=\"high\" decoding=\"async\" width=\"1024\" height=\"683\" src=\"https:\/\/postarchive.org\/wp2024\/wp-content\/uploads\/2016\/01\/778C9647-1024x683.jpeg\" class=\"attachment-large size-large wp-image-2013\" alt=\"\" srcset=\"https:\/\/postarchive.org\/wp2024\/wp-content\/uploads\/2016\/01\/778C9647-1024x683.jpeg 1024w, https:\/\/postarchive.org\/wp2024\/wp-content\/uploads\/2016\/01\/778C9647-600x400.jpeg 600w, https:\/\/postarchive.org\/wp2024\/wp-content\/uploads\/2016\/01\/778C9647-300x200.jpeg 300w, https:\/\/postarchive.org\/wp2024\/wp-content\/uploads\/2016\/01\/778C9647-1130x753.jpeg 1130w, https:\/\/postarchive.org\/wp2024\/wp-content\/uploads\/2016\/01\/778C9647-800x533.jpeg 800w, https:\/\/postarchive.org\/wp2024\/wp-content\/uploads\/2016\/01\/778C9647-200x133.jpeg 200w, https:\/\/postarchive.org\/wp2024\/wp-content\/uploads\/2016\/01\/778C9647-50x33.jpeg 50w, https:\/\/postarchive.org\/wp2024\/wp-content\/uploads\/2016\/01\/778C9647.jpeg 1200w\" sizes=\"(max-width: 1024px) 100vw, 1024px\" \/>\t\t\t\t\t\t\t\t\t\t\t\t\t<\/div>\n\t\t\t\t<\/div>\n\t\t\t\t<\/div>\n\t\t<div class=\"elementor-element elementor-element-5a15dee e-con-full e-flex sc_inner_width_none sc_layouts_column_icons_position_left e-con e-child\" data-id=\"5a15dee\" data-element_type=\"container\">\n\t\t\t\t<div class=\"elementor-element elementor-element-4b99402 sc_fly_static elementor-widget elementor-widget-text-editor\" data-id=\"4b99402\" data-element_type=\"widget\" data-widget_type=\"text-editor.default\">\n\t\t\t\t<div class=\"elementor-widget-container\">\n\t\t\t<style>\/*! elementor - v3.20.0 - 26-03-2024 *\/\n.elementor-widget-text-editor.elementor-drop-cap-view-stacked .elementor-drop-cap{background-color:#69727d;color:#fff}.elementor-widget-text-editor.elementor-drop-cap-view-framed .elementor-drop-cap{color:#69727d;border:3px solid;background-color:transparent}.elementor-widget-text-editor:not(.elementor-drop-cap-view-default) .elementor-drop-cap{margin-top:8px}.elementor-widget-text-editor:not(.elementor-drop-cap-view-default) .elementor-drop-cap-letter{width:1em;height:1em}.elementor-widget-text-editor .elementor-drop-cap{float:left;text-align:center;line-height:1;font-size:50px}.elementor-widget-text-editor .elementor-drop-cap-letter{display:inline-block}<\/style>\t\t\t\t<p><strong>T\u00edtulo:<\/strong> Muro destru\u00eddo com tijolos<br \/><strong>Data<\/strong>: 2009<br \/><strong>N\u00edvel descri\u00e7\u00e3o:<\/strong> Quinta da vict\u00f3ria bairro situado na Portela de Lisboa, demoli\u00e7\u00e3o do bairro total ocorreu em 2015<br \/><strong>Dimens\u00e3o e suporte<\/strong>: Inkjet print<br \/><strong>Nome dos autores e biografia<\/strong>: M\u00f3nica de Miranda<br \/><strong>Condi\u00e7\u00f5es de reprodu\u00e7\u00e3o:<\/strong> Todos os direitos reservados, reprodu\u00e7\u00e3o segundo autoriza\u00e7\u00e3o da autora<br \/><strong>C\u00f3digo:<\/strong> MM-UND-VIT-013<br \/><strong>Localiza\u00e7\u00e3o:<\/strong> Quinta da Vict\u00f3ria<br \/><strong>Categoria:<\/strong> Fotografia<\/p>\t\t\t\t\t\t<\/div>\n\t\t\t\t<\/div>\n\t\t\t\t<div class=\"elementor-element elementor-element-55f21a8 repbtn sc_fly_static elementor-widget elementor-widget-button\" data-id=\"55f21a8\" data-element_type=\"widget\" data-widget_type=\"button.default\">\n\t\t\t\t<div class=\"elementor-widget-container\">\n\t\t\t\t\t<div class=\"elementor-button-wrapper\">\n\t\t\t<a class=\"elementor-button elementor-button-link elementor-size-sm\" href=\"https:\/\/postarchive.org\/wp2024\/reproduzir\/\">\n\t\t\t\t\t\t<span class=\"elementor-button-content-wrapper\">\n\t\t\t\t\t\t<span class=\"elementor-button-text\">Reproduzir<\/span>\n\t\t<\/span>\n\t\t\t\t\t<\/a>\n\t\t<\/div>\n\t\t\t\t<\/div>\n\t\t\t\t<\/div>\n\t\t\t\t<\/div>\n\t\t\t\t\t<\/div>\n\t\t\t\t<\/div>\n\t\t<div class=\"elementor-element elementor-element-561d7ca e-flex e-con-boxed sc_inner_width_none sc_layouts_column_icons_position_left e-con e-parent\" data-id=\"561d7ca\" data-element_type=\"container\" data-core-v316-plus=\"true\">\n\t\t\t\t\t<div class=\"e-con-inner\">\n\t\t<div class=\"elementor-element elementor-element-0812971 e-con-full e-flex sc_inner_width_none sc_layouts_column_icons_position_left e-con e-child\" data-id=\"0812971\" data-element_type=\"container\">\n\t\t\t\t<div class=\"elementor-element elementor-element-1fa0008 archimg sc_fly_static elementor-widget elementor-widget-image\" data-id=\"1fa0008\" data-element_type=\"widget\" data-widget_type=\"image.default\">\n\t\t\t\t<div class=\"elementor-widget-container\">\n\t\t\t\t\t\t\t\t\t\t\t\t\t<img decoding=\"async\" width=\"800\" height=\"532\" src=\"https:\/\/postarchive.org\/wp2024\/wp-content\/uploads\/2015\/07\/DSC_2847.jpg\" class=\"attachment-large size-large wp-image-1637\" alt=\"\" srcset=\"https:\/\/postarchive.org\/wp2024\/wp-content\/uploads\/2015\/07\/DSC_2847.jpg 800w, https:\/\/postarchive.org\/wp2024\/wp-content\/uploads\/2015\/07\/DSC_2847-600x399.jpg 600w, https:\/\/postarchive.org\/wp2024\/wp-content\/uploads\/2015\/07\/DSC_2847-300x200.jpg 300w, https:\/\/postarchive.org\/wp2024\/wp-content\/uploads\/2015\/07\/DSC_2847-200x133.jpg 200w, https:\/\/postarchive.org\/wp2024\/wp-content\/uploads\/2015\/07\/DSC_2847-50x33.jpg 50w\" sizes=\"(max-width: 800px) 100vw, 800px\" \/>\t\t\t\t\t\t\t\t\t\t\t\t\t<\/div>\n\t\t\t\t<\/div>\n\t\t\t\t<\/div>\n\t\t<div class=\"elementor-element elementor-element-6a4e3cf e-con-full e-flex sc_inner_width_none sc_layouts_column_icons_position_left e-con e-child\" data-id=\"6a4e3cf\" data-element_type=\"container\">\n\t\t\t\t<div class=\"elementor-element elementor-element-100580c sc_fly_static elementor-widget elementor-widget-text-editor\" data-id=\"100580c\" data-element_type=\"widget\" data-widget_type=\"text-editor.default\">\n\t\t\t\t<div class=\"elementor-widget-container\">\n\t\t\t\t\t\t\t<p><strong>T\u00edtulo<\/strong>: Carro sem janela<br \/><strong>Data:<\/strong> 2009<br \/><strong>N\u00edvel descri\u00e7\u00e3o:<\/strong> Quinta da vict\u00f3ria bairro situado na Portela de Lisboa, demoli\u00e7\u00e3o do bairro total ocorreu em 2015<br \/><strong>Dimens\u00e3o e suporte:<\/strong> Inkjet print<br \/><strong>Nome dos autores e biografia:<\/strong> M\u00f3nica de Miranda<br \/>Condi\u00e7\u00f5es de reprodu\u00e7\u00e3o: Todos os direitos reservados, reprodu\u00e7\u00e3o segundo autoriza\u00e7\u00e3o da autora<br \/><strong>C\u00f3digo:<\/strong> MM-UND-VIT-003<br \/><strong>Localiza\u00e7\u00e3o:<\/strong> Quinta da Vict\u00f3ria<br \/><strong>Categoria:<\/strong> Fotografia<\/p>\t\t\t\t\t\t<\/div>\n\t\t\t\t<\/div>\n\t\t\t\t<div class=\"elementor-element elementor-element-b367939 repbtn sc_fly_static elementor-widget elementor-widget-button\" data-id=\"b367939\" data-element_type=\"widget\" data-widget_type=\"button.default\">\n\t\t\t\t<div class=\"elementor-widget-container\">\n\t\t\t\t\t<div class=\"elementor-button-wrapper\">\n\t\t\t<a class=\"elementor-button elementor-button-link elementor-size-sm\" href=\"https:\/\/postarchive.org\/wp2024\/reproduzir\/\">\n\t\t\t\t\t\t<span class=\"elementor-button-content-wrapper\">\n\t\t\t\t\t\t<span class=\"elementor-button-text\">Reproduzir<\/span>\n\t\t<\/span>\n\t\t\t\t\t<\/a>\n\t\t<\/div>\n\t\t\t\t<\/div>\n\t\t\t\t<\/div>\n\t\t\t\t<\/div>\n\t\t\t\t\t<\/div>\n\t\t\t\t<\/div>\n\t\t<div class=\"elementor-element elementor-element-f27caa6 e-flex e-con-boxed sc_inner_width_none sc_layouts_column_icons_position_left e-con e-parent\" data-id=\"f27caa6\" data-element_type=\"container\" data-core-v316-plus=\"true\">\n\t\t\t\t\t<div class=\"e-con-inner\">\n\t\t<div class=\"elementor-element elementor-element-e3574c1 e-con-full e-flex sc_inner_width_none sc_layouts_column_icons_position_left e-con e-child\" data-id=\"e3574c1\" data-element_type=\"container\">\n\t\t\t\t<div class=\"elementor-element elementor-element-07fdc42 archimg sc_fly_static elementor-widget elementor-widget-image\" data-id=\"07fdc42\" data-element_type=\"widget\" data-widget_type=\"image.default\">\n\t\t\t\t<div class=\"elementor-widget-container\">\n\t\t\t\t\t\t\t\t\t\t\t\t\t<img decoding=\"async\" width=\"787\" height=\"524\" src=\"https:\/\/postarchive.org\/wp2024\/wp-content\/uploads\/2015\/07\/pag115.jpg\" class=\"attachment-large size-large wp-image-1432\" alt=\"\" srcset=\"https:\/\/postarchive.org\/wp2024\/wp-content\/uploads\/2015\/07\/pag115.jpg 787w, https:\/\/postarchive.org\/wp2024\/wp-content\/uploads\/2015\/07\/pag115-600x399.jpg 600w, https:\/\/postarchive.org\/wp2024\/wp-content\/uploads\/2015\/07\/pag115-300x200.jpg 300w, https:\/\/postarchive.org\/wp2024\/wp-content\/uploads\/2015\/07\/pag115-200x133.jpg 200w, https:\/\/postarchive.org\/wp2024\/wp-content\/uploads\/2015\/07\/pag115-50x33.jpg 50w\" sizes=\"(max-width: 787px) 100vw, 787px\" \/>\t\t\t\t\t\t\t\t\t\t\t\t\t<\/div>\n\t\t\t\t<\/div>\n\t\t\t\t<\/div>\n\t\t<div class=\"elementor-element elementor-element-f302c62 e-con-full e-flex sc_inner_width_none sc_layouts_column_icons_position_left e-con e-child\" data-id=\"f302c62\" data-element_type=\"container\">\n\t\t\t\t<div class=\"elementor-element elementor-element-dc4ba65 sc_fly_static elementor-widget elementor-widget-text-editor\" data-id=\"dc4ba65\" data-element_type=\"widget\" data-widget_type=\"text-editor.default\">\n\t\t\t\t<div class=\"elementor-widget-container\">\n\t\t\t\t\t\t\t<p><strong>T\u00edtulo:<\/strong> Destro\u00e7os e pr\u00e9dios<br \/><strong>Data<\/strong>: 2009<br \/><strong>N\u00edvel descri\u00e7\u00e3o:<\/strong> Quinta da vict\u00f3ria bairro situado na Portela de Lisboa, demoli\u00e7\u00e3o do bairro total ocorreu em 2015<br \/><strong>Dimens\u00e3o e suporte:<\/strong> Inkjet print<br \/><strong>Nome dos autores e biografia:<\/strong> M\u00f3nica de Miranda<br \/><strong>Condi\u00e7\u00f5es de reprodu\u00e7\u00e3o:<\/strong> Todos os direitos reservados, reprodu\u00e7\u00e3o segundo autoriza\u00e7\u00e3o da autora<br \/><strong>C\u00f3digo:<\/strong> MM-UND-VIT-001<br \/><strong>Localiza\u00e7\u00e3o:<\/strong> Quinta da Vict\u00f3ria<br \/><strong>Categoria:<\/strong> Fotografia<\/p>\t\t\t\t\t\t<\/div>\n\t\t\t\t<\/div>\n\t\t\t\t<div class=\"elementor-element elementor-element-25db5a1 repbtn sc_fly_static elementor-widget elementor-widget-button\" data-id=\"25db5a1\" data-element_type=\"widget\" data-widget_type=\"button.default\">\n\t\t\t\t<div class=\"elementor-widget-container\">\n\t\t\t\t\t<div class=\"elementor-button-wrapper\">\n\t\t\t<a class=\"elementor-button elementor-button-link elementor-size-sm\" href=\"https:\/\/postarchive.org\/wp2024\/reproduzir\/\">\n\t\t\t\t\t\t<span class=\"elementor-button-content-wrapper\">\n\t\t\t\t\t\t<span class=\"elementor-button-text\">Reproduzir<\/span>\n\t\t<\/span>\n\t\t\t\t\t<\/a>\n\t\t<\/div>\n\t\t\t\t<\/div>\n\t\t\t\t<\/div>\n\t\t\t\t<\/div>\n\t\t\t\t\t<\/div>\n\t\t\t\t<\/div>\n\t\t<div class=\"elementor-element elementor-element-0296a5c e-flex e-con-boxed sc_inner_width_none sc_layouts_column_icons_position_left e-con e-parent\" data-id=\"0296a5c\" data-element_type=\"container\" data-core-v316-plus=\"true\">\n\t\t\t\t\t<div class=\"e-con-inner\">\n\t\t<div class=\"elementor-element elementor-element-faad553 e-con-full e-flex sc_inner_width_none sc_layouts_column_icons_position_left e-con e-child\" data-id=\"faad553\" data-element_type=\"container\">\n\t\t\t\t<div class=\"elementor-element elementor-element-a4182eb archimg sc_fly_static elementor-widget elementor-widget-image\" data-id=\"a4182eb\" data-element_type=\"widget\" data-widget_type=\"image.default\">\n\t\t\t\t<div class=\"elementor-widget-container\">\n\t\t\t\t\t\t\t\t\t\t\t\t\t<img loading=\"lazy\" decoding=\"async\" width=\"787\" height=\"523\" src=\"https:\/\/postarchive.org\/wp2024\/wp-content\/uploads\/2015\/07\/pag104.jpg\" class=\"attachment-large size-large wp-image-1387\" alt=\"\" srcset=\"https:\/\/postarchive.org\/wp2024\/wp-content\/uploads\/2015\/07\/pag104.jpg 787w, https:\/\/postarchive.org\/wp2024\/wp-content\/uploads\/2015\/07\/pag104-600x399.jpg 600w, https:\/\/postarchive.org\/wp2024\/wp-content\/uploads\/2015\/07\/pag104-300x199.jpg 300w, https:\/\/postarchive.org\/wp2024\/wp-content\/uploads\/2015\/07\/pag104-200x133.jpg 200w, https:\/\/postarchive.org\/wp2024\/wp-content\/uploads\/2015\/07\/pag104-50x33.jpg 50w\" sizes=\"(max-width: 787px) 100vw, 787px\" \/>\t\t\t\t\t\t\t\t\t\t\t\t\t<\/div>\n\t\t\t\t<\/div>\n\t\t\t\t<\/div>\n\t\t<div class=\"elementor-element elementor-element-6602907 e-con-full e-flex sc_inner_width_none sc_layouts_column_icons_position_left e-con e-child\" data-id=\"6602907\" data-element_type=\"container\">\n\t\t\t\t<div class=\"elementor-element elementor-element-e2d5dc4 sc_fly_static elementor-widget elementor-widget-text-editor\" data-id=\"e2d5dc4\" data-element_type=\"widget\" data-widget_type=\"text-editor.default\">\n\t\t\t\t<div class=\"elementor-widget-container\">\n\t\t\t\t\t\t\t<p><strong>T\u00edtulo:<\/strong> Mesa e quatro cadeiras<br \/><strong>Data<\/strong>: 2009<br \/><strong>N\u00edvel descri\u00e7\u00e3o:<\/strong> Quinta da vict\u00f3ria bairro situado na Portela de Lisboa, demoli\u00e7\u00e3o do bairro total ocorreu em 2015<br \/><strong>Dimens\u00e3o e suporte:<\/strong> Inkjet print<br \/><strong>Nome dos autores e biografia:<\/strong> M\u00f3nica de Miranda<br \/><strong>Condi\u00e7\u00f5es de reprodu\u00e7\u00e3o:<\/strong> Todos os direitos reservados, reprodu\u00e7\u00e3o segundo autoriza\u00e7\u00e3o da autora<br \/><strong>C\u00f3digo:<\/strong> MM-UND-VIT-014<br \/><strong>Localiza\u00e7\u00e3o:<\/strong> Quinta da Vict\u00f3ria<br \/><strong>Categoria:<\/strong> Fotografia<\/p>\t\t\t\t\t\t<\/div>\n\t\t\t\t<\/div>\n\t\t\t\t<div class=\"elementor-element elementor-element-8095ea0 repbtn sc_fly_static elementor-widget elementor-widget-button\" data-id=\"8095ea0\" data-element_type=\"widget\" data-widget_type=\"button.default\">\n\t\t\t\t<div class=\"elementor-widget-container\">\n\t\t\t\t\t<div class=\"elementor-button-wrapper\">\n\t\t\t<a class=\"elementor-button elementor-button-link elementor-size-sm\" href=\"https:\/\/postarchive.org\/wp2024\/reproduzir\/\">\n\t\t\t\t\t\t<span class=\"elementor-button-content-wrapper\">\n\t\t\t\t\t\t<span class=\"elementor-button-text\">Reproduzir<\/span>\n\t\t<\/span>\n\t\t\t\t\t<\/a>\n\t\t<\/div>\n\t\t\t\t<\/div>\n\t\t\t\t<\/div>\n\t\t\t\t<\/div>\n\t\t\t\t\t<\/div>\n\t\t\t\t<\/div>\n\t\t<div class=\"elementor-element elementor-element-dd9e43b e-flex e-con-boxed sc_inner_width_none sc_layouts_column_icons_position_left e-con e-parent\" data-id=\"dd9e43b\" data-element_type=\"container\" data-core-v316-plus=\"true\">\n\t\t\t\t\t<div class=\"e-con-inner\">\n\t\t<div class=\"elementor-element elementor-element-d403495 e-con-full e-flex sc_inner_width_none sc_layouts_column_icons_position_left e-con e-child\" data-id=\"d403495\" data-element_type=\"container\">\n\t\t\t\t<div class=\"elementor-element elementor-element-3a47066 archimg sc_fly_static elementor-widget elementor-widget-image\" data-id=\"3a47066\" data-element_type=\"widget\" data-widget_type=\"image.default\">\n\t\t\t\t<div class=\"elementor-widget-container\">\n\t\t\t\t\t\t\t\t\t\t\t\t\t<img loading=\"lazy\" decoding=\"async\" width=\"800\" height=\"532\" src=\"https:\/\/postarchive.org\/wp2024\/wp-content\/uploads\/2015\/07\/DSC_2931.jpg\" class=\"attachment-large size-large wp-image-1641\" alt=\"\" srcset=\"https:\/\/postarchive.org\/wp2024\/wp-content\/uploads\/2015\/07\/DSC_2931.jpg 800w, https:\/\/postarchive.org\/wp2024\/wp-content\/uploads\/2015\/07\/DSC_2931-600x399.jpg 600w, https:\/\/postarchive.org\/wp2024\/wp-content\/uploads\/2015\/07\/DSC_2931-300x200.jpg 300w, https:\/\/postarchive.org\/wp2024\/wp-content\/uploads\/2015\/07\/DSC_2931-200x133.jpg 200w, https:\/\/postarchive.org\/wp2024\/wp-content\/uploads\/2015\/07\/DSC_2931-50x33.jpg 50w\" sizes=\"(max-width: 800px) 100vw, 800px\" \/>\t\t\t\t\t\t\t\t\t\t\t\t\t<\/div>\n\t\t\t\t<\/div>\n\t\t\t\t<\/div>\n\t\t<div class=\"elementor-element elementor-element-4960854 e-con-full e-flex sc_inner_width_none sc_layouts_column_icons_position_left e-con e-child\" data-id=\"4960854\" data-element_type=\"container\">\n\t\t\t\t<div class=\"elementor-element elementor-element-e996353 sc_fly_static elementor-widget elementor-widget-text-editor\" data-id=\"e996353\" data-element_type=\"widget\" data-widget_type=\"text-editor.default\">\n\t\t\t\t<div class=\"elementor-widget-container\">\n\t\t\t\t\t\t\t<p><strong>T\u00edtulo:<\/strong> Muro verde<br \/><strong>Data<\/strong>: 2009<br \/><strong>N\u00edvel descri\u00e7\u00e3o:<\/strong> Quinta da vict\u00f3ria bairro situado na Portela de Lisboa, demoli\u00e7\u00e3o do bairro total ocorreu em 2015<br \/><strong>Dimens\u00e3o e suporte:<\/strong> Inkjet print<br \/><strong>Nome dos autores e biografia:<\/strong> M\u00f3nica de Miranda<br \/><strong>Condi\u00e7\u00f5es de reprodu\u00e7\u00e3o:<\/strong> Todos os direitos reservados, reprodu\u00e7\u00e3o segundo autoriza\u00e7\u00e3o da autora<br \/><strong>C\u00f3digo:<\/strong> MM-UND-VIT-015<br \/><strong>Localiza\u00e7\u00e3o:<\/strong> Quinta da Vict\u00f3ria<br \/><strong>Categoria:<\/strong> Fotografia<\/p>\t\t\t\t\t\t<\/div>\n\t\t\t\t<\/div>\n\t\t\t\t<div class=\"elementor-element elementor-element-c86f9ad repbtn sc_fly_static elementor-widget elementor-widget-button\" data-id=\"c86f9ad\" data-element_type=\"widget\" data-widget_type=\"button.default\">\n\t\t\t\t<div class=\"elementor-widget-container\">\n\t\t\t\t\t<div class=\"elementor-button-wrapper\">\n\t\t\t<a class=\"elementor-button elementor-button-link elementor-size-sm\" href=\"https:\/\/postarchive.org\/wp2024\/reproduzir\/\">\n\t\t\t\t\t\t<span class=\"elementor-button-content-wrapper\">\n\t\t\t\t\t\t<span class=\"elementor-button-text\">Reproduzir<\/span>\n\t\t<\/span>\n\t\t\t\t\t<\/a>\n\t\t<\/div>\n\t\t\t\t<\/div>\n\t\t\t\t<\/div>\n\t\t\t\t<\/div>\n\t\t\t\t\t<\/div>\n\t\t\t\t<\/div>\n\t\t<div class=\"elementor-element elementor-element-02d38e1 e-flex e-con-boxed sc_inner_width_none sc_layouts_column_icons_position_left e-con e-parent\" data-id=\"02d38e1\" data-element_type=\"container\" data-core-v316-plus=\"true\">\n\t\t\t\t\t<div class=\"e-con-inner\">\n\t\t<div class=\"elementor-element elementor-element-661a793 e-con-full e-flex sc_inner_width_none sc_layouts_column_icons_position_left e-con e-child\" data-id=\"661a793\" data-element_type=\"container\">\n\t\t\t\t<div class=\"elementor-element elementor-element-f8b17f3 archimg sc_fly_static elementor-widget elementor-widget-image\" data-id=\"f8b17f3\" data-element_type=\"widget\" data-widget_type=\"image.default\">\n\t\t\t\t<div class=\"elementor-widget-container\">\n\t\t\t\t\t\t\t\t\t\t\t\t\t<img loading=\"lazy\" decoding=\"async\" width=\"800\" height=\"532\" src=\"https:\/\/postarchive.org\/wp2024\/wp-content\/uploads\/2015\/07\/DSC_2848.jpg\" class=\"attachment-large size-large wp-image-1638\" alt=\"\" srcset=\"https:\/\/postarchive.org\/wp2024\/wp-content\/uploads\/2015\/07\/DSC_2848.jpg 800w, https:\/\/postarchive.org\/wp2024\/wp-content\/uploads\/2015\/07\/DSC_2848-600x399.jpg 600w, https:\/\/postarchive.org\/wp2024\/wp-content\/uploads\/2015\/07\/DSC_2848-300x200.jpg 300w, https:\/\/postarchive.org\/wp2024\/wp-content\/uploads\/2015\/07\/DSC_2848-200x133.jpg 200w, https:\/\/postarchive.org\/wp2024\/wp-content\/uploads\/2015\/07\/DSC_2848-50x33.jpg 50w\" sizes=\"(max-width: 800px) 100vw, 800px\" \/>\t\t\t\t\t\t\t\t\t\t\t\t\t<\/div>\n\t\t\t\t<\/div>\n\t\t\t\t<\/div>\n\t\t<div class=\"elementor-element elementor-element-f50f12d e-con-full e-flex sc_inner_width_none sc_layouts_column_icons_position_left e-con e-child\" data-id=\"f50f12d\" data-element_type=\"container\">\n\t\t\t\t<div class=\"elementor-element elementor-element-f035abf sc_fly_static elementor-widget elementor-widget-text-editor\" data-id=\"f035abf\" data-element_type=\"widget\" data-widget_type=\"text-editor.default\">\n\t\t\t\t<div class=\"elementor-widget-container\">\n\t\t\t\t\t\t\t<p><strong>T\u00edtulo:<\/strong> Roupas penduradas<br \/><strong>Data<\/strong>: 2009<br \/><strong>N\u00edvel descri\u00e7\u00e3o:<\/strong> Quinta da vict\u00f3ria bairro situado na Portela de Lisboa, demoli\u00e7\u00e3o do bairro total ocorreu em 2015<br \/><strong>Dimens\u00e3o e suporte:<\/strong> Inkjet print<br \/><strong>Nome dos autores e biografia:<\/strong> M\u00f3nica de Miranda<br \/><strong>Condi\u00e7\u00f5es de reprodu\u00e7\u00e3o:<\/strong> Todos os direitos reservados, reprodu\u00e7\u00e3o segundo autoriza\u00e7\u00e3o da autora<br \/><strong>C\u00f3digo:<\/strong> MM-UND-VIT-005<br \/><strong>Localiza\u00e7\u00e3o:<\/strong> Quinta da Vict\u00f3ria<br \/><strong>Categoria:<\/strong> Fotografia<\/p>\t\t\t\t\t\t<\/div>\n\t\t\t\t<\/div>\n\t\t\t\t<div class=\"elementor-element elementor-element-788576f repbtn sc_fly_static elementor-widget elementor-widget-button\" data-id=\"788576f\" data-element_type=\"widget\" data-widget_type=\"button.default\">\n\t\t\t\t<div class=\"elementor-widget-container\">\n\t\t\t\t\t<div class=\"elementor-button-wrapper\">\n\t\t\t<a class=\"elementor-button elementor-button-link elementor-size-sm\" href=\"https:\/\/postarchive.org\/wp2024\/reproduzir\/\">\n\t\t\t\t\t\t<span class=\"elementor-button-content-wrapper\">\n\t\t\t\t\t\t<span class=\"elementor-button-text\">Reproduzir<\/span>\n\t\t<\/span>\n\t\t\t\t\t<\/a>\n\t\t<\/div>\n\t\t\t\t<\/div>\n\t\t\t\t<\/div>\n\t\t\t\t<\/div>\n\t\t\t\t\t<\/div>\n\t\t\t\t<\/div>\n\t\t<div class=\"elementor-element elementor-element-a5c576b e-flex e-con-boxed sc_inner_width_none sc_layouts_column_icons_position_left e-con e-parent\" data-id=\"a5c576b\" data-element_type=\"container\" data-core-v316-plus=\"true\">\n\t\t\t\t\t<div class=\"e-con-inner\">\n\t\t<div class=\"elementor-element elementor-element-5bef394 e-con-full e-flex sc_inner_width_none sc_layouts_column_icons_position_left e-con e-child\" data-id=\"5bef394\" data-element_type=\"container\">\n\t\t\t\t<div class=\"elementor-element elementor-element-b75da49 archimg sc_fly_static elementor-widget elementor-widget-image\" data-id=\"b75da49\" data-element_type=\"widget\" data-widget_type=\"image.default\">\n\t\t\t\t<div class=\"elementor-widget-container\">\n\t\t\t\t\t\t\t\t\t\t\t\t\t<img loading=\"lazy\" decoding=\"async\" width=\"800\" height=\"532\" src=\"https:\/\/postarchive.org\/wp2024\/wp-content\/uploads\/2015\/07\/DSC_2838.jpg\" class=\"attachment-large size-large wp-image-1635\" alt=\"\" srcset=\"https:\/\/postarchive.org\/wp2024\/wp-content\/uploads\/2015\/07\/DSC_2838.jpg 800w, https:\/\/postarchive.org\/wp2024\/wp-content\/uploads\/2015\/07\/DSC_2838-600x399.jpg 600w, https:\/\/postarchive.org\/wp2024\/wp-content\/uploads\/2015\/07\/DSC_2838-300x200.jpg 300w, https:\/\/postarchive.org\/wp2024\/wp-content\/uploads\/2015\/07\/DSC_2838-200x133.jpg 200w, https:\/\/postarchive.org\/wp2024\/wp-content\/uploads\/2015\/07\/DSC_2838-50x33.jpg 50w\" sizes=\"(max-width: 800px) 100vw, 800px\" \/>\t\t\t\t\t\t\t\t\t\t\t\t\t<\/div>\n\t\t\t\t<\/div>\n\t\t\t\t<\/div>\n\t\t<div class=\"elementor-element elementor-element-22c02b9 e-con-full e-flex sc_inner_width_none sc_layouts_column_icons_position_left e-con e-child\" data-id=\"22c02b9\" data-element_type=\"container\">\n\t\t\t\t<div class=\"elementor-element elementor-element-eb4ca6f sc_fly_static elementor-widget elementor-widget-text-editor\" data-id=\"eb4ca6f\" data-element_type=\"widget\" data-widget_type=\"text-editor.default\">\n\t\t\t\t<div class=\"elementor-widget-container\">\n\t\t\t\t\t\t\t<p><strong>T\u00edtulo:<\/strong> Muro branco<br \/><strong>Data<\/strong>: 2009<br \/><strong>N\u00edvel descri\u00e7\u00e3o:<\/strong> Quinta da vict\u00f3ria bairro situado na Portela de Lisboa, demoli\u00e7\u00e3o do bairro total ocorreu em 2015<br \/><strong>Dimens\u00e3o e suporte:<\/strong> Inkjet print<br \/><strong>Nome dos autores e biografia:<\/strong> M\u00f3nica de Miranda<br \/><strong>Condi\u00e7\u00f5es de reprodu\u00e7\u00e3o:<\/strong> Todos os direitos reservados, reprodu\u00e7\u00e3o segundo autoriza\u00e7\u00e3o da autora<br \/><strong>C\u00f3digo:<\/strong> MM-UND-VIT-011<br \/><strong>Localiza\u00e7\u00e3o:<\/strong> Quinta da Vict\u00f3ria<br \/><strong>Categoria:<\/strong> Fotografia<\/p>\t\t\t\t\t\t<\/div>\n\t\t\t\t<\/div>\n\t\t\t\t<div class=\"elementor-element elementor-element-56c3393 repbtn sc_fly_static elementor-widget elementor-widget-button\" data-id=\"56c3393\" data-element_type=\"widget\" data-widget_type=\"button.default\">\n\t\t\t\t<div class=\"elementor-widget-container\">\n\t\t\t\t\t<div class=\"elementor-button-wrapper\">\n\t\t\t<a class=\"elementor-button elementor-button-link elementor-size-sm\" href=\"https:\/\/postarchive.org\/wp2024\/reproduzir\/\">\n\t\t\t\t\t\t<span class=\"elementor-button-content-wrapper\">\n\t\t\t\t\t\t<span class=\"elementor-button-text\">Reproduzir<\/span>\n\t\t<\/span>\n\t\t\t\t\t<\/a>\n\t\t<\/div>\n\t\t\t\t<\/div>\n\t\t\t\t<\/div>\n\t\t\t\t<\/div>\n\t\t\t\t\t<\/div>\n\t\t\t\t<\/div>\n\t\t<div class=\"elementor-element elementor-element-78eab64 e-flex e-con-boxed sc_inner_width_none sc_layouts_column_icons_position_left e-con e-parent\" data-id=\"78eab64\" data-element_type=\"container\" data-core-v316-plus=\"true\">\n\t\t\t\t\t<div class=\"e-con-inner\">\n\t\t<div class=\"elementor-element elementor-element-7bdaf16 e-con-full e-flex sc_inner_width_none sc_layouts_column_icons_position_left e-con e-child\" data-id=\"7bdaf16\" data-element_type=\"container\">\n\t\t\t\t<div class=\"elementor-element elementor-element-66296ec archimg sc_fly_static elementor-widget elementor-widget-image\" data-id=\"66296ec\" data-element_type=\"widget\" data-widget_type=\"image.default\">\n\t\t\t\t<div class=\"elementor-widget-container\">\n\t\t\t\t\t\t\t\t\t\t\t\t\t<img loading=\"lazy\" decoding=\"async\" width=\"800\" height=\"529\" src=\"https:\/\/postarchive.org\/wp2024\/wp-content\/uploads\/2015\/07\/DSC_2400.jpg\" class=\"attachment-large size-large wp-image-1554\" alt=\"\" srcset=\"https:\/\/postarchive.org\/wp2024\/wp-content\/uploads\/2015\/07\/DSC_2400.jpg 800w, https:\/\/postarchive.org\/wp2024\/wp-content\/uploads\/2015\/07\/DSC_2400-600x397.jpg 600w, https:\/\/postarchive.org\/wp2024\/wp-content\/uploads\/2015\/07\/DSC_2400-300x198.jpg 300w, https:\/\/postarchive.org\/wp2024\/wp-content\/uploads\/2015\/07\/DSC_2400-200x132.jpg 200w, https:\/\/postarchive.org\/wp2024\/wp-content\/uploads\/2015\/07\/DSC_2400-50x33.jpg 50w\" sizes=\"(max-width: 800px) 100vw, 800px\" \/>\t\t\t\t\t\t\t\t\t\t\t\t\t<\/div>\n\t\t\t\t<\/div>\n\t\t\t\t<\/div>\n\t\t<div class=\"elementor-element elementor-element-2e64206 e-con-full e-flex sc_inner_width_none sc_layouts_column_icons_position_left e-con e-child\" data-id=\"2e64206\" data-element_type=\"container\">\n\t\t\t\t<div class=\"elementor-element elementor-element-a98ed7c sc_fly_static elementor-widget elementor-widget-text-editor\" data-id=\"a98ed7c\" data-element_type=\"widget\" data-widget_type=\"text-editor.default\">\n\t\t\t\t<div class=\"elementor-widget-container\">\n\t\t\t\t\t\t\t<p><strong>T\u00edtulo:<\/strong> Duas cadeiras<br \/><strong>Data<\/strong>: 2009<br \/><strong>N\u00edvel descri\u00e7\u00e3o:<\/strong> Quinta da vict\u00f3ria bairro situado na Portela de Lisboa, demoli\u00e7\u00e3o do bairro total ocorreu em 2015<br \/><strong>Dimens\u00e3o e suporte:<\/strong> Inkjet print<br \/><strong>Nome dos autores e biografia:<\/strong> M\u00f3nica de Miranda<br \/><strong>Condi\u00e7\u00f5es de reprodu\u00e7\u00e3o:<\/strong> Todos os direitos reservados, reprodu\u00e7\u00e3o segundo autoriza\u00e7\u00e3o da autora<br \/><strong>C\u00f3digo:<\/strong> MM-UND-VIT-016<br \/><strong>Localiza\u00e7\u00e3o:<\/strong> Quinta da Vict\u00f3ria<br \/><strong>Categoria:<\/strong> Fotografia<\/p>\t\t\t\t\t\t<\/div>\n\t\t\t\t<\/div>\n\t\t\t\t<div class=\"elementor-element elementor-element-812a3c0 repbtn sc_fly_static elementor-widget elementor-widget-button\" data-id=\"812a3c0\" data-element_type=\"widget\" data-widget_type=\"button.default\">\n\t\t\t\t<div class=\"elementor-widget-container\">\n\t\t\t\t\t<div class=\"elementor-button-wrapper\">\n\t\t\t<a class=\"elementor-button elementor-button-link elementor-size-sm\" href=\"https:\/\/postarchive.org\/wp2024\/reproduzir\/\">\n\t\t\t\t\t\t<span class=\"elementor-button-content-wrapper\">\n\t\t\t\t\t\t<span class=\"elementor-button-text\">Reproduzir<\/span>\n\t\t<\/span>\n\t\t\t\t\t<\/a>\n\t\t<\/div>\n\t\t\t\t<\/div>\n\t\t\t\t<\/div>\n\t\t\t\t<\/div>\n\t\t\t\t\t<\/div>\n\t\t\t\t<\/div>\n\t\t<div class=\"elementor-element elementor-element-60f135c e-flex e-con-boxed sc_inner_width_none sc_layouts_column_icons_position_left e-con e-parent\" data-id=\"60f135c\" data-element_type=\"container\" data-core-v316-plus=\"true\">\n\t\t\t\t\t<div class=\"e-con-inner\">\n\t\t<div class=\"elementor-element elementor-element-cfb6892 e-con-full e-flex sc_inner_width_none sc_layouts_column_icons_position_left e-con e-child\" data-id=\"cfb6892\" data-element_type=\"container\">\n\t\t\t\t<div class=\"elementor-element elementor-element-64f9d59 archimg sc_fly_static elementor-widget elementor-widget-image\" data-id=\"64f9d59\" data-element_type=\"widget\" data-widget_type=\"image.default\">\n\t\t\t\t<div class=\"elementor-widget-container\">\n\t\t\t\t\t\t\t\t\t\t\t\t\t<img loading=\"lazy\" decoding=\"async\" width=\"800\" height=\"532\" src=\"https:\/\/postarchive.org\/wp2024\/wp-content\/uploads\/2015\/07\/DSC_2885.jpg\" class=\"attachment-large size-large wp-image-1639\" alt=\"\" srcset=\"https:\/\/postarchive.org\/wp2024\/wp-content\/uploads\/2015\/07\/DSC_2885.jpg 800w, https:\/\/postarchive.org\/wp2024\/wp-content\/uploads\/2015\/07\/DSC_2885-600x399.jpg 600w, https:\/\/postarchive.org\/wp2024\/wp-content\/uploads\/2015\/07\/DSC_2885-300x200.jpg 300w, https:\/\/postarchive.org\/wp2024\/wp-content\/uploads\/2015\/07\/DSC_2885-200x133.jpg 200w, https:\/\/postarchive.org\/wp2024\/wp-content\/uploads\/2015\/07\/DSC_2885-50x33.jpg 50w\" sizes=\"(max-width: 800px) 100vw, 800px\" \/>\t\t\t\t\t\t\t\t\t\t\t\t\t<\/div>\n\t\t\t\t<\/div>\n\t\t\t\t<\/div>\n\t\t<div class=\"elementor-element elementor-element-68b7e78 e-con-full e-flex sc_inner_width_none sc_layouts_column_icons_position_left e-con e-child\" data-id=\"68b7e78\" data-element_type=\"container\">\n\t\t\t\t<div class=\"elementor-element elementor-element-e46293d sc_fly_static elementor-widget elementor-widget-text-editor\" data-id=\"e46293d\" data-element_type=\"widget\" data-widget_type=\"text-editor.default\">\n\t\t\t\t<div class=\"elementor-widget-container\">\n\t\t\t\t\t\t\t<p><strong>T\u00edtulo:<\/strong> Mesa<br \/><strong>Data<\/strong>: 2009<br \/><strong>N\u00edvel descri\u00e7\u00e3o:<\/strong> Quinta da vict\u00f3ria bairro situado na Portela de Lisboa, demoli\u00e7\u00e3o do bairro total ocorreu em 2015<br \/><strong>Dimens\u00e3o e suporte:<\/strong> Inkjet print<br \/><strong>Nome dos autores e biografia:<\/strong> M\u00f3nica de Miranda<br \/><strong>Condi\u00e7\u00f5es de reprodu\u00e7\u00e3o:<\/strong> Todos os direitos reservados, reprodu\u00e7\u00e3o segundo autoriza\u00e7\u00e3o da autora<br \/><strong>C\u00f3digo:<\/strong> MM-UND-VIT-017<br \/><strong>Localiza\u00e7\u00e3o:<\/strong> Quinta da Vict\u00f3ria<br \/><strong>Categoria:<\/strong> Fotografia<\/p>\t\t\t\t\t\t<\/div>\n\t\t\t\t<\/div>\n\t\t\t\t<div class=\"elementor-element elementor-element-8f40e80 repbtn sc_fly_static elementor-widget elementor-widget-button\" data-id=\"8f40e80\" data-element_type=\"widget\" data-widget_type=\"button.default\">\n\t\t\t\t<div class=\"elementor-widget-container\">\n\t\t\t\t\t<div class=\"elementor-button-wrapper\">\n\t\t\t<a class=\"elementor-button elementor-button-link elementor-size-sm\" href=\"https:\/\/postarchive.org\/wp2024\/reproduzir\/\">\n\t\t\t\t\t\t<span class=\"elementor-button-content-wrapper\">\n\t\t\t\t\t\t<span class=\"elementor-button-text\">Reproduzir<\/span>\n\t\t<\/span>\n\t\t\t\t\t<\/a>\n\t\t<\/div>\n\t\t\t\t<\/div>\n\t\t\t\t<\/div>\n\t\t\t\t<\/div>\n\t\t\t\t\t<\/div>\n\t\t\t\t<\/div>\n\t\t<div class=\"elementor-element elementor-element-9ebe3ed e-flex e-con-boxed sc_inner_width_none sc_layouts_column_icons_position_left e-con e-parent\" data-id=\"9ebe3ed\" data-element_type=\"container\" data-core-v316-plus=\"true\">\n\t\t\t\t\t<div class=\"e-con-inner\">\n\t\t<div class=\"elementor-element elementor-element-cb4b34e e-con-full e-flex sc_inner_width_none sc_layouts_column_icons_position_left e-con e-child\" data-id=\"cb4b34e\" data-element_type=\"container\">\n\t\t\t\t<div class=\"elementor-element elementor-element-7edd825 archimg sc_fly_static elementor-widget elementor-widget-image\" data-id=\"7edd825\" data-element_type=\"widget\" data-widget_type=\"image.default\">\n\t\t\t\t<div class=\"elementor-widget-container\">\n\t\t\t\t\t\t\t\t\t\t\t\t\t<img loading=\"lazy\" decoding=\"async\" width=\"800\" height=\"529\" src=\"https:\/\/postarchive.org\/wp2024\/wp-content\/uploads\/2015\/07\/DSC_22661.jpg\" class=\"attachment-large size-large wp-image-1631\" alt=\"\" srcset=\"https:\/\/postarchive.org\/wp2024\/wp-content\/uploads\/2015\/07\/DSC_22661.jpg 800w, https:\/\/postarchive.org\/wp2024\/wp-content\/uploads\/2015\/07\/DSC_22661-600x397.jpg 600w, https:\/\/postarchive.org\/wp2024\/wp-content\/uploads\/2015\/07\/DSC_22661-300x198.jpg 300w, https:\/\/postarchive.org\/wp2024\/wp-content\/uploads\/2015\/07\/DSC_22661-200x132.jpg 200w, https:\/\/postarchive.org\/wp2024\/wp-content\/uploads\/2015\/07\/DSC_22661-50x33.jpg 50w\" sizes=\"(max-width: 800px) 100vw, 800px\" \/>\t\t\t\t\t\t\t\t\t\t\t\t\t<\/div>\n\t\t\t\t<\/div>\n\t\t\t\t<\/div>\n\t\t<div class=\"elementor-element elementor-element-0a03e77 e-con-full e-flex sc_inner_width_none sc_layouts_column_icons_position_left e-con e-child\" data-id=\"0a03e77\" data-element_type=\"container\">\n\t\t\t\t<div class=\"elementor-element elementor-element-e71d1b2 sc_fly_static elementor-widget elementor-widget-text-editor\" data-id=\"e71d1b2\" data-element_type=\"widget\" data-widget_type=\"text-editor.default\">\n\t\t\t\t<div class=\"elementor-widget-container\">\n\t\t\t\t\t\t\t<p><strong>T\u00edtulo:<\/strong> Muro Correio<br \/><strong>Data<\/strong>: 2009<br \/><strong>N\u00edvel descri\u00e7\u00e3o:<\/strong> Quinta da vict\u00f3ria bairro situado na Portela de Lisboa, demoli\u00e7\u00e3o do bairro total ocorreu em 2015<br \/><strong>Dimens\u00e3o e suporte:<\/strong> Inkjet print<br \/><strong>Nome dos autores e biografia:<\/strong> M\u00f3nica de Miranda<br \/><strong>Condi\u00e7\u00f5es de reprodu\u00e7\u00e3o:<\/strong> Todos os direitos reservados, reprodu\u00e7\u00e3o segundo autoriza\u00e7\u00e3o da autora<br \/><strong>C\u00f3digo:<\/strong> MM-UND-VIT-018<br \/><strong>Localiza\u00e7\u00e3o:<\/strong> Quinta da Vict\u00f3ria<br \/><strong>Categoria:<\/strong> Fotografia<\/p>\t\t\t\t\t\t<\/div>\n\t\t\t\t<\/div>\n\t\t\t\t<div class=\"elementor-element elementor-element-552e5d7 repbtn sc_fly_static elementor-widget elementor-widget-button\" data-id=\"552e5d7\" data-element_type=\"widget\" data-widget_type=\"button.default\">\n\t\t\t\t<div class=\"elementor-widget-container\">\n\t\t\t\t\t<div class=\"elementor-button-wrapper\">\n\t\t\t<a class=\"elementor-button elementor-button-link elementor-size-sm\" href=\"https:\/\/postarchive.org\/wp2024\/reproduzir\/\">\n\t\t\t\t\t\t<span class=\"elementor-button-content-wrapper\">\n\t\t\t\t\t\t<span class=\"elementor-button-text\">Reproduzir<\/span>\n\t\t<\/span>\n\t\t\t\t\t<\/a>\n\t\t<\/div>\n\t\t\t\t<\/div>\n\t\t\t\t<\/div>\n\t\t\t\t<\/div>\n\t\t\t\t\t<\/div>\n\t\t\t\t<\/div>\n\t\t<div class=\"elementor-element elementor-element-192f81ff sc_layouts_hide_on_wide sc_layouts_hide_on_desktop sc_layouts_hide_on_notebook sc_layouts_hide_on_tablet sc_layouts_hide_on_mobile e-flex e-con-boxed sc_inner_width_none sc_layouts_column_icons_position_left e-con e-parent\" data-id=\"192f81ff\" data-element_type=\"container\" data-core-v316-plus=\"true\">\n\t\t\t\t\t<div class=\"e-con-inner\">\n\t\t\t\t<div class=\"elementor-element elementor-element-4b5b83a3 sc_fly_static elementor-widget elementor-widget-text-editor\" data-id=\"4b5b83a3\" data-element_type=\"widget\" data-widget_type=\"text-editor.default\">\n\t\t\t\t<div class=\"elementor-widget-container\">\n\t\t\t\t\t\t\t[vc_row][vc_column][vc_custom_heading text=&#8221;Quinta da Vict\u00f3ria&#8221; font_container=&#8221;tag:h3|text_align:left&#8221; google_fonts=&#8221;font_family:Raleway%3A100%2C200%2C300%2Cregular%2C500%2C600%2C700%2C800%2C900|font_style:400%20regular%3A400%3Anormal&#8221;][vc_empty_space height=&#8221;5px&#8221;][vc_separator color=&#8221;black&#8221;][\/vc_column][\/vc_row][vc_row][vc_column][vc_row_inner][vc_column_inner width=&#8221;1\/2&#8243;][vc_single_image image=&#8221;2013&#8243; img_size=&#8221;full&#8221;][\/vc_column_inner][vc_column_inner width=&#8221;1\/2&#8243;][vc_column_text]\r\n<h6>T\u00edtulo:\u00a0Muro destru\u00eddo com tijolos<\/h6>\r\n<h6>Data: 2009<\/h6>\r\n<h6>N\u00edvel descri\u00e7\u00e3o: Quinta da vict\u00f3ria bairro situado na Portela de Lisboa,\u00a0 demoli\u00e7\u00e3o do bairro total ocorreu em 2015<\/h6>\r\n<h6>Dimens\u00e3o e suporte: Inkjet print<\/h6>\r\n<h6>Nome dos autores e biografia: M\u00f3nica de Miranda<\/h6>\r\n<h6>Condi\u00e7\u00f5es de reprodu\u00e7\u00e3o: Todos os direitos reservados, reprodu\u00e7\u00e3o segundo autoriza\u00e7\u00e3o da autora<\/h6>\r\n<h6>C\u00f3digo: MM-UND-VIT-013<\/h6>\r\n<h6>Localiza\u00e7\u00e3o: Quinta da Vict\u00f3ria<\/h6>\r\n<h6>Categoria: Fotografia<\/h6>\r\n[\/vc_column_text][vc_btn title=&#8221;Reproduzir&#8221; link=&#8221;url:https%3A%2F%2Fpostarchive.org%2Freproduzir%2F|title:Reproduzir|target:%20_blank|&#8221;][\/vc_column_inner][\/vc_row_inner][vc_separator color=&#8221;black&#8221;][\/vc_column][\/vc_row][vc_row][vc_column][vc_row_inner][vc_column_inner width=&#8221;1\/2&#8243;][vc_single_image image=&#8221;1637&#8243; img_size=&#8221;full&#8221;][\/vc_column_inner][vc_column_inner width=&#8221;1\/2&#8243;][vc_column_text]\r\n<h6>T\u00edtulo: Carro sem janela<\/h6>\r\n<h6>Data: 2009<\/h6>\r\n<h6>N\u00edvel descri\u00e7\u00e3o: Quinta da vict\u00f3ria bairro situado na Portela de Lisboa,\u00a0 demoli\u00e7\u00e3o do bairro total ocorreu em 2015<\/h6>\r\n<h6>Dimens\u00e3o e suporte: Inkjet print<\/h6>\r\n<h6>Nome dos autores e biografia: M\u00f3nica de Miranda<\/h6>\r\n<h6>Condi\u00e7\u00f5es de reprodu\u00e7\u00e3o: Todos os direitos reservados, reprodu\u00e7\u00e3o segundo autoriza\u00e7\u00e3o da autora<\/h6>\r\n<h6>C\u00f3digo: MM-UND-VIT-003<\/h6>\r\n<h6>Localiza\u00e7\u00e3o: Quinta da Vict\u00f3ria<\/h6>\r\n<h6>Categoria: Fotografia<\/h6>\r\n[\/vc_column_text][vc_btn title=&#8221;Reproduzir&#8221; link=&#8221;url:https%3A%2F%2Fpostarchive.org%2Freproduzir%2F|title:Reproduzir|target:%20_blank|&#8221;][\/vc_column_inner][\/vc_row_inner][vc_separator color=&#8221;black&#8221;][\/vc_column][\/vc_row][vc_row][vc_column][vc_row_inner][vc_column_inner width=&#8221;1\/2&#8243;][vc_single_image image=&#8221;1432&#8243; img_size=&#8221;full&#8221;][\/vc_column_inner][vc_column_inner width=&#8221;1\/2&#8243;][vc_column_text]\r\n<h6>T\u00edtulo: Destro\u00e7os e pr\u00e9dios<\/h6>\r\n<h6>Data: 2009<\/h6>\r\n<h6>N\u00edvel descri\u00e7\u00e3o: Quinta da vict\u00f3ria bairro situado na Portela de Lisboa,\u00a0 demoli\u00e7\u00e3o do bairro total ocorreu em 2015<\/h6>\r\n<h6>Dimens\u00e3o e suporte: Inkjet print<\/h6>\r\n<h6>Nome dos autores e biografia: M\u00f3nica de Miranda<\/h6>\r\n<h6>Condi\u00e7\u00f5es de reprodu\u00e7\u00e3o: Todos os direitos reservados, reprodu\u00e7\u00e3o segundo autoriza\u00e7\u00e3o da autora<\/h6>\r\n<h6>C\u00f3digo: MM-UND-VIT-001<\/h6>\r\n<h6>Localiza\u00e7\u00e3o: Quinta da Vict\u00f3ria<\/h6>\r\n<h6>Categoria: Fotografia<\/h6>\r\n[\/vc_column_text][vc_btn title=&#8221;Reproduzir&#8221; link=&#8221;url:https%3A%2F%2Fpostarchive.org%2Freproduzir%2F|title:Reproduzir|target:%20_blank|&#8221;][\/vc_column_inner][\/vc_row_inner][vc_separator color=&#8221;black&#8221;][\/vc_column][\/vc_row][vc_row][vc_column][vc_row_inner][vc_column_inner width=&#8221;1\/2&#8243;][vc_single_image image=&#8221;1387&#8243; img_size=&#8221;full&#8221;][\/vc_column_inner][vc_column_inner width=&#8221;1\/2&#8243;][vc_column_text]\r\n<h6>T\u00edtulo: Mesa e quatro cadeiras<\/h6>\r\n<h6>Data: 2009<\/h6>\r\n<h6>N\u00edvel descri\u00e7\u00e3o: Quinta da vict\u00f3ria bairro situado na Portela de Lisboa,\u00a0 demoli\u00e7\u00e3o do bairro total ocorreu em 2015<\/h6>\r\n<h6>Dimens\u00e3o e suporte: Inkjet print<\/h6>\r\n<h6>Nome dos autores e biografia: M\u00f3nica de Miranda<\/h6>\r\n<h6>Condi\u00e7\u00f5es de reprodu\u00e7\u00e3o: Todos os direitos reservados, reprodu\u00e7\u00e3o segundo autoriza\u00e7\u00e3o da autora<\/h6>\r\n<h6>C\u00f3digo: MM-UND-VIT-014<\/h6>\r\n<h6>Localiza\u00e7\u00e3o: Quinta da Vict\u00f3ria<\/h6>\r\n<h6>Categoria: Fotografia<\/h6>\r\n[\/vc_column_text][vc_btn title=&#8221;Reproduzir&#8221; link=&#8221;url:https%3A%2F%2Fpostarchive.org%2Freproduzir%2F|title:Reproduzir|target:%20_blank|&#8221;][\/vc_column_inner][\/vc_row_inner][vc_separator color=&#8221;black&#8221;][\/vc_column][\/vc_row][vc_row][vc_column][vc_row_inner][vc_column_inner width=&#8221;1\/2&#8243;][vc_single_image image=&#8221;1641&#8243; img_size=&#8221;full&#8221;][\/vc_column_inner][vc_column_inner width=&#8221;1\/2&#8243;][vc_column_text]\r\n<h6>T\u00edtulo: Muro verde<\/h6>\r\n<h6>Data: 2009<\/h6>\r\n<h6>N\u00edvel descri\u00e7\u00e3o: Quinta da vict\u00f3ria bairro situado na Portela de Lisboa,\u00a0 demoli\u00e7\u00e3o do bairro total ocorreu em 2015<\/h6>\r\n<h6>Dimens\u00e3o e suporte: Inkjet print<\/h6>\r\n<h6>Nome dos autores e biografia: M\u00f3nica de Miranda<\/h6>\r\n<h6>Condi\u00e7\u00f5es de reprodu\u00e7\u00e3o: Todos os direitos reservados, reprodu\u00e7\u00e3o segundo autoriza\u00e7\u00e3o da autora<\/h6>\r\n<h6>C\u00f3digo: MM-UND-VIT-015<\/h6>\r\n<h6>Localiza\u00e7\u00e3o: Quinta da Vict\u00f3ria<\/h6>\r\n<h6>Categoria: Fotografia<\/h6>\r\n[\/vc_column_text][vc_btn title=&#8221;Reproduzir&#8221; link=&#8221;url:https%3A%2F%2Fpostarchive.org%2Freproduzir%2F|title:Reproduzir|target:%20_blank|&#8221;][\/vc_column_inner][\/vc_row_inner][vc_separator color=&#8221;black&#8221;][\/vc_column][\/vc_row][vc_row][vc_column][vc_row_inner][vc_column_inner width=&#8221;1\/2&#8243;][vc_single_image image=&#8221;1638&#8243; img_size=&#8221;full&#8221;][\/vc_column_inner][vc_column_inner width=&#8221;1\/2&#8243;][vc_column_text]\r\n<h6>T\u00edtulo: Roupas penduradas<\/h6>\r\n<h6>Data: 2009<\/h6>\r\n<h6>N\u00edvel descri\u00e7\u00e3o: Quinta da vict\u00f3ria bairro situado na Portela de Lisboa,\u00a0 demoli\u00e7\u00e3o do bairro total ocorreu em 2015<\/h6>\r\n<h6>Dimens\u00e3o e suporte: Inkjet print<\/h6>\r\n<h6>Nome dos autores e biografia: M\u00f3nica de Miranda<\/h6>\r\n<h6>Condi\u00e7\u00f5es de reprodu\u00e7\u00e3o: Todos os direitos reservados, reprodu\u00e7\u00e3o segundo autoriza\u00e7\u00e3o da autora<\/h6>\r\n<h6>C\u00f3digo: MM-UND-VIT-005<\/h6>\r\n<h6>Localiza\u00e7\u00e3o: Quinta da Vict\u00f3ria<\/h6>\r\n<h6>Categoria: Fotografia<\/h6>\r\n[\/vc_column_text][vc_btn title=&#8221;Reproduzir&#8221; link=&#8221;url:https%3A%2F%2Fpostarchive.org%2Freproduzir%2F|title:Reproduzir|target:%20_blank|&#8221;][\/vc_column_inner][\/vc_row_inner][vc_separator color=&#8221;black&#8221;][\/vc_column][\/vc_row][vc_row][vc_column][vc_row_inner][vc_column_inner width=&#8221;1\/2&#8243;][vc_single_image image=&#8221;1635&#8243; img_size=&#8221;full&#8221;][\/vc_column_inner][vc_column_inner width=&#8221;1\/2&#8243;][vc_column_text]\r\n<h6>T\u00edtulo: Muro branco<\/h6>\r\n<h6>Data: 2009<\/h6>\r\n<h6>N\u00edvel descri\u00e7\u00e3o: Quinta da vict\u00f3ria bairro situado na Portela de Lisboa,\u00a0 demoli\u00e7\u00e3o do bairro total ocorreu em 2015<\/h6>\r\n<h6>Dimens\u00e3o e suporte: Inkjet print<\/h6>\r\n<h6>Nome dos autores e biografia: M\u00f3nica de Miranda<\/h6>\r\n<h6>Condi\u00e7\u00f5es de reprodu\u00e7\u00e3o: Todos os direitos reservados, reprodu\u00e7\u00e3o segundo autoriza\u00e7\u00e3o da autora<\/h6>\r\n<h6>C\u00f3digo: MM-UND-VIT-011<\/h6>\r\n<h6>Localiza\u00e7\u00e3o: Quinta da Vict\u00f3ria<\/h6>\r\n<h6>Categoria: Fotografia<\/h6>\r\n[\/vc_column_text][vc_btn title=&#8221;Reproduzir&#8221; link=&#8221;url:https%3A%2F%2Fpostarchive.org%2Freproduzir%2F|title:Reproduzir|target:%20_blank|&#8221;][\/vc_column_inner][\/vc_row_inner][vc_separator color=&#8221;black&#8221;][\/vc_column][\/vc_row][vc_row][vc_column][vc_row_inner][vc_column_inner width=&#8221;1\/2&#8243;][vc_single_image image=&#8221;1554&#8243; img_size=&#8221;full&#8221;][\/vc_column_inner][vc_column_inner width=&#8221;1\/2&#8243;][vc_column_text]\r\n<h6>T\u00edtulo: Duas cadeiras<\/h6>\r\n<h6>Data: 2009<\/h6>\r\n<h6>N\u00edvel descri\u00e7\u00e3o: Quinta da vict\u00f3ria bairro situado na Portela de Lisboa,\u00a0 demoli\u00e7\u00e3o do bairro total ocorreu em 2015<\/h6>\r\n<h6>Dimens\u00e3o e suporte: Inkjet print<\/h6>\r\n<h6>Nome dos autores e biografia: M\u00f3nica de Miranda<\/h6>\r\n<h6>Condi\u00e7\u00f5es de reprodu\u00e7\u00e3o: Todos os direitos reservados, reprodu\u00e7\u00e3o segundo autoriza\u00e7\u00e3o da autora<\/h6>\r\n<h6>C\u00f3digo: MM-UND-VIT-016<\/h6>\r\n<h6>Localiza\u00e7\u00e3o: Quinta da Vict\u00f3ria<\/h6>\r\n<h6>Categoria: Fotografia<\/h6>\r\n[\/vc_column_text][vc_btn title=&#8221;Reproduzir&#8221; link=&#8221;url:https%3A%2F%2Fpostarchive.org%2Freproduzir%2F|title:Reproduzir|target:%20_blank|&#8221;][\/vc_column_inner][\/vc_row_inner][vc_separator color=&#8221;black&#8221;][\/vc_column][\/vc_row][vc_row][vc_column][vc_row_inner][vc_column_inner width=&#8221;1\/2&#8243;][vc_single_image image=&#8221;1639&#8243; img_size=&#8221;full&#8221;][\/vc_column_inner][vc_column_inner width=&#8221;1\/2&#8243;][vc_column_text]\r\n<h6>T\u00edtulo: Mesa<\/h6>\r\n<h6>Data: 2009<\/h6>\r\n<h6>N\u00edvel descri\u00e7\u00e3o: Quinta da vict\u00f3ria bairro situado na Portela de Lisboa,\u00a0 demoli\u00e7\u00e3o do bairro total ocorreu em 2015<\/h6>\r\n<h6>Dimens\u00e3o e suporte: Inkjet print<\/h6>\r\n<h6>Nome dos autores e biografia: M\u00f3nica de Miranda<\/h6>\r\n<h6>Condi\u00e7\u00f5es de reprodu\u00e7\u00e3o: Todos os direitos reservados, reprodu\u00e7\u00e3o segundo autoriza\u00e7\u00e3o da autora<\/h6>\r\n<h6>C\u00f3digo: MM-UND-VIT-017<\/h6>\r\n<h6>Localiza\u00e7\u00e3o: Quinta da Vict\u00f3ria<\/h6>\r\n<h6>Categoria: Fotografia<\/h6>\r\n[\/vc_column_text][vc_btn title=&#8221;Reproduzir&#8221; link=&#8221;url:https%3A%2F%2Fpostarchive.org%2Freproduzir%2F|title:Reproduzir|target:%20_blank|&#8221;][\/vc_column_inner][\/vc_row_inner][vc_separator color=&#8221;black&#8221;][\/vc_column][\/vc_row][vc_row][vc_column][vc_row_inner][vc_column_inner width=&#8221;1\/2&#8243;][vc_single_image image=&#8221;1631&#8243; img_size=&#8221;full&#8221;][\/vc_column_inner][vc_column_inner width=&#8221;1\/2&#8243;][vc_column_text]\r\n<h6>T\u00edtulo: Muro Correio<\/h6>\r\n<h6>Data: 2009<\/h6>\r\n<h6>N\u00edvel descri\u00e7\u00e3o: Quinta da vict\u00f3ria bairro situado na Portela de Lisboa,\u00a0 demoli\u00e7\u00e3o do bairro total ocorreu em 2015<\/h6>\r\n<h6>Dimens\u00e3o e suporte: Inkjet print<\/h6>\r\n<h6>Nome dos autores e biografia: M\u00f3nica de Miranda<\/h6>\r\n<h6>Condi\u00e7\u00f5es de reprodu\u00e7\u00e3o: Todos os direitos reservados, reprodu\u00e7\u00e3o segundo autoriza\u00e7\u00e3o da autora<\/h6>\r\n<h6>C\u00f3digo: MM-UND-VIT-018<\/h6>\r\n<h6>Localiza\u00e7\u00e3o: Quinta da Vict\u00f3ria<\/h6>\r\n<h6>Categoria: Fotografia<\/h6>\r\n[\/vc_column_text][vc_btn title=&#8221;Reproduzir&#8221; link=&#8221;url:https%3A%2F%2Fpostarchive.org%2Freproduzir%2F|title:Reproduzir|target:%20_blank|&#8221;][\/vc_column_inner][\/vc_row_inner][vc_separator color=&#8221;black&#8221;][\/vc_column][\/vc_row]\t\t\t\t\t\t<\/div>\n\t\t\t\t<\/div>\n\t\t\t\t\t<\/div>\n\t\t\t\t<\/div>\n\t\t\t\t<\/div>\n\t\t","protected":false},"excerpt":{"rendered":"<p>Quinta da Vict\u00f3ria T\u00edtulo: Muro destru\u00eddo com tijolosData: 2009N\u00edvel descri\u00e7\u00e3o: Quinta da vict\u00f3ria bairro situado na Portela de Lisboa, demoli\u00e7\u00e3o do bairro total ocorreu em 2015Dimens\u00e3o e suporte: Inkjet printNome&hellip;<\/p>\n","protected":false},"author":1,"featured_media":0,"parent":3346,"menu_order":0,"comment_status":"closed","ping_status":"closed","template":"","meta":{"footnotes":""},"_links":{"self":[{"href":"https:\/\/postarchive.org\/en\/wp-json\/wp\/v2\/pages\/3379"}],"collection":[{"href":"https:\/\/postarchive.org\/en\/wp-json\/wp\/v2\/pages"}],"about":[{"href":"https:\/\/postarchive.org\/en\/wp-json\/wp\/v2\/types\/page"}],"author":[{"embeddable":true,"href":"https:\/\/postarchive.org\/en\/wp-json\/wp\/v2\/users\/1"}],"replies":[{"embeddable":true,"href":"https:\/\/postarchive.org\/en\/wp-json\/wp\/v2\/comments?post=3379"}],"version-history":[{"count":11,"href":"https:\/\/postarchive.org\/en\/wp-json\/wp\/v2\/pages\/3379\/revisions"}],"predecessor-version":[{"id":5748,"href":"https:\/\/postarchive.org\/en\/wp-json\/wp\/v2\/pages\/3379\/revisions\/5748"}],"up":[{"embeddable":true,"href":"https:\/\/postarchive.org\/en\/wp-json\/wp\/v2\/pages\/3346"}],"wp:attachment":[{"href":"https:\/\/postarchive.org\/en\/wp-json\/wp\/v2\/media?parent=3379"}],"curies":[{"name":"wp","href":"https:\/\/api.w.org\/{rel}","templated":true}]}}