{"id":3377,"date":"2019-12-26T17:05:24","date_gmt":"2019-12-26T17:05:24","guid":{"rendered":"https:\/\/postarchive.org\/?page_id=3377"},"modified":"2024-04-17T16:55:44","modified_gmt":"2024-04-17T16:55:44","slug":"quinta-da-serra","status":"publish","type":"page","link":"https:\/\/postarchive.org\/en\/cities\/quinta-da-serra\/","title":{"rendered":"Quinta da Serra"},"content":{"rendered":"\t\t<div data-elementor-type=\"wp-page\" data-elementor-id=\"3377\" class=\"elementor elementor-3377 elementor-2866\" data-elementor-post-type=\"page\">\n\t\t\t\t<div class=\"elementor-element elementor-element-cff66ec e-flex e-con-boxed sc_inner_width_none sc_layouts_column_icons_position_left e-con e-parent\" data-id=\"cff66ec\" data-element_type=\"container\" data-core-v316-plus=\"true\">\n\t\t\t\t\t<div class=\"e-con-inner\">\n\t\t\t\t<div class=\"elementor-element elementor-element-22f064d sc_fly_static elementor-widget elementor-widget-heading\" data-id=\"22f064d\" data-element_type=\"widget\" data-widget_type=\"heading.default\">\n\t\t\t\t<div class=\"elementor-widget-container\">\n\t\t\t<style>\/*! elementor - v3.20.0 - 26-03-2024 *\/\n.elementor-heading-title{padding:0;margin:0;line-height:1}.elementor-widget-heading .elementor-heading-title[class*=elementor-size-]>a{color:inherit;font-size:inherit;line-height:inherit}.elementor-widget-heading .elementor-heading-title.elementor-size-small{font-size:15px}.elementor-widget-heading .elementor-heading-title.elementor-size-medium{font-size:19px}.elementor-widget-heading .elementor-heading-title.elementor-size-large{font-size:29px}.elementor-widget-heading .elementor-heading-title.elementor-size-xl{font-size:39px}.elementor-widget-heading .elementor-heading-title.elementor-size-xxl{font-size:59px}<\/style><h2 class=\"elementor-heading-title elementor-size-default\">QUINTA DA SERRA<\/h2>\t\t<\/div>\n\t\t\t\t<\/div>\n\t\t\t\t\t<\/div>\n\t\t\t\t<\/div>\n\t\t<div class=\"elementor-element elementor-element-49a2d75 e-flex e-con-boxed sc_inner_width_none sc_layouts_column_icons_position_left e-con e-parent\" data-id=\"49a2d75\" data-element_type=\"container\" data-core-v316-plus=\"true\">\n\t\t\t\t\t<div class=\"e-con-inner\">\n\t\t<div class=\"elementor-element elementor-element-142442d e-con-full e-flex sc_inner_width_none sc_layouts_column_icons_position_left e-con e-child\" data-id=\"142442d\" data-element_type=\"container\">\n\t\t\t\t<div class=\"elementor-element elementor-element-9bcd378 archimg sc_fly_static elementor-widget elementor-widget-image\" data-id=\"9bcd378\" data-element_type=\"widget\" data-widget_type=\"image.default\">\n\t\t\t\t<div class=\"elementor-widget-container\">\n\t\t\t<style>\/*! elementor - v3.20.0 - 26-03-2024 *\/\n.elementor-widget-image{text-align:center}.elementor-widget-image a{display:inline-block}.elementor-widget-image a img[src$=\".svg\"]{width:48px}.elementor-widget-image img{vertical-align:middle;display:inline-block}<\/style>\t\t\t\t\t\t\t\t\t\t<img fetchpriority=\"high\" decoding=\"async\" width=\"1024\" height=\"680\" src=\"https:\/\/postarchive.org\/wp2024\/wp-content\/uploads\/2019\/12\/MM-UND-SER-001-1024x680.jpg\" class=\"attachment-large size-large wp-image-2870\" alt=\"\" srcset=\"https:\/\/postarchive.org\/wp2024\/wp-content\/uploads\/2019\/12\/MM-UND-SER-001-1024x680.jpg 1024w, https:\/\/postarchive.org\/wp2024\/wp-content\/uploads\/2019\/12\/MM-UND-SER-001-scaled-600x399.jpg 600w, https:\/\/postarchive.org\/wp2024\/wp-content\/uploads\/2019\/12\/MM-UND-SER-001-300x199.jpg 300w, https:\/\/postarchive.org\/wp2024\/wp-content\/uploads\/2019\/12\/MM-UND-SER-001-768x510.jpg 768w, https:\/\/postarchive.org\/wp2024\/wp-content\/uploads\/2019\/12\/MM-UND-SER-001-1536x1020.jpg 1536w, https:\/\/postarchive.org\/wp2024\/wp-content\/uploads\/2019\/12\/MM-UND-SER-001-2048x1360.jpg 2048w, https:\/\/postarchive.org\/wp2024\/wp-content\/uploads\/2019\/12\/MM-UND-SER-001-1130x751.jpg 1130w, https:\/\/postarchive.org\/wp2024\/wp-content\/uploads\/2019\/12\/MM-UND-SER-001-800x531.jpg 800w, https:\/\/postarchive.org\/wp2024\/wp-content\/uploads\/2019\/12\/MM-UND-SER-001-200x133.jpg 200w, https:\/\/postarchive.org\/wp2024\/wp-content\/uploads\/2019\/12\/MM-UND-SER-001-50x33.jpg 50w\" sizes=\"(max-width: 1024px) 100vw, 1024px\" \/>\t\t\t\t\t\t\t\t\t\t\t\t\t<\/div>\n\t\t\t\t<\/div>\n\t\t\t\t<\/div>\n\t\t<div class=\"elementor-element elementor-element-27c71d5 e-con-full e-flex sc_inner_width_none sc_layouts_column_icons_position_left e-con e-child\" data-id=\"27c71d5\" data-element_type=\"container\">\n\t\t\t\t<div class=\"elementor-element elementor-element-8a5f806 sc_fly_static elementor-widget elementor-widget-text-editor\" data-id=\"8a5f806\" data-element_type=\"widget\" data-widget_type=\"text-editor.default\">\n\t\t\t\t<div class=\"elementor-widget-container\">\n\t\t\t<style>\/*! elementor - v3.20.0 - 26-03-2024 *\/\n.elementor-widget-text-editor.elementor-drop-cap-view-stacked .elementor-drop-cap{background-color:#69727d;color:#fff}.elementor-widget-text-editor.elementor-drop-cap-view-framed .elementor-drop-cap{color:#69727d;border:3px solid;background-color:transparent}.elementor-widget-text-editor:not(.elementor-drop-cap-view-default) .elementor-drop-cap{margin-top:8px}.elementor-widget-text-editor:not(.elementor-drop-cap-view-default) .elementor-drop-cap-letter{width:1em;height:1em}.elementor-widget-text-editor .elementor-drop-cap{float:left;text-align:center;line-height:1;font-size:50px}.elementor-widget-text-editor .elementor-drop-cap-letter{display:inline-block}<\/style>\t\t\t\t<p><strong>T\u00edtulo:<\/strong> Vista estrada<br \/><strong>Data<\/strong>: 2010<br \/><strong>Dimens\u00e3o e suporte:<\/strong> 30 x 40cm, Digital TIFF<br \/><strong>Nome dos autores:<\/strong> Miranda, M\u00f3nica de. 1976-, artista visual<br \/><strong>Condi\u00e7\u00f5es de reprodu\u00e7\u00e3o:<\/strong> Direitos reservados para efeito de publica\u00e7\u00e3o, exposi\u00e7\u00e3o e utiliza\u00e7\u00e3o comercial<br \/><strong>C\u00f3digo:<\/strong> MM-UND-SER-001<br \/><strong>Localiza\u00e7\u00e3o:<\/strong> Quinta da Serra<br \/><strong>Categoria:<\/strong> Fotografia<\/p>\t\t\t\t\t\t<\/div>\n\t\t\t\t<\/div>\n\t\t\t\t<div class=\"elementor-element elementor-element-b119543 repbtn sc_fly_static elementor-widget elementor-widget-button\" data-id=\"b119543\" data-element_type=\"widget\" data-widget_type=\"button.default\">\n\t\t\t\t<div class=\"elementor-widget-container\">\n\t\t\t\t\t<div class=\"elementor-button-wrapper\">\n\t\t\t<a class=\"elementor-button elementor-button-link elementor-size-sm\" href=\"https:\/\/postarchive.org\/wp2024\/reproduzir\/\">\n\t\t\t\t\t\t<span class=\"elementor-button-content-wrapper\">\n\t\t\t\t\t\t<span class=\"elementor-button-text\">Reproduzir<\/span>\n\t\t<\/span>\n\t\t\t\t\t<\/a>\n\t\t<\/div>\n\t\t\t\t<\/div>\n\t\t\t\t<\/div>\n\t\t\t\t<\/div>\n\t\t\t\t\t<\/div>\n\t\t\t\t<\/div>\n\t\t<div class=\"elementor-element elementor-element-086b3e9 e-flex e-con-boxed sc_inner_width_none sc_layouts_column_icons_position_left e-con e-parent\" data-id=\"086b3e9\" data-element_type=\"container\" data-core-v316-plus=\"true\">\n\t\t\t\t\t<div class=\"e-con-inner\">\n\t\t<div class=\"elementor-element elementor-element-f4aaf5b e-con-full e-flex sc_inner_width_none sc_layouts_column_icons_position_left e-con e-child\" data-id=\"f4aaf5b\" data-element_type=\"container\">\n\t\t\t\t<div class=\"elementor-element elementor-element-1c83d3c archimg sc_fly_static elementor-widget elementor-widget-image\" data-id=\"1c83d3c\" data-element_type=\"widget\" data-widget_type=\"image.default\">\n\t\t\t\t<div class=\"elementor-widget-container\">\n\t\t\t\t\t\t\t\t\t\t\t\t\t<img decoding=\"async\" width=\"1024\" height=\"680\" src=\"https:\/\/postarchive.org\/wp2024\/wp-content\/uploads\/2019\/12\/MM-UND-SER-002-1024x680.jpg\" class=\"attachment-large size-large wp-image-2872\" alt=\"\" srcset=\"https:\/\/postarchive.org\/wp2024\/wp-content\/uploads\/2019\/12\/MM-UND-SER-002-1024x680.jpg 1024w, https:\/\/postarchive.org\/wp2024\/wp-content\/uploads\/2019\/12\/MM-UND-SER-002-scaled-600x399.jpg 600w, https:\/\/postarchive.org\/wp2024\/wp-content\/uploads\/2019\/12\/MM-UND-SER-002-300x199.jpg 300w, https:\/\/postarchive.org\/wp2024\/wp-content\/uploads\/2019\/12\/MM-UND-SER-002-768x510.jpg 768w, https:\/\/postarchive.org\/wp2024\/wp-content\/uploads\/2019\/12\/MM-UND-SER-002-1536x1020.jpg 1536w, https:\/\/postarchive.org\/wp2024\/wp-content\/uploads\/2019\/12\/MM-UND-SER-002-2048x1360.jpg 2048w, https:\/\/postarchive.org\/wp2024\/wp-content\/uploads\/2019\/12\/MM-UND-SER-002-1130x751.jpg 1130w, https:\/\/postarchive.org\/wp2024\/wp-content\/uploads\/2019\/12\/MM-UND-SER-002-800x531.jpg 800w, https:\/\/postarchive.org\/wp2024\/wp-content\/uploads\/2019\/12\/MM-UND-SER-002-200x133.jpg 200w, https:\/\/postarchive.org\/wp2024\/wp-content\/uploads\/2019\/12\/MM-UND-SER-002-50x33.jpg 50w\" sizes=\"(max-width: 1024px) 100vw, 1024px\" \/>\t\t\t\t\t\t\t\t\t\t\t\t\t<\/div>\n\t\t\t\t<\/div>\n\t\t\t\t<\/div>\n\t\t<div class=\"elementor-element elementor-element-4303dd5 e-con-full e-flex sc_inner_width_none sc_layouts_column_icons_position_left e-con e-child\" data-id=\"4303dd5\" data-element_type=\"container\">\n\t\t\t\t<div class=\"elementor-element elementor-element-2fe4a2e sc_fly_static elementor-widget elementor-widget-text-editor\" data-id=\"2fe4a2e\" data-element_type=\"widget\" data-widget_type=\"text-editor.default\">\n\t\t\t\t<div class=\"elementor-widget-container\">\n\t\t\t\t\t\t\t<p><strong>T\u00edtulo:<\/strong> Vista estrada aproximada<br \/><strong>Data:<\/strong> 2010<br \/><strong>Dimens\u00e3o e suporte:<\/strong> 30 x 40cm, Digital TIFF<br \/><strong>Nome dos autores:<\/strong> Miranda, M\u00f3nica de. 1976-, artista visual<br \/><strong>Condi\u00e7\u00f5es de reprodu\u00e7\u00e3o:<\/strong> Direitos reservados para efeito de publica\u00e7\u00e3o, exposi\u00e7\u00e3o e utiliza\u00e7\u00e3o comercial<br \/><strong>C\u00f3digo:<\/strong> MM-UND-SER-002<br \/><strong>Localiza\u00e7\u00e3o:<\/strong> Quinta da Serra<br \/><strong>Categoria:<\/strong> Fotografia<\/p>\t\t\t\t\t\t<\/div>\n\t\t\t\t<\/div>\n\t\t\t\t<div class=\"elementor-element elementor-element-3721a2b repbtn sc_fly_static elementor-widget elementor-widget-button\" data-id=\"3721a2b\" data-element_type=\"widget\" data-widget_type=\"button.default\">\n\t\t\t\t<div class=\"elementor-widget-container\">\n\t\t\t\t\t<div class=\"elementor-button-wrapper\">\n\t\t\t<a class=\"elementor-button elementor-button-link elementor-size-sm\" href=\"https:\/\/postarchive.org\/wp2024\/reproduzir\/\">\n\t\t\t\t\t\t<span class=\"elementor-button-content-wrapper\">\n\t\t\t\t\t\t<span class=\"elementor-button-text\">Reproduzir<\/span>\n\t\t<\/span>\n\t\t\t\t\t<\/a>\n\t\t<\/div>\n\t\t\t\t<\/div>\n\t\t\t\t<\/div>\n\t\t\t\t<\/div>\n\t\t\t\t\t<\/div>\n\t\t\t\t<\/div>\n\t\t<div class=\"elementor-element elementor-element-fb5d5c1 e-flex e-con-boxed sc_inner_width_none sc_layouts_column_icons_position_left e-con e-parent\" data-id=\"fb5d5c1\" data-element_type=\"container\" data-core-v316-plus=\"true\">\n\t\t\t\t\t<div class=\"e-con-inner\">\n\t\t<div class=\"elementor-element elementor-element-300d395 e-con-full e-flex sc_inner_width_none sc_layouts_column_icons_position_left e-con e-child\" data-id=\"300d395\" data-element_type=\"container\">\n\t\t\t\t<div class=\"elementor-element elementor-element-fd93086 archimg sc_fly_static elementor-widget elementor-widget-image\" data-id=\"fd93086\" data-element_type=\"widget\" data-widget_type=\"image.default\">\n\t\t\t\t<div class=\"elementor-widget-container\">\n\t\t\t\t\t\t\t\t\t\t\t\t\t<img decoding=\"async\" width=\"1024\" height=\"680\" src=\"https:\/\/postarchive.org\/wp2024\/wp-content\/uploads\/2019\/12\/MM-UND-SER-003-1024x680.jpg\" class=\"attachment-large size-large wp-image-2874\" alt=\"\" srcset=\"https:\/\/postarchive.org\/wp2024\/wp-content\/uploads\/2019\/12\/MM-UND-SER-003-1024x680.jpg 1024w, https:\/\/postarchive.org\/wp2024\/wp-content\/uploads\/2019\/12\/MM-UND-SER-003-scaled-600x399.jpg 600w, https:\/\/postarchive.org\/wp2024\/wp-content\/uploads\/2019\/12\/MM-UND-SER-003-300x199.jpg 300w, https:\/\/postarchive.org\/wp2024\/wp-content\/uploads\/2019\/12\/MM-UND-SER-003-768x510.jpg 768w, https:\/\/postarchive.org\/wp2024\/wp-content\/uploads\/2019\/12\/MM-UND-SER-003-1536x1020.jpg 1536w, https:\/\/postarchive.org\/wp2024\/wp-content\/uploads\/2019\/12\/MM-UND-SER-003-2048x1360.jpg 2048w, https:\/\/postarchive.org\/wp2024\/wp-content\/uploads\/2019\/12\/MM-UND-SER-003-1130x751.jpg 1130w, https:\/\/postarchive.org\/wp2024\/wp-content\/uploads\/2019\/12\/MM-UND-SER-003-800x531.jpg 800w, https:\/\/postarchive.org\/wp2024\/wp-content\/uploads\/2019\/12\/MM-UND-SER-003-200x133.jpg 200w, https:\/\/postarchive.org\/wp2024\/wp-content\/uploads\/2019\/12\/MM-UND-SER-003-50x33.jpg 50w\" sizes=\"(max-width: 1024px) 100vw, 1024px\" \/>\t\t\t\t\t\t\t\t\t\t\t\t\t<\/div>\n\t\t\t\t<\/div>\n\t\t\t\t<\/div>\n\t\t<div class=\"elementor-element elementor-element-9f81b2a e-con-full e-flex sc_inner_width_none sc_layouts_column_icons_position_left e-con e-child\" data-id=\"9f81b2a\" data-element_type=\"container\">\n\t\t\t\t<div class=\"elementor-element elementor-element-a891a99 sc_fly_static elementor-widget elementor-widget-text-editor\" data-id=\"a891a99\" data-element_type=\"widget\" data-widget_type=\"text-editor.default\">\n\t\t\t\t<div class=\"elementor-widget-container\">\n\t\t\t\t\t\t\t<p><strong>T\u00edtulo:<\/strong> Vista da janela<br \/><strong>Data<\/strong>: 2010<br \/><strong>Dimens\u00e3o e suporte<\/strong>: 30 x 40cm, Digital TIFF<br \/><strong>Nome dos autores:<\/strong> Miranda, M\u00f3nica de. 1976-, artista visual<br \/><strong>Condi\u00e7\u00f5es de reprodu\u00e7\u00e3o:<\/strong> Direitos reservados para efeito de publica\u00e7\u00e3o, exposi\u00e7\u00e3o e utiliza\u00e7\u00e3o comercial<br \/><strong>C\u00f3digo:<\/strong> MM-UND-SER-003<br \/><strong>Localiza\u00e7\u00e3o:<\/strong> Quinta da Serra<br \/><strong>Categoria:<\/strong> Fotografia<\/p>\t\t\t\t\t\t<\/div>\n\t\t\t\t<\/div>\n\t\t\t\t<div class=\"elementor-element elementor-element-0da5567 repbtn sc_fly_static elementor-widget elementor-widget-button\" data-id=\"0da5567\" data-element_type=\"widget\" data-widget_type=\"button.default\">\n\t\t\t\t<div class=\"elementor-widget-container\">\n\t\t\t\t\t<div class=\"elementor-button-wrapper\">\n\t\t\t<a class=\"elementor-button elementor-button-link elementor-size-sm\" href=\"https:\/\/postarchive.org\/wp2024\/reproduzir\/\">\n\t\t\t\t\t\t<span class=\"elementor-button-content-wrapper\">\n\t\t\t\t\t\t<span class=\"elementor-button-text\">Reproduzir<\/span>\n\t\t<\/span>\n\t\t\t\t\t<\/a>\n\t\t<\/div>\n\t\t\t\t<\/div>\n\t\t\t\t<\/div>\n\t\t\t\t<\/div>\n\t\t\t\t\t<\/div>\n\t\t\t\t<\/div>\n\t\t<div class=\"elementor-element elementor-element-fb1e760 e-flex e-con-boxed sc_inner_width_none sc_layouts_column_icons_position_left e-con e-parent\" data-id=\"fb1e760\" data-element_type=\"container\" data-core-v316-plus=\"true\">\n\t\t\t\t\t<div class=\"e-con-inner\">\n\t\t<div class=\"elementor-element elementor-element-0499573 e-con-full e-flex sc_inner_width_none sc_layouts_column_icons_position_left e-con e-child\" data-id=\"0499573\" data-element_type=\"container\">\n\t\t\t\t<div class=\"elementor-element elementor-element-f4d2481 archimg sc_fly_static elementor-widget elementor-widget-image\" data-id=\"f4d2481\" data-element_type=\"widget\" data-widget_type=\"image.default\">\n\t\t\t\t<div class=\"elementor-widget-container\">\n\t\t\t\t\t\t\t\t\t\t\t\t\t<img loading=\"lazy\" decoding=\"async\" width=\"1024\" height=\"680\" src=\"https:\/\/postarchive.org\/wp2024\/wp-content\/uploads\/2019\/12\/MM-UND-SER-004-1024x680.jpg\" class=\"attachment-large size-large wp-image-2876\" alt=\"\" srcset=\"https:\/\/postarchive.org\/wp2024\/wp-content\/uploads\/2019\/12\/MM-UND-SER-004-1024x680.jpg 1024w, https:\/\/postarchive.org\/wp2024\/wp-content\/uploads\/2019\/12\/MM-UND-SER-004-scaled-600x399.jpg 600w, https:\/\/postarchive.org\/wp2024\/wp-content\/uploads\/2019\/12\/MM-UND-SER-004-300x199.jpg 300w, https:\/\/postarchive.org\/wp2024\/wp-content\/uploads\/2019\/12\/MM-UND-SER-004-768x510.jpg 768w, https:\/\/postarchive.org\/wp2024\/wp-content\/uploads\/2019\/12\/MM-UND-SER-004-1536x1020.jpg 1536w, https:\/\/postarchive.org\/wp2024\/wp-content\/uploads\/2019\/12\/MM-UND-SER-004-2048x1360.jpg 2048w, https:\/\/postarchive.org\/wp2024\/wp-content\/uploads\/2019\/12\/MM-UND-SER-004-1130x751.jpg 1130w, https:\/\/postarchive.org\/wp2024\/wp-content\/uploads\/2019\/12\/MM-UND-SER-004-800x531.jpg 800w, https:\/\/postarchive.org\/wp2024\/wp-content\/uploads\/2019\/12\/MM-UND-SER-004-200x133.jpg 200w, https:\/\/postarchive.org\/wp2024\/wp-content\/uploads\/2019\/12\/MM-UND-SER-004-50x33.jpg 50w\" sizes=\"(max-width: 1024px) 100vw, 1024px\" \/>\t\t\t\t\t\t\t\t\t\t\t\t\t<\/div>\n\t\t\t\t<\/div>\n\t\t\t\t<\/div>\n\t\t<div class=\"elementor-element elementor-element-55ddef4 e-con-full e-flex sc_inner_width_none sc_layouts_column_icons_position_left e-con e-child\" data-id=\"55ddef4\" data-element_type=\"container\">\n\t\t\t\t<div class=\"elementor-element elementor-element-1c90677 sc_fly_static elementor-widget elementor-widget-text-editor\" data-id=\"1c90677\" data-element_type=\"widget\" data-widget_type=\"text-editor.default\">\n\t\t\t\t<div class=\"elementor-widget-container\">\n\t\t\t\t\t\t\t<p><strong>T\u00edtulo<\/strong>: Vista com pr\u00e9dios<br \/><strong>Data:<\/strong> 2010<br \/><strong>Dimens\u00e3o e suporte:<\/strong> 30 x 40cm, Digital TIFF<br \/><strong>Nome dos autores:<\/strong> Miranda, M\u00f3nica de. 1976-, artista visual<br \/><strong>Condi\u00e7\u00f5es de reprodu\u00e7\u00e3o:<\/strong> Direitos reservados para efeito de publica\u00e7\u00e3o, exposi\u00e7\u00e3o e utiliza\u00e7\u00e3o comercial<br \/><strong>C\u00f3digo:<\/strong> MM-UND-SER-004<br \/><strong>Localiza\u00e7\u00e3o:<\/strong> Quinta da Serra<br \/><strong>Categoria:<\/strong> Fotografia<\/p>\t\t\t\t\t\t<\/div>\n\t\t\t\t<\/div>\n\t\t\t\t<div class=\"elementor-element elementor-element-2bcb1cc repbtn sc_fly_static elementor-widget elementor-widget-button\" data-id=\"2bcb1cc\" data-element_type=\"widget\" data-widget_type=\"button.default\">\n\t\t\t\t<div class=\"elementor-widget-container\">\n\t\t\t\t\t<div class=\"elementor-button-wrapper\">\n\t\t\t<a class=\"elementor-button elementor-button-link elementor-size-sm\" href=\"https:\/\/postarchive.org\/wp2024\/reproduzir\/\">\n\t\t\t\t\t\t<span class=\"elementor-button-content-wrapper\">\n\t\t\t\t\t\t<span class=\"elementor-button-text\">Reproduzir<\/span>\n\t\t<\/span>\n\t\t\t\t\t<\/a>\n\t\t<\/div>\n\t\t\t\t<\/div>\n\t\t\t\t<\/div>\n\t\t\t\t<\/div>\n\t\t\t\t\t<\/div>\n\t\t\t\t<\/div>\n\t\t<div class=\"elementor-element elementor-element-e4d52c1 e-flex e-con-boxed sc_inner_width_none sc_layouts_column_icons_position_left e-con e-parent\" data-id=\"e4d52c1\" data-element_type=\"container\" data-core-v316-plus=\"true\">\n\t\t\t\t\t<div class=\"e-con-inner\">\n\t\t<div class=\"elementor-element elementor-element-2469ea7 e-con-full e-flex sc_inner_width_none sc_layouts_column_icons_position_left e-con e-child\" data-id=\"2469ea7\" data-element_type=\"container\">\n\t\t\t\t<div class=\"elementor-element elementor-element-7b53337 archimg sc_fly_static elementor-widget elementor-widget-image\" data-id=\"7b53337\" data-element_type=\"widget\" data-widget_type=\"image.default\">\n\t\t\t\t<div class=\"elementor-widget-container\">\n\t\t\t\t\t\t\t\t\t\t\t\t\t<img loading=\"lazy\" decoding=\"async\" width=\"1024\" height=\"680\" src=\"https:\/\/postarchive.org\/wp2024\/wp-content\/uploads\/2019\/12\/MM-UND-SER-005-1024x680.jpg\" class=\"attachment-large size-large wp-image-2878\" alt=\"\" srcset=\"https:\/\/postarchive.org\/wp2024\/wp-content\/uploads\/2019\/12\/MM-UND-SER-005-1024x680.jpg 1024w, https:\/\/postarchive.org\/wp2024\/wp-content\/uploads\/2019\/12\/MM-UND-SER-005-scaled-600x399.jpg 600w, https:\/\/postarchive.org\/wp2024\/wp-content\/uploads\/2019\/12\/MM-UND-SER-005-300x199.jpg 300w, https:\/\/postarchive.org\/wp2024\/wp-content\/uploads\/2019\/12\/MM-UND-SER-005-768x510.jpg 768w, https:\/\/postarchive.org\/wp2024\/wp-content\/uploads\/2019\/12\/MM-UND-SER-005-1536x1020.jpg 1536w, https:\/\/postarchive.org\/wp2024\/wp-content\/uploads\/2019\/12\/MM-UND-SER-005-2048x1360.jpg 2048w, https:\/\/postarchive.org\/wp2024\/wp-content\/uploads\/2019\/12\/MM-UND-SER-005-1130x751.jpg 1130w, https:\/\/postarchive.org\/wp2024\/wp-content\/uploads\/2019\/12\/MM-UND-SER-005-800x531.jpg 800w, https:\/\/postarchive.org\/wp2024\/wp-content\/uploads\/2019\/12\/MM-UND-SER-005-200x133.jpg 200w, https:\/\/postarchive.org\/wp2024\/wp-content\/uploads\/2019\/12\/MM-UND-SER-005-50x33.jpg 50w\" sizes=\"(max-width: 1024px) 100vw, 1024px\" \/>\t\t\t\t\t\t\t\t\t\t\t\t\t<\/div>\n\t\t\t\t<\/div>\n\t\t\t\t<\/div>\n\t\t<div class=\"elementor-element elementor-element-6fafe26 e-con-full e-flex sc_inner_width_none sc_layouts_column_icons_position_left e-con e-child\" data-id=\"6fafe26\" data-element_type=\"container\">\n\t\t\t\t<div class=\"elementor-element elementor-element-35303a4 sc_fly_static elementor-widget elementor-widget-text-editor\" data-id=\"35303a4\" data-element_type=\"widget\" data-widget_type=\"text-editor.default\">\n\t\t\t\t<div class=\"elementor-widget-container\">\n\t\t\t\t\t\t\t<p><strong>T\u00edtulo<\/strong>: Postes el\u00e9tricos<br \/><strong>Data:<\/strong> 2010<br \/><strong>Dimens\u00e3o e suporte:<\/strong> 30 x 40cm, Digital TIFF<br \/><strong>Nome dos autores:<\/strong> Miranda, M\u00f3nica de. 1976-, artista visual<br \/><strong>Condi\u00e7\u00f5es de reprodu\u00e7\u00e3o:<\/strong> Direitos reservados para efeito de publica\u00e7\u00e3o, exposi\u00e7\u00e3o e utiliza\u00e7\u00e3o comercial<br \/><strong>C\u00f3digo:<\/strong> MM-UND-SER-005<br \/><strong>Localiza\u00e7\u00e3o:<\/strong> Quinta da Serra<br \/><strong>Categoria:<\/strong> Fotografia<\/p>\t\t\t\t\t\t<\/div>\n\t\t\t\t<\/div>\n\t\t\t\t<div class=\"elementor-element elementor-element-a0aa9ff repbtn sc_fly_static elementor-widget elementor-widget-button\" data-id=\"a0aa9ff\" data-element_type=\"widget\" data-widget_type=\"button.default\">\n\t\t\t\t<div class=\"elementor-widget-container\">\n\t\t\t\t\t<div class=\"elementor-button-wrapper\">\n\t\t\t<a class=\"elementor-button elementor-button-link elementor-size-sm\" href=\"https:\/\/postarchive.org\/wp2024\/reproduzir\/\">\n\t\t\t\t\t\t<span class=\"elementor-button-content-wrapper\">\n\t\t\t\t\t\t<span class=\"elementor-button-text\">Reproduzir<\/span>\n\t\t<\/span>\n\t\t\t\t\t<\/a>\n\t\t<\/div>\n\t\t\t\t<\/div>\n\t\t\t\t<\/div>\n\t\t\t\t<\/div>\n\t\t\t\t\t<\/div>\n\t\t\t\t<\/div>\n\t\t<div class=\"elementor-element elementor-element-59fc812 e-flex e-con-boxed sc_inner_width_none sc_layouts_column_icons_position_left e-con e-parent\" data-id=\"59fc812\" data-element_type=\"container\" data-core-v316-plus=\"true\">\n\t\t\t\t\t<div class=\"e-con-inner\">\n\t\t<div class=\"elementor-element elementor-element-8cafaae e-con-full e-flex sc_inner_width_none sc_layouts_column_icons_position_left e-con e-child\" data-id=\"8cafaae\" data-element_type=\"container\">\n\t\t\t\t<div class=\"elementor-element elementor-element-a761f0e archimg sc_fly_static elementor-widget elementor-widget-image\" data-id=\"a761f0e\" data-element_type=\"widget\" data-widget_type=\"image.default\">\n\t\t\t\t<div class=\"elementor-widget-container\">\n\t\t\t\t\t\t\t\t\t\t\t\t\t<img loading=\"lazy\" decoding=\"async\" width=\"1024\" height=\"680\" src=\"https:\/\/postarchive.org\/wp2024\/wp-content\/uploads\/2019\/12\/MM-UND-SER-006-1024x680.jpg\" class=\"attachment-large size-large wp-image-2880\" alt=\"\" srcset=\"https:\/\/postarchive.org\/wp2024\/wp-content\/uploads\/2019\/12\/MM-UND-SER-006-1024x680.jpg 1024w, https:\/\/postarchive.org\/wp2024\/wp-content\/uploads\/2019\/12\/MM-UND-SER-006-scaled-600x399.jpg 600w, https:\/\/postarchive.org\/wp2024\/wp-content\/uploads\/2019\/12\/MM-UND-SER-006-300x199.jpg 300w, https:\/\/postarchive.org\/wp2024\/wp-content\/uploads\/2019\/12\/MM-UND-SER-006-768x510.jpg 768w, https:\/\/postarchive.org\/wp2024\/wp-content\/uploads\/2019\/12\/MM-UND-SER-006-1536x1020.jpg 1536w, https:\/\/postarchive.org\/wp2024\/wp-content\/uploads\/2019\/12\/MM-UND-SER-006-2048x1360.jpg 2048w, https:\/\/postarchive.org\/wp2024\/wp-content\/uploads\/2019\/12\/MM-UND-SER-006-1130x751.jpg 1130w, https:\/\/postarchive.org\/wp2024\/wp-content\/uploads\/2019\/12\/MM-UND-SER-006-800x531.jpg 800w, https:\/\/postarchive.org\/wp2024\/wp-content\/uploads\/2019\/12\/MM-UND-SER-006-200x133.jpg 200w, https:\/\/postarchive.org\/wp2024\/wp-content\/uploads\/2019\/12\/MM-UND-SER-006-50x33.jpg 50w\" sizes=\"(max-width: 1024px) 100vw, 1024px\" \/>\t\t\t\t\t\t\t\t\t\t\t\t\t<\/div>\n\t\t\t\t<\/div>\n\t\t\t\t<\/div>\n\t\t<div class=\"elementor-element elementor-element-ba591d2 e-con-full e-flex sc_inner_width_none sc_layouts_column_icons_position_left e-con e-child\" data-id=\"ba591d2\" data-element_type=\"container\">\n\t\t\t\t<div class=\"elementor-element elementor-element-67d2fef sc_fly_static elementor-widget elementor-widget-text-editor\" data-id=\"67d2fef\" data-element_type=\"widget\" data-widget_type=\"text-editor.default\">\n\t\t\t\t<div class=\"elementor-widget-container\">\n\t\t\t\t\t\t\t<p><strong>T\u00edtulo:<\/strong> Carro vermelho<br \/><strong>Data:<\/strong> 2010<br \/><strong>Dimens\u00e3o e suporte:<\/strong> 30 x 40cm, Digital TIFF<br \/><strong>Nome dos autores:<\/strong> Miranda, M\u00f3nica de. 1976-, artista visual<br \/><strong>Condi\u00e7\u00f5es de reprodu\u00e7\u00e3o:<\/strong> Direitos reservados para efeito de publica\u00e7\u00e3o, exposi\u00e7\u00e3o e utiliza\u00e7\u00e3o comercial<br \/><strong>C\u00f3digo:<\/strong> MM-UND-SER-006<br \/><strong>Localiza\u00e7\u00e3o:<\/strong> Quinta da Serra<br \/><strong>Categoria:<\/strong> Fotografia<\/p>\t\t\t\t\t\t<\/div>\n\t\t\t\t<\/div>\n\t\t\t\t<div class=\"elementor-element elementor-element-5eee5f0 repbtn sc_fly_static elementor-widget elementor-widget-button\" data-id=\"5eee5f0\" data-element_type=\"widget\" data-widget_type=\"button.default\">\n\t\t\t\t<div class=\"elementor-widget-container\">\n\t\t\t\t\t<div class=\"elementor-button-wrapper\">\n\t\t\t<a class=\"elementor-button elementor-button-link elementor-size-sm\" href=\"https:\/\/postarchive.org\/wp2024\/reproduzir\/\">\n\t\t\t\t\t\t<span class=\"elementor-button-content-wrapper\">\n\t\t\t\t\t\t<span class=\"elementor-button-text\">Reproduzir<\/span>\n\t\t<\/span>\n\t\t\t\t\t<\/a>\n\t\t<\/div>\n\t\t\t\t<\/div>\n\t\t\t\t<\/div>\n\t\t\t\t<\/div>\n\t\t\t\t\t<\/div>\n\t\t\t\t<\/div>\n\t\t<div class=\"elementor-element elementor-element-3853a22 e-flex e-con-boxed sc_inner_width_none sc_layouts_column_icons_position_left e-con e-parent\" data-id=\"3853a22\" data-element_type=\"container\" data-core-v316-plus=\"true\">\n\t\t\t\t\t<div class=\"e-con-inner\">\n\t\t<div class=\"elementor-element elementor-element-40381a2 e-con-full e-flex sc_inner_width_none sc_layouts_column_icons_position_left e-con e-child\" data-id=\"40381a2\" data-element_type=\"container\">\n\t\t\t\t<div class=\"elementor-element elementor-element-348fe89 archimg sc_fly_static elementor-widget elementor-widget-image\" data-id=\"348fe89\" data-element_type=\"widget\" data-widget_type=\"image.default\">\n\t\t\t\t<div class=\"elementor-widget-container\">\n\t\t\t\t\t\t\t\t\t\t\t\t\t<img loading=\"lazy\" decoding=\"async\" width=\"1024\" height=\"680\" src=\"https:\/\/postarchive.org\/wp2024\/wp-content\/uploads\/2019\/12\/MM-UND-SER-007-1024x680.jpg\" class=\"attachment-large size-large wp-image-2882\" alt=\"\" srcset=\"https:\/\/postarchive.org\/wp2024\/wp-content\/uploads\/2019\/12\/MM-UND-SER-007-1024x680.jpg 1024w, https:\/\/postarchive.org\/wp2024\/wp-content\/uploads\/2019\/12\/MM-UND-SER-007-scaled-600x399.jpg 600w, https:\/\/postarchive.org\/wp2024\/wp-content\/uploads\/2019\/12\/MM-UND-SER-007-300x199.jpg 300w, https:\/\/postarchive.org\/wp2024\/wp-content\/uploads\/2019\/12\/MM-UND-SER-007-768x510.jpg 768w, https:\/\/postarchive.org\/wp2024\/wp-content\/uploads\/2019\/12\/MM-UND-SER-007-1536x1020.jpg 1536w, https:\/\/postarchive.org\/wp2024\/wp-content\/uploads\/2019\/12\/MM-UND-SER-007-2048x1360.jpg 2048w, https:\/\/postarchive.org\/wp2024\/wp-content\/uploads\/2019\/12\/MM-UND-SER-007-1130x751.jpg 1130w, https:\/\/postarchive.org\/wp2024\/wp-content\/uploads\/2019\/12\/MM-UND-SER-007-800x531.jpg 800w, https:\/\/postarchive.org\/wp2024\/wp-content\/uploads\/2019\/12\/MM-UND-SER-007-200x133.jpg 200w, https:\/\/postarchive.org\/wp2024\/wp-content\/uploads\/2019\/12\/MM-UND-SER-007-50x33.jpg 50w\" sizes=\"(max-width: 1024px) 100vw, 1024px\" \/>\t\t\t\t\t\t\t\t\t\t\t\t\t<\/div>\n\t\t\t\t<\/div>\n\t\t\t\t<\/div>\n\t\t<div class=\"elementor-element elementor-element-5174be4 e-con-full e-flex sc_inner_width_none sc_layouts_column_icons_position_left e-con e-child\" data-id=\"5174be4\" data-element_type=\"container\">\n\t\t\t\t<div class=\"elementor-element elementor-element-e560270 sc_fly_static elementor-widget elementor-widget-text-editor\" data-id=\"e560270\" data-element_type=\"widget\" data-widget_type=\"text-editor.default\">\n\t\t\t\t<div class=\"elementor-widget-container\">\n\t\t\t\t\t\t\t<p><strong>T\u00edtulo:<\/strong> Casa de tijolos<br \/><strong>Data:<\/strong> 2010<br \/><strong>Dimens\u00e3o e suporte:<\/strong> 30 x 40cm, Digital TIFF<br \/><strong>Nome dos autores:<\/strong> Miranda, M\u00f3nica de. 1976-, artista visual<br \/><strong>Condi\u00e7\u00f5es de reprodu\u00e7\u00e3o:<\/strong> Direitos reservados para efeito de publica\u00e7\u00e3o, exposi\u00e7\u00e3o e utiliza\u00e7\u00e3o comercial<br \/><strong>C\u00f3digo<\/strong>: MM-UND-SER-007<br \/><strong>Localiza\u00e7\u00e3o:<\/strong> Quinta da Serra<br \/><strong>Categoria:<\/strong> Fotografia<\/p>\t\t\t\t\t\t<\/div>\n\t\t\t\t<\/div>\n\t\t\t\t<div class=\"elementor-element elementor-element-83c7ac6 repbtn sc_fly_static elementor-widget elementor-widget-button\" data-id=\"83c7ac6\" data-element_type=\"widget\" data-widget_type=\"button.default\">\n\t\t\t\t<div class=\"elementor-widget-container\">\n\t\t\t\t\t<div class=\"elementor-button-wrapper\">\n\t\t\t<a class=\"elementor-button elementor-button-link elementor-size-sm\" href=\"https:\/\/postarchive.org\/wp2024\/reproduzir\/\">\n\t\t\t\t\t\t<span class=\"elementor-button-content-wrapper\">\n\t\t\t\t\t\t<span class=\"elementor-button-text\">Reproduzir<\/span>\n\t\t<\/span>\n\t\t\t\t\t<\/a>\n\t\t<\/div>\n\t\t\t\t<\/div>\n\t\t\t\t<\/div>\n\t\t\t\t<\/div>\n\t\t\t\t\t<\/div>\n\t\t\t\t<\/div>\n\t\t<div class=\"elementor-element elementor-element-8d7b506 e-flex e-con-boxed sc_inner_width_none sc_layouts_column_icons_position_left e-con e-parent\" data-id=\"8d7b506\" data-element_type=\"container\" data-core-v316-plus=\"true\">\n\t\t\t\t\t<div class=\"e-con-inner\">\n\t\t<div class=\"elementor-element elementor-element-faf3192 e-con-full e-flex sc_inner_width_none sc_layouts_column_icons_position_left e-con e-child\" data-id=\"faf3192\" data-element_type=\"container\">\n\t\t\t\t<div class=\"elementor-element elementor-element-97649bc archimg sc_fly_static elementor-widget elementor-widget-image\" data-id=\"97649bc\" data-element_type=\"widget\" data-widget_type=\"image.default\">\n\t\t\t\t<div class=\"elementor-widget-container\">\n\t\t\t\t\t\t\t\t\t\t\t\t\t<img loading=\"lazy\" decoding=\"async\" width=\"1024\" height=\"680\" src=\"https:\/\/postarchive.org\/wp2024\/wp-content\/uploads\/2019\/12\/MM-UND-SER-008-1024x680.jpg\" class=\"attachment-large size-large wp-image-2884\" alt=\"\" srcset=\"https:\/\/postarchive.org\/wp2024\/wp-content\/uploads\/2019\/12\/MM-UND-SER-008-1024x680.jpg 1024w, https:\/\/postarchive.org\/wp2024\/wp-content\/uploads\/2019\/12\/MM-UND-SER-008-scaled-600x399.jpg 600w, https:\/\/postarchive.org\/wp2024\/wp-content\/uploads\/2019\/12\/MM-UND-SER-008-300x199.jpg 300w, https:\/\/postarchive.org\/wp2024\/wp-content\/uploads\/2019\/12\/MM-UND-SER-008-768x510.jpg 768w, https:\/\/postarchive.org\/wp2024\/wp-content\/uploads\/2019\/12\/MM-UND-SER-008-1536x1020.jpg 1536w, https:\/\/postarchive.org\/wp2024\/wp-content\/uploads\/2019\/12\/MM-UND-SER-008-2048x1360.jpg 2048w, https:\/\/postarchive.org\/wp2024\/wp-content\/uploads\/2019\/12\/MM-UND-SER-008-1130x751.jpg 1130w, https:\/\/postarchive.org\/wp2024\/wp-content\/uploads\/2019\/12\/MM-UND-SER-008-800x531.jpg 800w, https:\/\/postarchive.org\/wp2024\/wp-content\/uploads\/2019\/12\/MM-UND-SER-008-200x133.jpg 200w, https:\/\/postarchive.org\/wp2024\/wp-content\/uploads\/2019\/12\/MM-UND-SER-008-50x33.jpg 50w\" sizes=\"(max-width: 1024px) 100vw, 1024px\" \/>\t\t\t\t\t\t\t\t\t\t\t\t\t<\/div>\n\t\t\t\t<\/div>\n\t\t\t\t<\/div>\n\t\t<div class=\"elementor-element elementor-element-e762171 e-con-full e-flex sc_inner_width_none sc_layouts_column_icons_position_left e-con e-child\" data-id=\"e762171\" data-element_type=\"container\">\n\t\t\t\t<div class=\"elementor-element elementor-element-94c9c7c sc_fly_static elementor-widget elementor-widget-text-editor\" data-id=\"94c9c7c\" data-element_type=\"widget\" data-widget_type=\"text-editor.default\">\n\t\t\t\t<div class=\"elementor-widget-container\">\n\t\t\t\t\t\t\t<p><strong>T\u00edtulo:<\/strong> Parede da casa<br \/><strong>Data:<\/strong> 2010<br \/><strong>Dimens\u00e3o e suporte:<\/strong> 30 x 40cm, Digital TIFF<br \/><strong>Nome dos autores:<\/strong> Miranda, M\u00f3nica de. 1976-, artista visual<br \/><strong>Condi\u00e7\u00f5es de reprodu\u00e7\u00e3o:<\/strong> Direitos reservados para efeito de publica\u00e7\u00e3o, exposi\u00e7\u00e3o e utiliza\u00e7\u00e3o comercial<br \/><strong>C\u00f3digo:<\/strong> MM-UND-SER-008<br \/><strong>Localiza\u00e7\u00e3o:<\/strong> Quinta da Serra<br \/><strong>Categoria:<\/strong> Fotografia<\/p>\t\t\t\t\t\t<\/div>\n\t\t\t\t<\/div>\n\t\t\t\t<div class=\"elementor-element elementor-element-10d4cac repbtn sc_fly_static elementor-widget elementor-widget-button\" data-id=\"10d4cac\" data-element_type=\"widget\" data-widget_type=\"button.default\">\n\t\t\t\t<div class=\"elementor-widget-container\">\n\t\t\t\t\t<div class=\"elementor-button-wrapper\">\n\t\t\t<a class=\"elementor-button elementor-button-link elementor-size-sm\" href=\"https:\/\/postarchive.org\/wp2024\/reproduzir\/\">\n\t\t\t\t\t\t<span class=\"elementor-button-content-wrapper\">\n\t\t\t\t\t\t<span class=\"elementor-button-text\">Reproduzir<\/span>\n\t\t<\/span>\n\t\t\t\t\t<\/a>\n\t\t<\/div>\n\t\t\t\t<\/div>\n\t\t\t\t<\/div>\n\t\t\t\t<\/div>\n\t\t\t\t\t<\/div>\n\t\t\t\t<\/div>\n\t\t<div class=\"elementor-element elementor-element-f467d06 e-flex e-con-boxed sc_inner_width_none sc_layouts_column_icons_position_left e-con e-parent\" data-id=\"f467d06\" data-element_type=\"container\" data-core-v316-plus=\"true\">\n\t\t\t\t\t<div class=\"e-con-inner\">\n\t\t<div class=\"elementor-element elementor-element-efb8382 e-con-full e-flex sc_inner_width_none sc_layouts_column_icons_position_left e-con e-child\" data-id=\"efb8382\" data-element_type=\"container\">\n\t\t\t\t<div class=\"elementor-element elementor-element-62ad56f archimg sc_fly_static elementor-widget elementor-widget-image\" data-id=\"62ad56f\" data-element_type=\"widget\" data-widget_type=\"image.default\">\n\t\t\t\t<div class=\"elementor-widget-container\">\n\t\t\t\t\t\t\t\t\t\t\t\t\t<img loading=\"lazy\" decoding=\"async\" width=\"1024\" height=\"680\" src=\"https:\/\/postarchive.org\/wp2024\/wp-content\/uploads\/2019\/12\/MM-UND-SER-009-1024x680.jpg\" class=\"attachment-large size-large wp-image-2886\" alt=\"\" srcset=\"https:\/\/postarchive.org\/wp2024\/wp-content\/uploads\/2019\/12\/MM-UND-SER-009-1024x680.jpg 1024w, https:\/\/postarchive.org\/wp2024\/wp-content\/uploads\/2019\/12\/MM-UND-SER-009-scaled-600x399.jpg 600w, https:\/\/postarchive.org\/wp2024\/wp-content\/uploads\/2019\/12\/MM-UND-SER-009-300x199.jpg 300w, https:\/\/postarchive.org\/wp2024\/wp-content\/uploads\/2019\/12\/MM-UND-SER-009-768x510.jpg 768w, https:\/\/postarchive.org\/wp2024\/wp-content\/uploads\/2019\/12\/MM-UND-SER-009-1536x1020.jpg 1536w, https:\/\/postarchive.org\/wp2024\/wp-content\/uploads\/2019\/12\/MM-UND-SER-009-2048x1360.jpg 2048w, https:\/\/postarchive.org\/wp2024\/wp-content\/uploads\/2019\/12\/MM-UND-SER-009-1130x751.jpg 1130w, https:\/\/postarchive.org\/wp2024\/wp-content\/uploads\/2019\/12\/MM-UND-SER-009-800x531.jpg 800w, https:\/\/postarchive.org\/wp2024\/wp-content\/uploads\/2019\/12\/MM-UND-SER-009-200x133.jpg 200w, https:\/\/postarchive.org\/wp2024\/wp-content\/uploads\/2019\/12\/MM-UND-SER-009-50x33.jpg 50w\" sizes=\"(max-width: 1024px) 100vw, 1024px\" \/>\t\t\t\t\t\t\t\t\t\t\t\t\t<\/div>\n\t\t\t\t<\/div>\n\t\t\t\t<\/div>\n\t\t<div class=\"elementor-element elementor-element-fe39e4e e-con-full e-flex sc_inner_width_none sc_layouts_column_icons_position_left e-con e-child\" data-id=\"fe39e4e\" data-element_type=\"container\">\n\t\t\t\t<div class=\"elementor-element elementor-element-2dac276 sc_fly_static elementor-widget elementor-widget-text-editor\" data-id=\"2dac276\" data-element_type=\"widget\" data-widget_type=\"text-editor.default\">\n\t\t\t\t<div class=\"elementor-widget-container\">\n\t\t\t\t\t\t\t<p><strong>T\u00edtulo:<\/strong> Materiais de obra<br \/><strong>Data:<\/strong> 2010<br \/><strong>Dimens\u00e3o e suporte:<\/strong> 30 x 40cm, Digital TIFF<br \/><strong>Nome dos autores:<\/strong> Miranda, M\u00f3nica de. 1976-, artista visual<br \/><strong>Condi\u00e7\u00f5es de reprodu\u00e7\u00e3o:<\/strong> Direitos reservados para efeito de publica\u00e7\u00e3o, exposi\u00e7\u00e3o e utiliza\u00e7\u00e3o comercial<br \/><strong>C\u00f3digo:<\/strong> MM-UND-SER-009<br \/><strong>Localiza\u00e7\u00e3o:<\/strong> Quinta da Serra<br \/><strong>Categoria:<\/strong> Fotografia<\/p>\t\t\t\t\t\t<\/div>\n\t\t\t\t<\/div>\n\t\t\t\t<div class=\"elementor-element elementor-element-e656a86 repbtn sc_fly_static elementor-widget elementor-widget-button\" data-id=\"e656a86\" data-element_type=\"widget\" data-widget_type=\"button.default\">\n\t\t\t\t<div class=\"elementor-widget-container\">\n\t\t\t\t\t<div class=\"elementor-button-wrapper\">\n\t\t\t<a class=\"elementor-button elementor-button-link elementor-size-sm\" href=\"https:\/\/postarchive.org\/wp2024\/reproduzir\/\">\n\t\t\t\t\t\t<span class=\"elementor-button-content-wrapper\">\n\t\t\t\t\t\t<span class=\"elementor-button-text\">Reproduzir<\/span>\n\t\t<\/span>\n\t\t\t\t\t<\/a>\n\t\t<\/div>\n\t\t\t\t<\/div>\n\t\t\t\t<\/div>\n\t\t\t\t<\/div>\n\t\t\t\t\t<\/div>\n\t\t\t\t<\/div>\n\t\t<div class=\"elementor-element elementor-element-0395629 e-flex e-con-boxed sc_inner_width_none sc_layouts_column_icons_position_left e-con e-parent\" data-id=\"0395629\" data-element_type=\"container\" data-core-v316-plus=\"true\">\n\t\t\t\t\t<div class=\"e-con-inner\">\n\t\t<div class=\"elementor-element elementor-element-24a6bee e-con-full e-flex sc_inner_width_none sc_layouts_column_icons_position_left e-con e-child\" data-id=\"24a6bee\" data-element_type=\"container\">\n\t\t\t\t<div class=\"elementor-element elementor-element-e30fb58 archimg sc_fly_static elementor-widget elementor-widget-image\" data-id=\"e30fb58\" data-element_type=\"widget\" data-widget_type=\"image.default\">\n\t\t\t\t<div class=\"elementor-widget-container\">\n\t\t\t\t\t\t\t\t\t\t\t\t\t<img loading=\"lazy\" decoding=\"async\" width=\"1024\" height=\"680\" src=\"https:\/\/postarchive.org\/wp2024\/wp-content\/uploads\/2019\/12\/MM-UND-SER-010-1024x680.jpg\" class=\"attachment-large size-large wp-image-2888\" alt=\"\" srcset=\"https:\/\/postarchive.org\/wp2024\/wp-content\/uploads\/2019\/12\/MM-UND-SER-010-1024x680.jpg 1024w, https:\/\/postarchive.org\/wp2024\/wp-content\/uploads\/2019\/12\/MM-UND-SER-010-scaled-600x399.jpg 600w, https:\/\/postarchive.org\/wp2024\/wp-content\/uploads\/2019\/12\/MM-UND-SER-010-300x199.jpg 300w, https:\/\/postarchive.org\/wp2024\/wp-content\/uploads\/2019\/12\/MM-UND-SER-010-768x510.jpg 768w, https:\/\/postarchive.org\/wp2024\/wp-content\/uploads\/2019\/12\/MM-UND-SER-010-1536x1020.jpg 1536w, https:\/\/postarchive.org\/wp2024\/wp-content\/uploads\/2019\/12\/MM-UND-SER-010-2048x1360.jpg 2048w, https:\/\/postarchive.org\/wp2024\/wp-content\/uploads\/2019\/12\/MM-UND-SER-010-1130x751.jpg 1130w, https:\/\/postarchive.org\/wp2024\/wp-content\/uploads\/2019\/12\/MM-UND-SER-010-800x531.jpg 800w, https:\/\/postarchive.org\/wp2024\/wp-content\/uploads\/2019\/12\/MM-UND-SER-010-200x133.jpg 200w, https:\/\/postarchive.org\/wp2024\/wp-content\/uploads\/2019\/12\/MM-UND-SER-010-50x33.jpg 50w\" sizes=\"(max-width: 1024px) 100vw, 1024px\" \/>\t\t\t\t\t\t\t\t\t\t\t\t\t<\/div>\n\t\t\t\t<\/div>\n\t\t\t\t<\/div>\n\t\t<div class=\"elementor-element elementor-element-e23eb04 e-con-full e-flex sc_inner_width_none sc_layouts_column_icons_position_left e-con e-child\" data-id=\"e23eb04\" data-element_type=\"container\">\n\t\t\t\t<div class=\"elementor-element elementor-element-8d2ae91 sc_fly_static elementor-widget elementor-widget-text-editor\" data-id=\"8d2ae91\" data-element_type=\"widget\" data-widget_type=\"text-editor.default\">\n\t\t\t\t<div class=\"elementor-widget-container\">\n\t\t\t\t\t\t\t<p><strong>T\u00edtulo:<\/strong> Materiais de obra II<br \/><strong>Data:<\/strong> 2010<br \/><strong>Dimens\u00e3o e suporte:<\/strong> 30 x 40cm, Digital TIFF<br \/><strong>Nome dos autores:<\/strong> Miranda, M\u00f3nica de. 1976-, artista visual<br \/><strong>Condi\u00e7\u00f5es de reprodu\u00e7\u00e3o:<\/strong> Direitos reservados para efeito de publica\u00e7\u00e3o, exposi\u00e7\u00e3o e utiliza\u00e7\u00e3o comercial<br \/><strong>C\u00f3digo:<\/strong> MM-UND-SER-010<br \/><strong>Localiza\u00e7\u00e3o<\/strong>: Quinta da Serra<br \/><strong>Categoria:<\/strong> Fotografia<\/p>\t\t\t\t\t\t<\/div>\n\t\t\t\t<\/div>\n\t\t\t\t<div class=\"elementor-element elementor-element-930ff9f repbtn sc_fly_static elementor-widget elementor-widget-button\" data-id=\"930ff9f\" data-element_type=\"widget\" data-widget_type=\"button.default\">\n\t\t\t\t<div class=\"elementor-widget-container\">\n\t\t\t\t\t<div class=\"elementor-button-wrapper\">\n\t\t\t<a class=\"elementor-button elementor-button-link elementor-size-sm\" href=\"https:\/\/postarchive.org\/wp2024\/reproduzir\/\">\n\t\t\t\t\t\t<span class=\"elementor-button-content-wrapper\">\n\t\t\t\t\t\t<span class=\"elementor-button-text\">Reproduzir<\/span>\n\t\t<\/span>\n\t\t\t\t\t<\/a>\n\t\t<\/div>\n\t\t\t\t<\/div>\n\t\t\t\t<\/div>\n\t\t\t\t<\/div>\n\t\t\t\t\t<\/div>\n\t\t\t\t<\/div>\n\t\t<div class=\"elementor-element elementor-element-48f1cd7 e-flex e-con-boxed sc_inner_width_none sc_layouts_column_icons_position_left e-con e-parent\" data-id=\"48f1cd7\" data-element_type=\"container\" data-core-v316-plus=\"true\">\n\t\t\t\t\t<div class=\"e-con-inner\">\n\t\t<div class=\"elementor-element elementor-element-e55406e e-con-full e-flex sc_inner_width_none sc_layouts_column_icons_position_left e-con e-child\" data-id=\"e55406e\" data-element_type=\"container\">\n\t\t\t\t<div class=\"elementor-element elementor-element-d1bd2ef archimg sc_fly_static elementor-widget elementor-widget-image\" data-id=\"d1bd2ef\" data-element_type=\"widget\" data-widget_type=\"image.default\">\n\t\t\t\t<div class=\"elementor-widget-container\">\n\t\t\t\t\t\t\t\t\t\t\t\t\t<img loading=\"lazy\" decoding=\"async\" width=\"1024\" height=\"680\" src=\"https:\/\/postarchive.org\/wp2024\/wp-content\/uploads\/2019\/12\/MM-UND-SER-011-1024x680.jpg\" class=\"attachment-large size-large wp-image-2890\" alt=\"\" srcset=\"https:\/\/postarchive.org\/wp2024\/wp-content\/uploads\/2019\/12\/MM-UND-SER-011-1024x680.jpg 1024w, https:\/\/postarchive.org\/wp2024\/wp-content\/uploads\/2019\/12\/MM-UND-SER-011-scaled-600x399.jpg 600w, https:\/\/postarchive.org\/wp2024\/wp-content\/uploads\/2019\/12\/MM-UND-SER-011-300x199.jpg 300w, https:\/\/postarchive.org\/wp2024\/wp-content\/uploads\/2019\/12\/MM-UND-SER-011-768x510.jpg 768w, https:\/\/postarchive.org\/wp2024\/wp-content\/uploads\/2019\/12\/MM-UND-SER-011-1536x1020.jpg 1536w, https:\/\/postarchive.org\/wp2024\/wp-content\/uploads\/2019\/12\/MM-UND-SER-011-2048x1360.jpg 2048w, https:\/\/postarchive.org\/wp2024\/wp-content\/uploads\/2019\/12\/MM-UND-SER-011-1130x751.jpg 1130w, https:\/\/postarchive.org\/wp2024\/wp-content\/uploads\/2019\/12\/MM-UND-SER-011-800x531.jpg 800w, https:\/\/postarchive.org\/wp2024\/wp-content\/uploads\/2019\/12\/MM-UND-SER-011-200x133.jpg 200w, https:\/\/postarchive.org\/wp2024\/wp-content\/uploads\/2019\/12\/MM-UND-SER-011-50x33.jpg 50w\" sizes=\"(max-width: 1024px) 100vw, 1024px\" \/>\t\t\t\t\t\t\t\t\t\t\t\t\t<\/div>\n\t\t\t\t<\/div>\n\t\t\t\t<\/div>\n\t\t<div class=\"elementor-element elementor-element-8252a96 e-con-full e-flex sc_inner_width_none sc_layouts_column_icons_position_left e-con e-child\" data-id=\"8252a96\" data-element_type=\"container\">\n\t\t\t\t<div class=\"elementor-element elementor-element-fae9435 sc_fly_static elementor-widget elementor-widget-text-editor\" data-id=\"fae9435\" data-element_type=\"widget\" data-widget_type=\"text-editor.default\">\n\t\t\t\t<div class=\"elementor-widget-container\">\n\t\t\t\t\t\t\t<p><strong>T\u00edtulo:<\/strong> Varal de roupas<br \/><strong>Data<\/strong>: 2010<br \/><strong>Dimens\u00e3o e suporte:<\/strong> 30 x 40cm, Digital TIFF<br \/><strong>Nome dos autores:<\/strong> Miranda, M\u00f3nica de. 1976-, artista visual<br \/><strong>Condi\u00e7\u00f5es de reprodu\u00e7\u00e3o:<\/strong> Direitos reservados para efeito de publica\u00e7\u00e3o, exposi\u00e7\u00e3o e utiliza\u00e7\u00e3o comercial<br \/><strong>C\u00f3digo:<\/strong> MM-UND-SER-011<br \/><strong>Localiza\u00e7\u00e3o<\/strong>: Quinta da Serra<br \/><strong>Categoria:<\/strong> Fotografia<\/p>\t\t\t\t\t\t<\/div>\n\t\t\t\t<\/div>\n\t\t\t\t<div class=\"elementor-element elementor-element-f68adf1 repbtn sc_fly_static elementor-widget elementor-widget-button\" data-id=\"f68adf1\" data-element_type=\"widget\" data-widget_type=\"button.default\">\n\t\t\t\t<div class=\"elementor-widget-container\">\n\t\t\t\t\t<div class=\"elementor-button-wrapper\">\n\t\t\t<a class=\"elementor-button elementor-button-link elementor-size-sm\" href=\"https:\/\/postarchive.org\/wp2024\/reproduzir\/\">\n\t\t\t\t\t\t<span class=\"elementor-button-content-wrapper\">\n\t\t\t\t\t\t<span class=\"elementor-button-text\">Reproduzir<\/span>\n\t\t<\/span>\n\t\t\t\t\t<\/a>\n\t\t<\/div>\n\t\t\t\t<\/div>\n\t\t\t\t<\/div>\n\t\t\t\t<\/div>\n\t\t\t\t\t<\/div>\n\t\t\t\t<\/div>\n\t\t<div class=\"elementor-element elementor-element-a0c5a11 e-flex e-con-boxed sc_inner_width_none sc_layouts_column_icons_position_left e-con e-parent\" data-id=\"a0c5a11\" data-element_type=\"container\" data-core-v316-plus=\"true\">\n\t\t\t\t\t<div class=\"e-con-inner\">\n\t\t<div class=\"elementor-element elementor-element-c470525 e-con-full e-flex sc_inner_width_none sc_layouts_column_icons_position_left e-con e-child\" data-id=\"c470525\" data-element_type=\"container\">\n\t\t\t\t<div class=\"elementor-element elementor-element-b529d9a archimg sc_fly_static elementor-widget elementor-widget-image\" data-id=\"b529d9a\" data-element_type=\"widget\" data-widget_type=\"image.default\">\n\t\t\t\t<div class=\"elementor-widget-container\">\n\t\t\t\t\t\t\t\t\t\t\t\t\t<img loading=\"lazy\" decoding=\"async\" width=\"1024\" height=\"680\" src=\"https:\/\/postarchive.org\/wp2024\/wp-content\/uploads\/2019\/12\/MM-UND-SER-012-1024x680.jpg\" class=\"attachment-large size-large wp-image-2892\" alt=\"\" srcset=\"https:\/\/postarchive.org\/wp2024\/wp-content\/uploads\/2019\/12\/MM-UND-SER-012-1024x680.jpg 1024w, https:\/\/postarchive.org\/wp2024\/wp-content\/uploads\/2019\/12\/MM-UND-SER-012-scaled-600x399.jpg 600w, https:\/\/postarchive.org\/wp2024\/wp-content\/uploads\/2019\/12\/MM-UND-SER-012-300x199.jpg 300w, https:\/\/postarchive.org\/wp2024\/wp-content\/uploads\/2019\/12\/MM-UND-SER-012-768x510.jpg 768w, https:\/\/postarchive.org\/wp2024\/wp-content\/uploads\/2019\/12\/MM-UND-SER-012-1536x1020.jpg 1536w, https:\/\/postarchive.org\/wp2024\/wp-content\/uploads\/2019\/12\/MM-UND-SER-012-2048x1360.jpg 2048w, https:\/\/postarchive.org\/wp2024\/wp-content\/uploads\/2019\/12\/MM-UND-SER-012-1130x751.jpg 1130w, https:\/\/postarchive.org\/wp2024\/wp-content\/uploads\/2019\/12\/MM-UND-SER-012-800x531.jpg 800w, https:\/\/postarchive.org\/wp2024\/wp-content\/uploads\/2019\/12\/MM-UND-SER-012-200x133.jpg 200w, https:\/\/postarchive.org\/wp2024\/wp-content\/uploads\/2019\/12\/MM-UND-SER-012-50x33.jpg 50w\" sizes=\"(max-width: 1024px) 100vw, 1024px\" \/>\t\t\t\t\t\t\t\t\t\t\t\t\t<\/div>\n\t\t\t\t<\/div>\n\t\t\t\t<\/div>\n\t\t<div class=\"elementor-element elementor-element-b408c78 e-con-full e-flex sc_inner_width_none sc_layouts_column_icons_position_left e-con e-child\" data-id=\"b408c78\" data-element_type=\"container\">\n\t\t\t\t<div class=\"elementor-element elementor-element-8aa68f1 sc_fly_static elementor-widget elementor-widget-text-editor\" data-id=\"8aa68f1\" data-element_type=\"widget\" data-widget_type=\"text-editor.default\">\n\t\t\t\t<div class=\"elementor-widget-container\">\n\t\t\t\t\t\t\t<p><strong>T\u00edtulo:<\/strong> Varal de roupas II<br \/><strong>Data:<\/strong> 2010<br \/><strong>Dimens\u00e3o e suporte:<\/strong> 30 x 40cm, Digital TIFF<br \/><strong>Nome dos autores:<\/strong> Miranda, M\u00f3nica de. 1976-, artista visual<br \/><strong>Condi\u00e7\u00f5es de reprodu\u00e7\u00e3o:<\/strong> Direitos reservados para efeito de publica\u00e7\u00e3o, exposi\u00e7\u00e3o e utiliza\u00e7\u00e3o comercial<br \/><strong>C\u00f3digo:<\/strong> MM-UND-SER-012<br \/><strong>Localiza\u00e7\u00e3o:<\/strong> Quinta da Serra<br \/><strong>Categoria:<\/strong> Fotografia<\/p>\t\t\t\t\t\t<\/div>\n\t\t\t\t<\/div>\n\t\t\t\t<div class=\"elementor-element elementor-element-866fd97 repbtn sc_fly_static elementor-widget elementor-widget-button\" data-id=\"866fd97\" data-element_type=\"widget\" data-widget_type=\"button.default\">\n\t\t\t\t<div class=\"elementor-widget-container\">\n\t\t\t\t\t<div class=\"elementor-button-wrapper\">\n\t\t\t<a class=\"elementor-button elementor-button-link elementor-size-sm\" href=\"https:\/\/postarchive.org\/wp2024\/reproduzir\/\">\n\t\t\t\t\t\t<span class=\"elementor-button-content-wrapper\">\n\t\t\t\t\t\t<span class=\"elementor-button-text\">Reproduzir<\/span>\n\t\t<\/span>\n\t\t\t\t\t<\/a>\n\t\t<\/div>\n\t\t\t\t<\/div>\n\t\t\t\t<\/div>\n\t\t\t\t<\/div>\n\t\t\t\t\t<\/div>\n\t\t\t\t<\/div>\n\t\t<div class=\"elementor-element elementor-element-e6d6596 e-flex e-con-boxed sc_inner_width_none sc_layouts_column_icons_position_left e-con e-parent\" data-id=\"e6d6596\" data-element_type=\"container\" data-core-v316-plus=\"true\">\n\t\t\t\t\t<div class=\"e-con-inner\">\n\t\t<div class=\"elementor-element elementor-element-438902f e-con-full e-flex sc_inner_width_none sc_layouts_column_icons_position_left e-con e-child\" data-id=\"438902f\" data-element_type=\"container\">\n\t\t\t\t<div class=\"elementor-element elementor-element-d3c9b4e archimg sc_fly_static elementor-widget elementor-widget-image\" data-id=\"d3c9b4e\" data-element_type=\"widget\" data-widget_type=\"image.default\">\n\t\t\t\t<div class=\"elementor-widget-container\">\n\t\t\t\t\t\t\t\t\t\t\t\t\t<img loading=\"lazy\" decoding=\"async\" width=\"1024\" height=\"680\" src=\"https:\/\/postarchive.org\/wp2024\/wp-content\/uploads\/2019\/12\/MM-UND-SER-013-1024x680.jpg\" class=\"attachment-large size-large wp-image-2894\" alt=\"\" srcset=\"https:\/\/postarchive.org\/wp2024\/wp-content\/uploads\/2019\/12\/MM-UND-SER-013-1024x680.jpg 1024w, https:\/\/postarchive.org\/wp2024\/wp-content\/uploads\/2019\/12\/MM-UND-SER-013-scaled-600x399.jpg 600w, https:\/\/postarchive.org\/wp2024\/wp-content\/uploads\/2019\/12\/MM-UND-SER-013-300x199.jpg 300w, https:\/\/postarchive.org\/wp2024\/wp-content\/uploads\/2019\/12\/MM-UND-SER-013-768x510.jpg 768w, https:\/\/postarchive.org\/wp2024\/wp-content\/uploads\/2019\/12\/MM-UND-SER-013-1536x1020.jpg 1536w, https:\/\/postarchive.org\/wp2024\/wp-content\/uploads\/2019\/12\/MM-UND-SER-013-2048x1360.jpg 2048w, https:\/\/postarchive.org\/wp2024\/wp-content\/uploads\/2019\/12\/MM-UND-SER-013-1130x751.jpg 1130w, https:\/\/postarchive.org\/wp2024\/wp-content\/uploads\/2019\/12\/MM-UND-SER-013-800x531.jpg 800w, https:\/\/postarchive.org\/wp2024\/wp-content\/uploads\/2019\/12\/MM-UND-SER-013-200x133.jpg 200w, https:\/\/postarchive.org\/wp2024\/wp-content\/uploads\/2019\/12\/MM-UND-SER-013-50x33.jpg 50w\" sizes=\"(max-width: 1024px) 100vw, 1024px\" \/>\t\t\t\t\t\t\t\t\t\t\t\t\t<\/div>\n\t\t\t\t<\/div>\n\t\t\t\t<\/div>\n\t\t<div class=\"elementor-element elementor-element-9cb4221 e-con-full e-flex sc_inner_width_none sc_layouts_column_icons_position_left e-con e-child\" data-id=\"9cb4221\" data-element_type=\"container\">\n\t\t\t\t<div class=\"elementor-element elementor-element-95808fb sc_fly_static elementor-widget elementor-widget-text-editor\" data-id=\"95808fb\" data-element_type=\"widget\" data-widget_type=\"text-editor.default\">\n\t\t\t\t<div class=\"elementor-widget-container\">\n\t\t\t\t\t\t\t<p><strong>T\u00edtulo:<\/strong> Varal de roupas III<br \/><strong>Data:<\/strong> 2010<br \/><strong>Dimens\u00e3o e suporte:<\/strong> 30 x 40cm, Digital TIFF<br \/><strong>Nome dos autores:<\/strong> Miranda, M\u00f3nica de. 1976-, artista visual<br \/><strong>Condi\u00e7\u00f5es de reprodu\u00e7\u00e3o:<\/strong> Direitos reservados para efeito de publica\u00e7\u00e3o, exposi\u00e7\u00e3o e utiliza\u00e7\u00e3o comercial<br \/><strong>C\u00f3digo:<\/strong> MM-UND-SER-013<br \/><strong>Localiza\u00e7\u00e3o:<\/strong> Quinta da Serra<br \/><strong>Categoria:<\/strong> Fotografia<\/p>\t\t\t\t\t\t<\/div>\n\t\t\t\t<\/div>\n\t\t\t\t<div class=\"elementor-element elementor-element-7daadee repbtn sc_fly_static elementor-widget elementor-widget-button\" data-id=\"7daadee\" data-element_type=\"widget\" data-widget_type=\"button.default\">\n\t\t\t\t<div class=\"elementor-widget-container\">\n\t\t\t\t\t<div class=\"elementor-button-wrapper\">\n\t\t\t<a class=\"elementor-button elementor-button-link elementor-size-sm\" href=\"https:\/\/postarchive.org\/wp2024\/reproduzir\/\">\n\t\t\t\t\t\t<span class=\"elementor-button-content-wrapper\">\n\t\t\t\t\t\t<span class=\"elementor-button-text\">Reproduzir<\/span>\n\t\t<\/span>\n\t\t\t\t\t<\/a>\n\t\t<\/div>\n\t\t\t\t<\/div>\n\t\t\t\t<\/div>\n\t\t\t\t<\/div>\n\t\t\t\t\t<\/div>\n\t\t\t\t<\/div>\n\t\t<div class=\"elementor-element elementor-element-6f13c14 e-flex e-con-boxed sc_inner_width_none sc_layouts_column_icons_position_left e-con e-parent\" data-id=\"6f13c14\" data-element_type=\"container\" data-core-v316-plus=\"true\">\n\t\t\t\t\t<div class=\"e-con-inner\">\n\t\t<div class=\"elementor-element elementor-element-7862bc3 e-con-full e-flex sc_inner_width_none sc_layouts_column_icons_position_left e-con e-child\" data-id=\"7862bc3\" data-element_type=\"container\">\n\t\t\t\t<div class=\"elementor-element elementor-element-a812b57 archimg sc_fly_static elementor-widget elementor-widget-image\" data-id=\"a812b57\" data-element_type=\"widget\" data-widget_type=\"image.default\">\n\t\t\t\t<div class=\"elementor-widget-container\">\n\t\t\t\t\t\t\t\t\t\t\t\t\t<img loading=\"lazy\" decoding=\"async\" width=\"1024\" height=\"680\" src=\"https:\/\/postarchive.org\/wp2024\/wp-content\/uploads\/2019\/12\/MM-UND-SER-014-1024x680.jpg\" class=\"attachment-large size-large wp-image-2896\" alt=\"\" srcset=\"https:\/\/postarchive.org\/wp2024\/wp-content\/uploads\/2019\/12\/MM-UND-SER-014-1024x680.jpg 1024w, https:\/\/postarchive.org\/wp2024\/wp-content\/uploads\/2019\/12\/MM-UND-SER-014-scaled-600x399.jpg 600w, https:\/\/postarchive.org\/wp2024\/wp-content\/uploads\/2019\/12\/MM-UND-SER-014-300x199.jpg 300w, https:\/\/postarchive.org\/wp2024\/wp-content\/uploads\/2019\/12\/MM-UND-SER-014-768x510.jpg 768w, https:\/\/postarchive.org\/wp2024\/wp-content\/uploads\/2019\/12\/MM-UND-SER-014-1536x1020.jpg 1536w, https:\/\/postarchive.org\/wp2024\/wp-content\/uploads\/2019\/12\/MM-UND-SER-014-2048x1360.jpg 2048w, https:\/\/postarchive.org\/wp2024\/wp-content\/uploads\/2019\/12\/MM-UND-SER-014-1130x751.jpg 1130w, https:\/\/postarchive.org\/wp2024\/wp-content\/uploads\/2019\/12\/MM-UND-SER-014-800x531.jpg 800w, https:\/\/postarchive.org\/wp2024\/wp-content\/uploads\/2019\/12\/MM-UND-SER-014-200x133.jpg 200w, https:\/\/postarchive.org\/wp2024\/wp-content\/uploads\/2019\/12\/MM-UND-SER-014-50x33.jpg 50w\" sizes=\"(max-width: 1024px) 100vw, 1024px\" \/>\t\t\t\t\t\t\t\t\t\t\t\t\t<\/div>\n\t\t\t\t<\/div>\n\t\t\t\t<\/div>\n\t\t<div class=\"elementor-element elementor-element-8af648b e-con-full e-flex sc_inner_width_none sc_layouts_column_icons_position_left e-con e-child\" data-id=\"8af648b\" data-element_type=\"container\">\n\t\t\t\t<div class=\"elementor-element elementor-element-a4a5e90 sc_fly_static elementor-widget elementor-widget-text-editor\" data-id=\"a4a5e90\" data-element_type=\"widget\" data-widget_type=\"text-editor.default\">\n\t\t\t\t<div class=\"elementor-widget-container\">\n\t\t\t\t\t\t\t<p><strong>T\u00edtulo:<\/strong> Parede da casa II<br \/><strong>Data:<\/strong> 2010<br \/><strong>Dimens\u00e3o e suporte:<\/strong> 30 x 40cm, Digital TIFF<br \/><strong>Nome dos autores:<\/strong> Miranda, M\u00f3nica de. 1976-, artista visual<br \/><strong>Condi\u00e7\u00f5es de reprodu\u00e7\u00e3o:<\/strong> Direitos reservados para efeito de publica\u00e7\u00e3o, exposi\u00e7\u00e3o e utiliza\u00e7\u00e3o comercial<br \/><strong>C\u00f3digo:<\/strong> MM-UND-SER-014<br \/><strong>Localiza\u00e7\u00e3o:<\/strong> Quinta da Serra<br \/><strong>Categoria:<\/strong> Fotografia<\/p>\t\t\t\t\t\t<\/div>\n\t\t\t\t<\/div>\n\t\t\t\t<div class=\"elementor-element elementor-element-f7bbc9b repbtn sc_fly_static elementor-widget elementor-widget-button\" data-id=\"f7bbc9b\" data-element_type=\"widget\" data-widget_type=\"button.default\">\n\t\t\t\t<div class=\"elementor-widget-container\">\n\t\t\t\t\t<div class=\"elementor-button-wrapper\">\n\t\t\t<a class=\"elementor-button elementor-button-link elementor-size-sm\" href=\"https:\/\/postarchive.org\/wp2024\/reproduzir\/\">\n\t\t\t\t\t\t<span class=\"elementor-button-content-wrapper\">\n\t\t\t\t\t\t<span class=\"elementor-button-text\">Reproduzir<\/span>\n\t\t<\/span>\n\t\t\t\t\t<\/a>\n\t\t<\/div>\n\t\t\t\t<\/div>\n\t\t\t\t<\/div>\n\t\t\t\t<\/div>\n\t\t\t\t\t<\/div>\n\t\t\t\t<\/div>\n\t\t<div class=\"elementor-element elementor-element-ce4f455 e-flex e-con-boxed sc_inner_width_none sc_layouts_column_icons_position_left e-con e-parent\" data-id=\"ce4f455\" data-element_type=\"container\" data-core-v316-plus=\"true\">\n\t\t\t\t\t<div class=\"e-con-inner\">\n\t\t<div class=\"elementor-element elementor-element-8d9e160 e-con-full e-flex sc_inner_width_none sc_layouts_column_icons_position_left e-con e-child\" data-id=\"8d9e160\" data-element_type=\"container\">\n\t\t\t\t<div class=\"elementor-element elementor-element-82e4d18 archimg sc_fly_static elementor-widget elementor-widget-image\" data-id=\"82e4d18\" data-element_type=\"widget\" data-widget_type=\"image.default\">\n\t\t\t\t<div class=\"elementor-widget-container\">\n\t\t\t\t\t\t\t\t\t\t\t\t\t<img loading=\"lazy\" decoding=\"async\" width=\"1024\" height=\"680\" src=\"https:\/\/postarchive.org\/wp2024\/wp-content\/uploads\/2019\/12\/MM-UND-SER-015-1024x680.jpg\" class=\"attachment-large size-large wp-image-2898\" alt=\"\" srcset=\"https:\/\/postarchive.org\/wp2024\/wp-content\/uploads\/2019\/12\/MM-UND-SER-015-1024x680.jpg 1024w, https:\/\/postarchive.org\/wp2024\/wp-content\/uploads\/2019\/12\/MM-UND-SER-015-scaled-600x399.jpg 600w, https:\/\/postarchive.org\/wp2024\/wp-content\/uploads\/2019\/12\/MM-UND-SER-015-300x199.jpg 300w, https:\/\/postarchive.org\/wp2024\/wp-content\/uploads\/2019\/12\/MM-UND-SER-015-768x510.jpg 768w, https:\/\/postarchive.org\/wp2024\/wp-content\/uploads\/2019\/12\/MM-UND-SER-015-1536x1020.jpg 1536w, https:\/\/postarchive.org\/wp2024\/wp-content\/uploads\/2019\/12\/MM-UND-SER-015-2048x1360.jpg 2048w, https:\/\/postarchive.org\/wp2024\/wp-content\/uploads\/2019\/12\/MM-UND-SER-015-1130x751.jpg 1130w, https:\/\/postarchive.org\/wp2024\/wp-content\/uploads\/2019\/12\/MM-UND-SER-015-800x531.jpg 800w, https:\/\/postarchive.org\/wp2024\/wp-content\/uploads\/2019\/12\/MM-UND-SER-015-200x133.jpg 200w, https:\/\/postarchive.org\/wp2024\/wp-content\/uploads\/2019\/12\/MM-UND-SER-015-50x33.jpg 50w\" sizes=\"(max-width: 1024px) 100vw, 1024px\" \/>\t\t\t\t\t\t\t\t\t\t\t\t\t<\/div>\n\t\t\t\t<\/div>\n\t\t\t\t<\/div>\n\t\t<div class=\"elementor-element elementor-element-822d8f1 e-con-full e-flex sc_inner_width_none sc_layouts_column_icons_position_left e-con e-child\" data-id=\"822d8f1\" data-element_type=\"container\">\n\t\t\t\t<div class=\"elementor-element elementor-element-0d53741 sc_fly_static elementor-widget elementor-widget-text-editor\" data-id=\"0d53741\" data-element_type=\"widget\" data-widget_type=\"text-editor.default\">\n\t\t\t\t<div class=\"elementor-widget-container\">\n\t\t\t\t\t\t\t<p><strong>T\u00edtulo:<\/strong> Duas casas<br \/><strong>Data:<\/strong> 2010<br \/><strong>Dimens\u00e3o e suporte:<\/strong> 30 x 40cm, Digital TIFF<br \/><strong>Nome dos autores:<\/strong> Miranda, M\u00f3nica de. 1976-, artista visual<br \/><strong>Condi\u00e7\u00f5es de reprodu\u00e7\u00e3o:<\/strong> Direitos reservados para efeito de publica\u00e7\u00e3o, exposi\u00e7\u00e3o e utiliza\u00e7\u00e3o comercial<br \/><strong>C\u00f3digo:<\/strong> MM-UND-SER-015<br \/><strong>Localiza\u00e7\u00e3o:<\/strong> Quinta da Serra<br \/><strong>Categoria:<\/strong> Fotografia<\/p>\t\t\t\t\t\t<\/div>\n\t\t\t\t<\/div>\n\t\t\t\t<div class=\"elementor-element elementor-element-c692589 repbtn sc_fly_static elementor-widget elementor-widget-button\" data-id=\"c692589\" data-element_type=\"widget\" data-widget_type=\"button.default\">\n\t\t\t\t<div class=\"elementor-widget-container\">\n\t\t\t\t\t<div class=\"elementor-button-wrapper\">\n\t\t\t<a class=\"elementor-button elementor-button-link elementor-size-sm\" href=\"https:\/\/postarchive.org\/wp2024\/reproduzir\/\">\n\t\t\t\t\t\t<span class=\"elementor-button-content-wrapper\">\n\t\t\t\t\t\t<span class=\"elementor-button-text\">Reproduzir<\/span>\n\t\t<\/span>\n\t\t\t\t\t<\/a>\n\t\t<\/div>\n\t\t\t\t<\/div>\n\t\t\t\t<\/div>\n\t\t\t\t<\/div>\n\t\t\t\t\t<\/div>\n\t\t\t\t<\/div>\n\t\t<div class=\"elementor-element elementor-element-1c40662 e-flex e-con-boxed sc_inner_width_none sc_layouts_column_icons_position_left e-con e-parent\" data-id=\"1c40662\" data-element_type=\"container\" data-core-v316-plus=\"true\">\n\t\t\t\t\t<div class=\"e-con-inner\">\n\t\t<div class=\"elementor-element elementor-element-ec69bfe e-con-full e-flex sc_inner_width_none sc_layouts_column_icons_position_left e-con e-child\" data-id=\"ec69bfe\" data-element_type=\"container\">\n\t\t\t\t<div class=\"elementor-element elementor-element-162eebc archimg sc_fly_static elementor-widget elementor-widget-image\" data-id=\"162eebc\" data-element_type=\"widget\" data-widget_type=\"image.default\">\n\t\t\t\t<div class=\"elementor-widget-container\">\n\t\t\t\t\t\t\t\t\t\t\t\t\t<img loading=\"lazy\" decoding=\"async\" width=\"1024\" height=\"680\" src=\"https:\/\/postarchive.org\/wp2024\/wp-content\/uploads\/2019\/12\/MM-UND-SER-016-1024x680.jpg\" class=\"attachment-large size-large wp-image-2900\" alt=\"\" srcset=\"https:\/\/postarchive.org\/wp2024\/wp-content\/uploads\/2019\/12\/MM-UND-SER-016-1024x680.jpg 1024w, https:\/\/postarchive.org\/wp2024\/wp-content\/uploads\/2019\/12\/MM-UND-SER-016-scaled-600x399.jpg 600w, https:\/\/postarchive.org\/wp2024\/wp-content\/uploads\/2019\/12\/MM-UND-SER-016-300x199.jpg 300w, https:\/\/postarchive.org\/wp2024\/wp-content\/uploads\/2019\/12\/MM-UND-SER-016-768x510.jpg 768w, https:\/\/postarchive.org\/wp2024\/wp-content\/uploads\/2019\/12\/MM-UND-SER-016-1536x1020.jpg 1536w, https:\/\/postarchive.org\/wp2024\/wp-content\/uploads\/2019\/12\/MM-UND-SER-016-2048x1360.jpg 2048w, https:\/\/postarchive.org\/wp2024\/wp-content\/uploads\/2019\/12\/MM-UND-SER-016-1130x751.jpg 1130w, https:\/\/postarchive.org\/wp2024\/wp-content\/uploads\/2019\/12\/MM-UND-SER-016-800x531.jpg 800w, https:\/\/postarchive.org\/wp2024\/wp-content\/uploads\/2019\/12\/MM-UND-SER-016-200x133.jpg 200w, https:\/\/postarchive.org\/wp2024\/wp-content\/uploads\/2019\/12\/MM-UND-SER-016-50x33.jpg 50w\" sizes=\"(max-width: 1024px) 100vw, 1024px\" \/>\t\t\t\t\t\t\t\t\t\t\t\t\t<\/div>\n\t\t\t\t<\/div>\n\t\t\t\t<\/div>\n\t\t<div class=\"elementor-element elementor-element-c3dc047 e-con-full e-flex sc_inner_width_none sc_layouts_column_icons_position_left e-con e-child\" data-id=\"c3dc047\" data-element_type=\"container\">\n\t\t\t\t<div class=\"elementor-element elementor-element-5541ff0 sc_fly_static elementor-widget elementor-widget-text-editor\" data-id=\"5541ff0\" data-element_type=\"widget\" data-widget_type=\"text-editor.default\">\n\t\t\t\t<div class=\"elementor-widget-container\">\n\t\t\t\t\t\t\t<p><strong>T\u00edtulo:<\/strong> Casa de tijolos II<br \/><strong>Data:<\/strong> 2010<br \/><strong>Dimens\u00e3o e suporte:<\/strong> 30 x 40cm, Digital TIFF<br \/><strong>Nome dos autores:<\/strong> Miranda, M\u00f3nica de. 1976-, artista visual<br \/><strong>Condi\u00e7\u00f5es de reprodu\u00e7\u00e3o:<\/strong> Direitos reservados para efeito de publica\u00e7\u00e3o, exposi\u00e7\u00e3o e utiliza\u00e7\u00e3o comercial<br \/><strong>C\u00f3digo:<\/strong> MM-UND-SER-016<br \/><strong>Localiza\u00e7\u00e3o:<\/strong> Quinta da Serra<br \/><strong>Categoria:<\/strong> Fotografia<\/p>\t\t\t\t\t\t<\/div>\n\t\t\t\t<\/div>\n\t\t\t\t<div class=\"elementor-element elementor-element-cd9212b repbtn sc_fly_static elementor-widget elementor-widget-button\" data-id=\"cd9212b\" data-element_type=\"widget\" data-widget_type=\"button.default\">\n\t\t\t\t<div class=\"elementor-widget-container\">\n\t\t\t\t\t<div class=\"elementor-button-wrapper\">\n\t\t\t<a class=\"elementor-button elementor-button-link elementor-size-sm\" href=\"https:\/\/postarchive.org\/wp2024\/reproduzir\/\">\n\t\t\t\t\t\t<span class=\"elementor-button-content-wrapper\">\n\t\t\t\t\t\t<span class=\"elementor-button-text\">Reproduzir<\/span>\n\t\t<\/span>\n\t\t\t\t\t<\/a>\n\t\t<\/div>\n\t\t\t\t<\/div>\n\t\t\t\t<\/div>\n\t\t\t\t<\/div>\n\t\t\t\t\t<\/div>\n\t\t\t\t<\/div>\n\t\t<div class=\"elementor-element elementor-element-1c2c4d3 e-flex e-con-boxed sc_inner_width_none sc_layouts_column_icons_position_left e-con e-parent\" data-id=\"1c2c4d3\" data-element_type=\"container\" data-core-v316-plus=\"true\">\n\t\t\t\t\t<div class=\"e-con-inner\">\n\t\t<div class=\"elementor-element elementor-element-2e1e1b0 e-con-full e-flex sc_inner_width_none sc_layouts_column_icons_position_left e-con e-child\" data-id=\"2e1e1b0\" data-element_type=\"container\">\n\t\t\t\t<div class=\"elementor-element elementor-element-3893c21 archimg sc_fly_static elementor-widget elementor-widget-image\" data-id=\"3893c21\" data-element_type=\"widget\" data-widget_type=\"image.default\">\n\t\t\t\t<div class=\"elementor-widget-container\">\n\t\t\t\t\t\t\t\t\t\t\t\t\t<img loading=\"lazy\" decoding=\"async\" width=\"1024\" height=\"680\" src=\"https:\/\/postarchive.org\/wp2024\/wp-content\/uploads\/2019\/12\/MM-UND-SER-017-1024x680.jpg\" class=\"attachment-large size-large wp-image-2902\" alt=\"\" srcset=\"https:\/\/postarchive.org\/wp2024\/wp-content\/uploads\/2019\/12\/MM-UND-SER-017-1024x680.jpg 1024w, https:\/\/postarchive.org\/wp2024\/wp-content\/uploads\/2019\/12\/MM-UND-SER-017-scaled-600x399.jpg 600w, https:\/\/postarchive.org\/wp2024\/wp-content\/uploads\/2019\/12\/MM-UND-SER-017-300x199.jpg 300w, https:\/\/postarchive.org\/wp2024\/wp-content\/uploads\/2019\/12\/MM-UND-SER-017-768x510.jpg 768w, https:\/\/postarchive.org\/wp2024\/wp-content\/uploads\/2019\/12\/MM-UND-SER-017-1536x1020.jpg 1536w, https:\/\/postarchive.org\/wp2024\/wp-content\/uploads\/2019\/12\/MM-UND-SER-017-2048x1360.jpg 2048w, https:\/\/postarchive.org\/wp2024\/wp-content\/uploads\/2019\/12\/MM-UND-SER-017-1130x751.jpg 1130w, https:\/\/postarchive.org\/wp2024\/wp-content\/uploads\/2019\/12\/MM-UND-SER-017-800x531.jpg 800w, https:\/\/postarchive.org\/wp2024\/wp-content\/uploads\/2019\/12\/MM-UND-SER-017-200x133.jpg 200w, https:\/\/postarchive.org\/wp2024\/wp-content\/uploads\/2019\/12\/MM-UND-SER-017-50x33.jpg 50w\" sizes=\"(max-width: 1024px) 100vw, 1024px\" \/>\t\t\t\t\t\t\t\t\t\t\t\t\t<\/div>\n\t\t\t\t<\/div>\n\t\t\t\t<\/div>\n\t\t<div class=\"elementor-element elementor-element-4674c2a e-con-full e-flex sc_inner_width_none sc_layouts_column_icons_position_left e-con e-child\" data-id=\"4674c2a\" data-element_type=\"container\">\n\t\t\t\t<div class=\"elementor-element elementor-element-8c6f8fe sc_fly_static elementor-widget elementor-widget-text-editor\" data-id=\"8c6f8fe\" data-element_type=\"widget\" data-widget_type=\"text-editor.default\">\n\t\t\t\t<div class=\"elementor-widget-container\">\n\t\t\t\t\t\t\t<p><strong>T\u00edtulo:<\/strong> Casa com telhado triangular<br \/><strong>Data:<\/strong> 2010<br \/><strong>Dimens\u00e3o e suporte:<\/strong> 30 x 40cm, Digital TIFF<br \/><strong>Nome dos autores:<\/strong> Miranda, M\u00f3nica de. 1976-, artista visual<br \/><strong>Condi\u00e7\u00f5es de reprodu\u00e7\u00e3o:<\/strong> Direitos reservados para efeito de publica\u00e7\u00e3o, exposi\u00e7\u00e3o e utiliza\u00e7\u00e3o comercial<br \/><strong>C\u00f3digo:<\/strong> MM-UND-SER-017<br \/><strong>Localiza\u00e7\u00e3o:<\/strong> Quinta da Serra<br \/><strong>Categoria:<\/strong> Fotografia<\/p>\t\t\t\t\t\t<\/div>\n\t\t\t\t<\/div>\n\t\t\t\t<div class=\"elementor-element elementor-element-2edee3c repbtn sc_fly_static elementor-widget elementor-widget-button\" data-id=\"2edee3c\" data-element_type=\"widget\" data-widget_type=\"button.default\">\n\t\t\t\t<div class=\"elementor-widget-container\">\n\t\t\t\t\t<div class=\"elementor-button-wrapper\">\n\t\t\t<a class=\"elementor-button elementor-button-link elementor-size-sm\" href=\"https:\/\/postarchive.org\/wp2024\/reproduzir\/\">\n\t\t\t\t\t\t<span class=\"elementor-button-content-wrapper\">\n\t\t\t\t\t\t<span class=\"elementor-button-text\">Reproduzir<\/span>\n\t\t<\/span>\n\t\t\t\t\t<\/a>\n\t\t<\/div>\n\t\t\t\t<\/div>\n\t\t\t\t<\/div>\n\t\t\t\t<\/div>\n\t\t\t\t\t<\/div>\n\t\t\t\t<\/div>\n\t\t<div class=\"elementor-element elementor-element-f245618 e-flex e-con-boxed sc_inner_width_none sc_layouts_column_icons_position_left e-con e-parent\" data-id=\"f245618\" data-element_type=\"container\" data-core-v316-plus=\"true\">\n\t\t\t\t\t<div class=\"e-con-inner\">\n\t\t<div class=\"elementor-element elementor-element-fa96edf e-con-full e-flex sc_inner_width_none sc_layouts_column_icons_position_left e-con e-child\" data-id=\"fa96edf\" data-element_type=\"container\">\n\t\t\t\t<div class=\"elementor-element elementor-element-4600aa9 archimg sc_fly_static elementor-widget elementor-widget-image\" data-id=\"4600aa9\" data-element_type=\"widget\" data-widget_type=\"image.default\">\n\t\t\t\t<div class=\"elementor-widget-container\">\n\t\t\t\t\t\t\t\t\t\t\t\t\t<img loading=\"lazy\" decoding=\"async\" width=\"1024\" height=\"680\" src=\"https:\/\/postarchive.org\/wp2024\/wp-content\/uploads\/2019\/12\/MM-UND-SER-018-1024x680.jpg\" class=\"attachment-large size-large wp-image-2904\" alt=\"\" srcset=\"https:\/\/postarchive.org\/wp2024\/wp-content\/uploads\/2019\/12\/MM-UND-SER-018-1024x680.jpg 1024w, https:\/\/postarchive.org\/wp2024\/wp-content\/uploads\/2019\/12\/MM-UND-SER-018-scaled-600x399.jpg 600w, https:\/\/postarchive.org\/wp2024\/wp-content\/uploads\/2019\/12\/MM-UND-SER-018-300x199.jpg 300w, https:\/\/postarchive.org\/wp2024\/wp-content\/uploads\/2019\/12\/MM-UND-SER-018-768x510.jpg 768w, https:\/\/postarchive.org\/wp2024\/wp-content\/uploads\/2019\/12\/MM-UND-SER-018-1536x1020.jpg 1536w, https:\/\/postarchive.org\/wp2024\/wp-content\/uploads\/2019\/12\/MM-UND-SER-018-2048x1360.jpg 2048w, https:\/\/postarchive.org\/wp2024\/wp-content\/uploads\/2019\/12\/MM-UND-SER-018-1130x751.jpg 1130w, https:\/\/postarchive.org\/wp2024\/wp-content\/uploads\/2019\/12\/MM-UND-SER-018-800x531.jpg 800w, https:\/\/postarchive.org\/wp2024\/wp-content\/uploads\/2019\/12\/MM-UND-SER-018-200x133.jpg 200w, https:\/\/postarchive.org\/wp2024\/wp-content\/uploads\/2019\/12\/MM-UND-SER-018-50x33.jpg 50w\" sizes=\"(max-width: 1024px) 100vw, 1024px\" \/>\t\t\t\t\t\t\t\t\t\t\t\t\t<\/div>\n\t\t\t\t<\/div>\n\t\t\t\t<\/div>\n\t\t<div class=\"elementor-element elementor-element-286a6f2 e-con-full e-flex sc_inner_width_none sc_layouts_column_icons_position_left e-con e-child\" data-id=\"286a6f2\" data-element_type=\"container\">\n\t\t\t\t<div class=\"elementor-element elementor-element-ec28490 sc_fly_static elementor-widget elementor-widget-text-editor\" data-id=\"ec28490\" data-element_type=\"widget\" data-widget_type=\"text-editor.default\">\n\t\t\t\t<div class=\"elementor-widget-container\">\n\t\t\t\t\t\t\t<p><strong>T\u00edtulo:<\/strong> Parede amarela<br \/><strong>Data:<\/strong> 2010<br \/><strong>Dimens\u00e3o e suporte:<\/strong> 30 x 40cm, Digital TIFF<br \/><strong>Nome dos autores:<\/strong> Miranda, M\u00f3nica de. 1976-, artista visual<br \/><strong>Condi\u00e7\u00f5es de reprodu\u00e7\u00e3o:<\/strong> Direitos reservados para efeito de publica\u00e7\u00e3o, exposi\u00e7\u00e3o e utiliza\u00e7\u00e3o comercial<br \/><strong>C\u00f3digo:<\/strong> MM-UND-SER-018<br \/><strong>Localiza\u00e7\u00e3o:<\/strong> Quinta da Serra<br \/><strong>Categoria:<\/strong> Fotografia<\/p>\t\t\t\t\t\t<\/div>\n\t\t\t\t<\/div>\n\t\t\t\t<div class=\"elementor-element elementor-element-6f254d5 repbtn sc_fly_static elementor-widget elementor-widget-button\" data-id=\"6f254d5\" data-element_type=\"widget\" data-widget_type=\"button.default\">\n\t\t\t\t<div class=\"elementor-widget-container\">\n\t\t\t\t\t<div class=\"elementor-button-wrapper\">\n\t\t\t<a class=\"elementor-button elementor-button-link elementor-size-sm\" href=\"https:\/\/postarchive.org\/wp2024\/reproduzir\/\">\n\t\t\t\t\t\t<span class=\"elementor-button-content-wrapper\">\n\t\t\t\t\t\t<span class=\"elementor-button-text\">Reproduzir<\/span>\n\t\t<\/span>\n\t\t\t\t\t<\/a>\n\t\t<\/div>\n\t\t\t\t<\/div>\n\t\t\t\t<\/div>\n\t\t\t\t<\/div>\n\t\t\t\t\t<\/div>\n\t\t\t\t<\/div>\n\t\t<div class=\"elementor-element elementor-element-4c5a543 e-flex e-con-boxed sc_inner_width_none sc_layouts_column_icons_position_left e-con e-parent\" data-id=\"4c5a543\" data-element_type=\"container\" data-core-v316-plus=\"true\">\n\t\t\t\t\t<div class=\"e-con-inner\">\n\t\t<div class=\"elementor-element elementor-element-fe20520 e-con-full e-flex sc_inner_width_none sc_layouts_column_icons_position_left e-con e-child\" data-id=\"fe20520\" data-element_type=\"container\">\n\t\t\t\t<div class=\"elementor-element elementor-element-c4d5153 archimg sc_fly_static elementor-widget elementor-widget-image\" data-id=\"c4d5153\" data-element_type=\"widget\" data-widget_type=\"image.default\">\n\t\t\t\t<div class=\"elementor-widget-container\">\n\t\t\t\t\t\t\t\t\t\t\t\t\t<img loading=\"lazy\" decoding=\"async\" width=\"1024\" height=\"680\" src=\"https:\/\/postarchive.org\/wp2024\/wp-content\/uploads\/2019\/12\/MM-UND-SER-019-1024x680.jpg\" class=\"attachment-large size-large wp-image-2907\" alt=\"\" srcset=\"https:\/\/postarchive.org\/wp2024\/wp-content\/uploads\/2019\/12\/MM-UND-SER-019-1024x680.jpg 1024w, https:\/\/postarchive.org\/wp2024\/wp-content\/uploads\/2019\/12\/MM-UND-SER-019-scaled-600x399.jpg 600w, https:\/\/postarchive.org\/wp2024\/wp-content\/uploads\/2019\/12\/MM-UND-SER-019-300x199.jpg 300w, https:\/\/postarchive.org\/wp2024\/wp-content\/uploads\/2019\/12\/MM-UND-SER-019-768x510.jpg 768w, https:\/\/postarchive.org\/wp2024\/wp-content\/uploads\/2019\/12\/MM-UND-SER-019-1536x1020.jpg 1536w, https:\/\/postarchive.org\/wp2024\/wp-content\/uploads\/2019\/12\/MM-UND-SER-019-2048x1360.jpg 2048w, https:\/\/postarchive.org\/wp2024\/wp-content\/uploads\/2019\/12\/MM-UND-SER-019-1130x751.jpg 1130w, https:\/\/postarchive.org\/wp2024\/wp-content\/uploads\/2019\/12\/MM-UND-SER-019-800x531.jpg 800w, https:\/\/postarchive.org\/wp2024\/wp-content\/uploads\/2019\/12\/MM-UND-SER-019-200x133.jpg 200w, https:\/\/postarchive.org\/wp2024\/wp-content\/uploads\/2019\/12\/MM-UND-SER-019-50x33.jpg 50w\" sizes=\"(max-width: 1024px) 100vw, 1024px\" \/>\t\t\t\t\t\t\t\t\t\t\t\t\t<\/div>\n\t\t\t\t<\/div>\n\t\t\t\t<\/div>\n\t\t<div class=\"elementor-element elementor-element-5673e06 e-con-full e-flex sc_inner_width_none sc_layouts_column_icons_position_left e-con e-child\" data-id=\"5673e06\" data-element_type=\"container\">\n\t\t\t\t<div class=\"elementor-element elementor-element-4f7951b sc_fly_static elementor-widget elementor-widget-text-editor\" data-id=\"4f7951b\" data-element_type=\"widget\" data-widget_type=\"text-editor.default\">\n\t\t\t\t<div class=\"elementor-widget-container\">\n\t\t\t\t\t\t\t<p><strong>T\u00edtulo:<\/strong> Destro\u00e7os<br \/><strong>Data:<\/strong> 2010<br \/><strong>Dimens\u00e3o e suporte:<\/strong> 30 x 40cm, Digital TIFF<br \/><strong>Nome dos autores:<\/strong> Miranda, M\u00f3nica de. 1976-, artista visual<br \/><strong>Condi\u00e7\u00f5es de reprodu\u00e7\u00e3o:<\/strong> Direitos reservados para efeito de publica\u00e7\u00e3o, exposi\u00e7\u00e3o e utiliza\u00e7\u00e3o comercial<br \/><strong>C\u00f3digo:<\/strong> MM-UND-SER-019<br \/><strong>Localiza\u00e7\u00e3o:<\/strong> Quinta da Serra<br \/><strong>Categoria:<\/strong> Fotografia<\/p>\t\t\t\t\t\t<\/div>\n\t\t\t\t<\/div>\n\t\t\t\t<div class=\"elementor-element elementor-element-1e5b580 repbtn sc_fly_static elementor-widget elementor-widget-button\" data-id=\"1e5b580\" data-element_type=\"widget\" data-widget_type=\"button.default\">\n\t\t\t\t<div class=\"elementor-widget-container\">\n\t\t\t\t\t<div class=\"elementor-button-wrapper\">\n\t\t\t<a class=\"elementor-button elementor-button-link elementor-size-sm\" href=\"https:\/\/postarchive.org\/wp2024\/reproduzir\/\">\n\t\t\t\t\t\t<span class=\"elementor-button-content-wrapper\">\n\t\t\t\t\t\t<span class=\"elementor-button-text\">Reproduzir<\/span>\n\t\t<\/span>\n\t\t\t\t\t<\/a>\n\t\t<\/div>\n\t\t\t\t<\/div>\n\t\t\t\t<\/div>\n\t\t\t\t<\/div>\n\t\t\t\t\t<\/div>\n\t\t\t\t<\/div>\n\t\t<div class=\"elementor-element elementor-element-e20d9b2 e-flex e-con-boxed sc_inner_width_none sc_layouts_column_icons_position_left e-con e-parent\" data-id=\"e20d9b2\" data-element_type=\"container\" data-core-v316-plus=\"true\">\n\t\t\t\t\t<div class=\"e-con-inner\">\n\t\t<div class=\"elementor-element elementor-element-d4ae44c e-con-full e-flex sc_inner_width_none sc_layouts_column_icons_position_left e-con e-child\" data-id=\"d4ae44c\" data-element_type=\"container\">\n\t\t\t\t<div class=\"elementor-element elementor-element-59f466d archimg sc_fly_static elementor-widget elementor-widget-image\" data-id=\"59f466d\" data-element_type=\"widget\" data-widget_type=\"image.default\">\n\t\t\t\t<div class=\"elementor-widget-container\">\n\t\t\t\t\t\t\t\t\t\t\t\t\t<img loading=\"lazy\" decoding=\"async\" width=\"1024\" height=\"680\" src=\"https:\/\/postarchive.org\/wp2024\/wp-content\/uploads\/2019\/12\/MM-UND-SER-020-1024x680.jpg\" class=\"attachment-large size-large wp-image-2908\" alt=\"\" srcset=\"https:\/\/postarchive.org\/wp2024\/wp-content\/uploads\/2019\/12\/MM-UND-SER-020-1024x680.jpg 1024w, https:\/\/postarchive.org\/wp2024\/wp-content\/uploads\/2019\/12\/MM-UND-SER-020-scaled-600x399.jpg 600w, https:\/\/postarchive.org\/wp2024\/wp-content\/uploads\/2019\/12\/MM-UND-SER-020-300x199.jpg 300w, https:\/\/postarchive.org\/wp2024\/wp-content\/uploads\/2019\/12\/MM-UND-SER-020-768x510.jpg 768w, https:\/\/postarchive.org\/wp2024\/wp-content\/uploads\/2019\/12\/MM-UND-SER-020-1536x1020.jpg 1536w, https:\/\/postarchive.org\/wp2024\/wp-content\/uploads\/2019\/12\/MM-UND-SER-020-2048x1360.jpg 2048w, https:\/\/postarchive.org\/wp2024\/wp-content\/uploads\/2019\/12\/MM-UND-SER-020-1130x751.jpg 1130w, https:\/\/postarchive.org\/wp2024\/wp-content\/uploads\/2019\/12\/MM-UND-SER-020-800x531.jpg 800w, https:\/\/postarchive.org\/wp2024\/wp-content\/uploads\/2019\/12\/MM-UND-SER-020-200x133.jpg 200w, https:\/\/postarchive.org\/wp2024\/wp-content\/uploads\/2019\/12\/MM-UND-SER-020-50x33.jpg 50w\" sizes=\"(max-width: 1024px) 100vw, 1024px\" \/>\t\t\t\t\t\t\t\t\t\t\t\t\t<\/div>\n\t\t\t\t<\/div>\n\t\t\t\t<\/div>\n\t\t<div class=\"elementor-element elementor-element-61058bd e-con-full e-flex sc_inner_width_none sc_layouts_column_icons_position_left e-con e-child\" data-id=\"61058bd\" data-element_type=\"container\">\n\t\t\t\t<div class=\"elementor-element elementor-element-747e549 sc_fly_static elementor-widget elementor-widget-text-editor\" data-id=\"747e549\" data-element_type=\"widget\" data-widget_type=\"text-editor.default\">\n\t\t\t\t<div class=\"elementor-widget-container\">\n\t\t\t\t\t\t\t<p><strong>T\u00edtulo:<\/strong> Casa de telhas<br \/><strong>Data:<\/strong> 2010<br \/><strong>Dimens\u00e3o e suporte:<\/strong> 30 x 40cm, Digital TIFF<br \/><strong>Nome dos autores:<\/strong> Miranda, M\u00f3nica de. 1976-, artista visual<br \/><strong>Condi\u00e7\u00f5es de reprodu\u00e7\u00e3o:<\/strong> Direitos reservados para efeito de publica\u00e7\u00e3o, exposi\u00e7\u00e3o e utiliza\u00e7\u00e3o comercial<br \/><strong>C\u00f3digo:<\/strong> MM-UND-SER-020<br \/><strong>Localiza\u00e7\u00e3o:<\/strong> Quinta da Serra<br \/><strong>Categoria:<\/strong> Fotografia<\/p>\t\t\t\t\t\t<\/div>\n\t\t\t\t<\/div>\n\t\t\t\t<div class=\"elementor-element elementor-element-c5f5eda repbtn sc_fly_static elementor-widget elementor-widget-button\" data-id=\"c5f5eda\" data-element_type=\"widget\" data-widget_type=\"button.default\">\n\t\t\t\t<div class=\"elementor-widget-container\">\n\t\t\t\t\t<div class=\"elementor-button-wrapper\">\n\t\t\t<a class=\"elementor-button elementor-button-link elementor-size-sm\" href=\"https:\/\/postarchive.org\/wp2024\/reproduzir\/\">\n\t\t\t\t\t\t<span class=\"elementor-button-content-wrapper\">\n\t\t\t\t\t\t<span class=\"elementor-button-text\">Reproduzir<\/span>\n\t\t<\/span>\n\t\t\t\t\t<\/a>\n\t\t<\/div>\n\t\t\t\t<\/div>\n\t\t\t\t<\/div>\n\t\t\t\t<\/div>\n\t\t\t\t\t<\/div>\n\t\t\t\t<\/div>\n\t\t<div class=\"elementor-element elementor-element-0163e0e e-flex e-con-boxed sc_inner_width_none sc_layouts_column_icons_position_left e-con e-parent\" data-id=\"0163e0e\" data-element_type=\"container\" data-core-v316-plus=\"true\">\n\t\t\t\t\t<div class=\"e-con-inner\">\n\t\t<div class=\"elementor-element elementor-element-63a1aae e-con-full e-flex sc_inner_width_none sc_layouts_column_icons_position_left e-con e-child\" data-id=\"63a1aae\" data-element_type=\"container\">\n\t\t\t\t<div class=\"elementor-element elementor-element-cbf1155 archimg sc_fly_static elementor-widget elementor-widget-image\" data-id=\"cbf1155\" data-element_type=\"widget\" data-widget_type=\"image.default\">\n\t\t\t\t<div class=\"elementor-widget-container\">\n\t\t\t\t\t\t\t\t\t\t\t\t\t<img loading=\"lazy\" decoding=\"async\" width=\"1024\" height=\"680\" src=\"https:\/\/postarchive.org\/wp2024\/wp-content\/uploads\/2019\/12\/MM-UND-SER-021-1024x680.jpg\" class=\"attachment-large size-large wp-image-2910\" alt=\"\" srcset=\"https:\/\/postarchive.org\/wp2024\/wp-content\/uploads\/2019\/12\/MM-UND-SER-021-1024x680.jpg 1024w, https:\/\/postarchive.org\/wp2024\/wp-content\/uploads\/2019\/12\/MM-UND-SER-021-scaled-600x399.jpg 600w, https:\/\/postarchive.org\/wp2024\/wp-content\/uploads\/2019\/12\/MM-UND-SER-021-300x199.jpg 300w, https:\/\/postarchive.org\/wp2024\/wp-content\/uploads\/2019\/12\/MM-UND-SER-021-768x510.jpg 768w, https:\/\/postarchive.org\/wp2024\/wp-content\/uploads\/2019\/12\/MM-UND-SER-021-1536x1020.jpg 1536w, https:\/\/postarchive.org\/wp2024\/wp-content\/uploads\/2019\/12\/MM-UND-SER-021-2048x1360.jpg 2048w, https:\/\/postarchive.org\/wp2024\/wp-content\/uploads\/2019\/12\/MM-UND-SER-021-1130x751.jpg 1130w, https:\/\/postarchive.org\/wp2024\/wp-content\/uploads\/2019\/12\/MM-UND-SER-021-800x531.jpg 800w, https:\/\/postarchive.org\/wp2024\/wp-content\/uploads\/2019\/12\/MM-UND-SER-021-200x133.jpg 200w, https:\/\/postarchive.org\/wp2024\/wp-content\/uploads\/2019\/12\/MM-UND-SER-021-50x33.jpg 50w\" sizes=\"(max-width: 1024px) 100vw, 1024px\" \/>\t\t\t\t\t\t\t\t\t\t\t\t\t<\/div>\n\t\t\t\t<\/div>\n\t\t\t\t<\/div>\n\t\t<div class=\"elementor-element elementor-element-81b5c25 e-con-full e-flex sc_inner_width_none sc_layouts_column_icons_position_left e-con e-child\" data-id=\"81b5c25\" data-element_type=\"container\">\n\t\t\t\t<div class=\"elementor-element elementor-element-f089cd7 sc_fly_static elementor-widget elementor-widget-text-editor\" data-id=\"f089cd7\" data-element_type=\"widget\" data-widget_type=\"text-editor.default\">\n\t\t\t\t<div class=\"elementor-widget-container\">\n\t\t\t\t\t\t\t<p><strong>T\u00edtulo:<\/strong> Casa de 4 cores<br \/><strong>Data:<\/strong> 2010<br \/><strong>Dimens\u00e3o e suporte:<\/strong> 30 x 40cm, Digital TIFF<br \/><strong>Nome dos autores:<\/strong> Miranda, M\u00f3nica de. 1976-, artista visual<br \/><strong>Condi\u00e7\u00f5es de reprodu\u00e7\u00e3o:<\/strong> Direitos reservados para efeito de publica\u00e7\u00e3o, exposi\u00e7\u00e3o e utiliza\u00e7\u00e3o comercial<br \/><strong>C\u00f3digo:<\/strong> MM-UND-SER-021<br \/><strong>Localiza\u00e7\u00e3o:<\/strong> Quinta da Serra<br \/><strong>Categoria:<\/strong> Fotografia<\/p>\t\t\t\t\t\t<\/div>\n\t\t\t\t<\/div>\n\t\t\t\t<div class=\"elementor-element elementor-element-ace239b repbtn sc_fly_static elementor-widget elementor-widget-button\" data-id=\"ace239b\" data-element_type=\"widget\" data-widget_type=\"button.default\">\n\t\t\t\t<div class=\"elementor-widget-container\">\n\t\t\t\t\t<div class=\"elementor-button-wrapper\">\n\t\t\t<a class=\"elementor-button elementor-button-link elementor-size-sm\" href=\"https:\/\/postarchive.org\/wp2024\/reproduzir\/\">\n\t\t\t\t\t\t<span class=\"elementor-button-content-wrapper\">\n\t\t\t\t\t\t<span class=\"elementor-button-text\">Reproduzir<\/span>\n\t\t<\/span>\n\t\t\t\t\t<\/a>\n\t\t<\/div>\n\t\t\t\t<\/div>\n\t\t\t\t<\/div>\n\t\t\t\t<\/div>\n\t\t\t\t\t<\/div>\n\t\t\t\t<\/div>\n\t\t<div class=\"elementor-element elementor-element-ff3ebd9 e-flex e-con-boxed sc_inner_width_none sc_layouts_column_icons_position_left e-con e-parent\" data-id=\"ff3ebd9\" data-element_type=\"container\" data-core-v316-plus=\"true\">\n\t\t\t\t\t<div class=\"e-con-inner\">\n\t\t<div class=\"elementor-element elementor-element-48de0aa e-con-full e-flex sc_inner_width_none sc_layouts_column_icons_position_left e-con e-child\" data-id=\"48de0aa\" data-element_type=\"container\">\n\t\t\t\t<div class=\"elementor-element elementor-element-e81e02b archimg sc_fly_static elementor-widget elementor-widget-image\" data-id=\"e81e02b\" data-element_type=\"widget\" data-widget_type=\"image.default\">\n\t\t\t\t<div class=\"elementor-widget-container\">\n\t\t\t\t\t\t\t\t\t\t\t\t\t<img loading=\"lazy\" decoding=\"async\" width=\"1024\" height=\"680\" src=\"https:\/\/postarchive.org\/wp2024\/wp-content\/uploads\/2019\/12\/MM-UND-SER-022-1024x680.jpg\" class=\"attachment-large size-large wp-image-2912\" alt=\"\" srcset=\"https:\/\/postarchive.org\/wp2024\/wp-content\/uploads\/2019\/12\/MM-UND-SER-022-1024x680.jpg 1024w, https:\/\/postarchive.org\/wp2024\/wp-content\/uploads\/2019\/12\/MM-UND-SER-022-scaled-600x399.jpg 600w, https:\/\/postarchive.org\/wp2024\/wp-content\/uploads\/2019\/12\/MM-UND-SER-022-300x199.jpg 300w, https:\/\/postarchive.org\/wp2024\/wp-content\/uploads\/2019\/12\/MM-UND-SER-022-768x510.jpg 768w, https:\/\/postarchive.org\/wp2024\/wp-content\/uploads\/2019\/12\/MM-UND-SER-022-1536x1020.jpg 1536w, https:\/\/postarchive.org\/wp2024\/wp-content\/uploads\/2019\/12\/MM-UND-SER-022-2048x1360.jpg 2048w, https:\/\/postarchive.org\/wp2024\/wp-content\/uploads\/2019\/12\/MM-UND-SER-022-1130x751.jpg 1130w, https:\/\/postarchive.org\/wp2024\/wp-content\/uploads\/2019\/12\/MM-UND-SER-022-800x531.jpg 800w, https:\/\/postarchive.org\/wp2024\/wp-content\/uploads\/2019\/12\/MM-UND-SER-022-200x133.jpg 200w, https:\/\/postarchive.org\/wp2024\/wp-content\/uploads\/2019\/12\/MM-UND-SER-022-50x33.jpg 50w\" sizes=\"(max-width: 1024px) 100vw, 1024px\" \/>\t\t\t\t\t\t\t\t\t\t\t\t\t<\/div>\n\t\t\t\t<\/div>\n\t\t\t\t<\/div>\n\t\t<div class=\"elementor-element elementor-element-91ba986 e-con-full e-flex sc_inner_width_none sc_layouts_column_icons_position_left e-con e-child\" data-id=\"91ba986\" data-element_type=\"container\">\n\t\t\t\t<div class=\"elementor-element elementor-element-af28d1a sc_fly_static elementor-widget elementor-widget-text-editor\" data-id=\"af28d1a\" data-element_type=\"widget\" data-widget_type=\"text-editor.default\">\n\t\t\t\t<div class=\"elementor-widget-container\">\n\t\t\t\t\t\t\t<p><strong>T\u00edtulo:<\/strong> Paredes verdes<br \/><strong>Data:<\/strong> 2010<br \/><strong>Dimens\u00e3o e suporte:<\/strong> 30 x 40cm, Digital TIFF<br \/><strong>Nome dos autores:<\/strong> Miranda, M\u00f3nica de. 1976-, artista visual<br \/><strong>Condi\u00e7\u00f5es de reprodu\u00e7\u00e3o:<\/strong> Direitos reservados para efeito de publica\u00e7\u00e3o, exposi\u00e7\u00e3o e utiliza\u00e7\u00e3o comercial<br \/><strong>C\u00f3digo:<\/strong> MM-UND-SER-022<br \/><strong>Localiza\u00e7\u00e3o:<\/strong> Quinta da Serra<br \/><strong>Categoria:<\/strong> Fotografia<\/p>\t\t\t\t\t\t<\/div>\n\t\t\t\t<\/div>\n\t\t\t\t<div class=\"elementor-element elementor-element-057c107 repbtn sc_fly_static elementor-widget elementor-widget-button\" data-id=\"057c107\" data-element_type=\"widget\" data-widget_type=\"button.default\">\n\t\t\t\t<div class=\"elementor-widget-container\">\n\t\t\t\t\t<div class=\"elementor-button-wrapper\">\n\t\t\t<a class=\"elementor-button elementor-button-link elementor-size-sm\" href=\"https:\/\/postarchive.org\/wp2024\/reproduzir\/\">\n\t\t\t\t\t\t<span class=\"elementor-button-content-wrapper\">\n\t\t\t\t\t\t<span class=\"elementor-button-text\">Reproduzir<\/span>\n\t\t<\/span>\n\t\t\t\t\t<\/a>\n\t\t<\/div>\n\t\t\t\t<\/div>\n\t\t\t\t<\/div>\n\t\t\t\t<\/div>\n\t\t\t\t\t<\/div>\n\t\t\t\t<\/div>\n\t\t<div class=\"elementor-element elementor-element-2074d01 e-flex e-con-boxed sc_inner_width_none sc_layouts_column_icons_position_left e-con e-parent\" data-id=\"2074d01\" data-element_type=\"container\" data-core-v316-plus=\"true\">\n\t\t\t\t\t<div class=\"e-con-inner\">\n\t\t<div class=\"elementor-element elementor-element-402ea46 e-con-full e-flex sc_inner_width_none sc_layouts_column_icons_position_left e-con e-child\" data-id=\"402ea46\" data-element_type=\"container\">\n\t\t\t\t<div class=\"elementor-element elementor-element-033df0c archimg sc_fly_static elementor-widget elementor-widget-image\" data-id=\"033df0c\" data-element_type=\"widget\" data-widget_type=\"image.default\">\n\t\t\t\t<div class=\"elementor-widget-container\">\n\t\t\t\t\t\t\t\t\t\t\t\t\t<img loading=\"lazy\" decoding=\"async\" width=\"1024\" height=\"680\" src=\"https:\/\/postarchive.org\/wp2024\/wp-content\/uploads\/2019\/12\/MM-UND-SER-023-1024x680.jpg\" class=\"attachment-large size-large wp-image-2914\" alt=\"\" srcset=\"https:\/\/postarchive.org\/wp2024\/wp-content\/uploads\/2019\/12\/MM-UND-SER-023-1024x680.jpg 1024w, https:\/\/postarchive.org\/wp2024\/wp-content\/uploads\/2019\/12\/MM-UND-SER-023-scaled-600x399.jpg 600w, https:\/\/postarchive.org\/wp2024\/wp-content\/uploads\/2019\/12\/MM-UND-SER-023-300x199.jpg 300w, https:\/\/postarchive.org\/wp2024\/wp-content\/uploads\/2019\/12\/MM-UND-SER-023-768x510.jpg 768w, https:\/\/postarchive.org\/wp2024\/wp-content\/uploads\/2019\/12\/MM-UND-SER-023-1536x1020.jpg 1536w, https:\/\/postarchive.org\/wp2024\/wp-content\/uploads\/2019\/12\/MM-UND-SER-023-2048x1360.jpg 2048w, https:\/\/postarchive.org\/wp2024\/wp-content\/uploads\/2019\/12\/MM-UND-SER-023-1130x751.jpg 1130w, https:\/\/postarchive.org\/wp2024\/wp-content\/uploads\/2019\/12\/MM-UND-SER-023-800x531.jpg 800w, https:\/\/postarchive.org\/wp2024\/wp-content\/uploads\/2019\/12\/MM-UND-SER-023-200x133.jpg 200w, https:\/\/postarchive.org\/wp2024\/wp-content\/uploads\/2019\/12\/MM-UND-SER-023-50x33.jpg 50w\" sizes=\"(max-width: 1024px) 100vw, 1024px\" \/>\t\t\t\t\t\t\t\t\t\t\t\t\t<\/div>\n\t\t\t\t<\/div>\n\t\t\t\t<\/div>\n\t\t<div class=\"elementor-element elementor-element-8080e78 e-con-full e-flex sc_inner_width_none sc_layouts_column_icons_position_left e-con e-child\" data-id=\"8080e78\" data-element_type=\"container\">\n\t\t\t\t<div class=\"elementor-element elementor-element-5d1fc3b sc_fly_static elementor-widget elementor-widget-text-editor\" data-id=\"5d1fc3b\" data-element_type=\"widget\" data-widget_type=\"text-editor.default\">\n\t\t\t\t<div class=\"elementor-widget-container\">\n\t\t\t\t\t\t\t<p><strong>T\u00edtulo:<\/strong> Paredes verdes II<br \/><strong>Data:<\/strong> 2010<br \/><strong>Dimens\u00e3o e suporte:<\/strong> 30 x 40cm, Digital TIFF<br \/><strong>Nome dos autores:<\/strong> Miranda, M\u00f3nica de. 1976-, artista visual<br \/><strong>Condi\u00e7\u00f5es de reprodu\u00e7\u00e3o:<\/strong> Direitos reservados para efeito de publica\u00e7\u00e3o, exposi\u00e7\u00e3o e utiliza\u00e7\u00e3o comercial<br \/><strong>C\u00f3digo:<\/strong> MM-UND-SER-023<br \/><strong>Localiza\u00e7\u00e3o:<\/strong> Quinta da Serra<br \/><strong>Categoria:<\/strong> Fotografia<\/p>\t\t\t\t\t\t<\/div>\n\t\t\t\t<\/div>\n\t\t\t\t<div class=\"elementor-element elementor-element-16ac8d9 repbtn sc_fly_static elementor-widget elementor-widget-button\" data-id=\"16ac8d9\" data-element_type=\"widget\" data-widget_type=\"button.default\">\n\t\t\t\t<div class=\"elementor-widget-container\">\n\t\t\t\t\t<div class=\"elementor-button-wrapper\">\n\t\t\t<a class=\"elementor-button elementor-button-link elementor-size-sm\" href=\"https:\/\/postarchive.org\/wp2024\/reproduzir\/\">\n\t\t\t\t\t\t<span class=\"elementor-button-content-wrapper\">\n\t\t\t\t\t\t<span class=\"elementor-button-text\">Reproduzir<\/span>\n\t\t<\/span>\n\t\t\t\t\t<\/a>\n\t\t<\/div>\n\t\t\t\t<\/div>\n\t\t\t\t<\/div>\n\t\t\t\t<\/div>\n\t\t\t\t\t<\/div>\n\t\t\t\t<\/div>\n\t\t<div class=\"elementor-element elementor-element-8deadcc e-flex e-con-boxed sc_inner_width_none sc_layouts_column_icons_position_left e-con e-parent\" data-id=\"8deadcc\" data-element_type=\"container\" data-core-v316-plus=\"true\">\n\t\t\t\t\t<div class=\"e-con-inner\">\n\t\t<div class=\"elementor-element elementor-element-98b1bfb e-con-full e-flex sc_inner_width_none sc_layouts_column_icons_position_left e-con e-child\" data-id=\"98b1bfb\" data-element_type=\"container\">\n\t\t\t\t<div class=\"elementor-element elementor-element-e84b67f archimg sc_fly_static elementor-widget elementor-widget-image\" data-id=\"e84b67f\" data-element_type=\"widget\" data-widget_type=\"image.default\">\n\t\t\t\t<div class=\"elementor-widget-container\">\n\t\t\t\t\t\t\t\t\t\t\t\t\t<img loading=\"lazy\" decoding=\"async\" width=\"1024\" height=\"680\" src=\"https:\/\/postarchive.org\/wp2024\/wp-content\/uploads\/2019\/12\/MM-UND-SER-024-1024x680.jpg\" class=\"attachment-large size-large wp-image-2916\" alt=\"\" srcset=\"https:\/\/postarchive.org\/wp2024\/wp-content\/uploads\/2019\/12\/MM-UND-SER-024-1024x680.jpg 1024w, https:\/\/postarchive.org\/wp2024\/wp-content\/uploads\/2019\/12\/MM-UND-SER-024-scaled-600x399.jpg 600w, https:\/\/postarchive.org\/wp2024\/wp-content\/uploads\/2019\/12\/MM-UND-SER-024-300x199.jpg 300w, https:\/\/postarchive.org\/wp2024\/wp-content\/uploads\/2019\/12\/MM-UND-SER-024-768x510.jpg 768w, https:\/\/postarchive.org\/wp2024\/wp-content\/uploads\/2019\/12\/MM-UND-SER-024-1536x1020.jpg 1536w, https:\/\/postarchive.org\/wp2024\/wp-content\/uploads\/2019\/12\/MM-UND-SER-024-2048x1360.jpg 2048w, https:\/\/postarchive.org\/wp2024\/wp-content\/uploads\/2019\/12\/MM-UND-SER-024-1130x751.jpg 1130w, https:\/\/postarchive.org\/wp2024\/wp-content\/uploads\/2019\/12\/MM-UND-SER-024-800x531.jpg 800w, https:\/\/postarchive.org\/wp2024\/wp-content\/uploads\/2019\/12\/MM-UND-SER-024-200x133.jpg 200w, https:\/\/postarchive.org\/wp2024\/wp-content\/uploads\/2019\/12\/MM-UND-SER-024-50x33.jpg 50w\" sizes=\"(max-width: 1024px) 100vw, 1024px\" \/>\t\t\t\t\t\t\t\t\t\t\t\t\t<\/div>\n\t\t\t\t<\/div>\n\t\t\t\t<\/div>\n\t\t<div class=\"elementor-element elementor-element-9a9a7bd e-con-full e-flex sc_inner_width_none sc_layouts_column_icons_position_left e-con e-child\" data-id=\"9a9a7bd\" data-element_type=\"container\">\n\t\t\t\t<div class=\"elementor-element elementor-element-8a9de7f sc_fly_static elementor-widget elementor-widget-text-editor\" data-id=\"8a9de7f\" data-element_type=\"widget\" data-widget_type=\"text-editor.default\">\n\t\t\t\t<div class=\"elementor-widget-container\">\n\t\t\t\t\t\t\t<p><strong>T\u00edtulo:<\/strong> Casa com porta estreita<br \/><strong>Data:<\/strong> 2010<br \/><strong>Dimens\u00e3o e suporte:<\/strong> 30 x 40cm, Digital TIFF<br \/><strong>Nome dos autores:<\/strong> Miranda, M\u00f3nica de. 1976-, artista visual<br \/><strong>Condi\u00e7\u00f5es de reprodu\u00e7\u00e3o:<\/strong> Direitos reservados para efeito de publica\u00e7\u00e3o, exposi\u00e7\u00e3o e utiliza\u00e7\u00e3o comercial<br \/><strong>C\u00f3digo:<\/strong> MM-UND-SER-024<br \/><strong>Localiza\u00e7\u00e3o:<\/strong> Quinta da Serra<br \/><strong>Categoria:<\/strong> Fotografia<\/p>\t\t\t\t\t\t<\/div>\n\t\t\t\t<\/div>\n\t\t\t\t<div class=\"elementor-element elementor-element-6cbdb0f repbtn sc_fly_static elementor-widget elementor-widget-button\" data-id=\"6cbdb0f\" data-element_type=\"widget\" data-widget_type=\"button.default\">\n\t\t\t\t<div class=\"elementor-widget-container\">\n\t\t\t\t\t<div class=\"elementor-button-wrapper\">\n\t\t\t<a class=\"elementor-button elementor-button-link elementor-size-sm\" href=\"https:\/\/postarchive.org\/wp2024\/reproduzir\/\">\n\t\t\t\t\t\t<span class=\"elementor-button-content-wrapper\">\n\t\t\t\t\t\t<span class=\"elementor-button-text\">Reproduzir<\/span>\n\t\t<\/span>\n\t\t\t\t\t<\/a>\n\t\t<\/div>\n\t\t\t\t<\/div>\n\t\t\t\t<\/div>\n\t\t\t\t<\/div>\n\t\t\t\t\t<\/div>\n\t\t\t\t<\/div>\n\t\t<div class=\"elementor-element elementor-element-7f07ab2a sc_layouts_hide_on_wide sc_layouts_hide_on_desktop sc_layouts_hide_on_notebook sc_layouts_hide_on_tablet sc_layouts_hide_on_mobile e-flex e-con-boxed sc_inner_width_none sc_layouts_column_icons_position_left e-con e-parent\" data-id=\"7f07ab2a\" data-element_type=\"container\" data-core-v316-plus=\"true\">\n\t\t\t\t\t<div class=\"e-con-inner\">\n\t\t\t\t<div class=\"elementor-element elementor-element-7d19807d sc_fly_static elementor-widget elementor-widget-text-editor\" data-id=\"7d19807d\" data-element_type=\"widget\" data-widget_type=\"text-editor.default\">\n\t\t\t\t<div class=\"elementor-widget-container\">\n\t\t\t\t\t\t\t[vc_row][vc_column][vc_empty_space][\/vc_column][\/vc_row][vc_row equal_height=&#8221;yes&#8221;][vc_column width=&#8221;1\/2&#8243;][vc_single_image image=&#8221;2870&#8243; img_size=&#8221;full&#8221;][\/vc_column][vc_column width=&#8221;1\/2&#8243;][vc_column_text]\r\n<div class=\"wpb_text_column wpb_content_element \">\r\n<div class=\"wpb_wrapper\">\r\n<h6>T\u00edtulo: Vista estrada<\/h6>\r\n<h6>Data: 2010<\/h6>\r\n<h6>Dimens\u00e3o e suporte: 30 x 40cm, Digital TIFF<\/h6>\r\n<h6>Nome dos autores: Miranda, M\u00f3nica de. 1976-, artista visual<\/h6>\r\n<h6>Condi\u00e7\u00f5es de reprodu\u00e7\u00e3o: Direitos reservados para efeito de publica\u00e7\u00e3o, exposi\u00e7\u00e3o e utiliza\u00e7\u00e3o comercial<\/h6>\r\n<h6>C\u00f3digo: MM-UND-SER-001<\/h6>\r\n<h6>Localiza\u00e7\u00e3o: Quinta da Serra<\/h6>\r\n<h6>Categoria: Fotografia<\/h6>\r\n<\/div>\r\n<\/div>\r\n[\/vc_column_text][vc_btn title=&#8221;Reproduzir&#8221; link=&#8221;url:https%3A%2F%2Fpostarchive.org%2Freproduzir%2F|title:Reproduzir|target:%20_blank|&#8221;][\/vc_column][\/vc_row][vc_row equal_height=&#8221;yes&#8221;][vc_column width=&#8221;1\/2&#8243;][vc_single_image image=&#8221;2872&#8243; img_size=&#8221;full&#8221;][\/vc_column][vc_column width=&#8221;1\/2&#8243;][vc_column_text]\r\n<div class=\"wpb_text_column wpb_content_element \">\r\n<div class=\"wpb_wrapper\">\r\n<h6>T\u00edtulo: Vista estrada aproximada<\/h6>\r\n<h6>Data: 2010<\/h6>\r\n<h6>Dimens\u00e3o e suporte: 30 x 40cm, Digital TIFF<\/h6>\r\n<h6>Nome dos autores: Miranda, M\u00f3nica de. 1976-, artista visual<\/h6>\r\n<h6>Condi\u00e7\u00f5es de reprodu\u00e7\u00e3o: Direitos reservados para efeito de publica\u00e7\u00e3o, exposi\u00e7\u00e3o e utiliza\u00e7\u00e3o comercial<\/h6>\r\n<h6>C\u00f3digo: MM-UND-SER-002<\/h6>\r\n<h6>Localiza\u00e7\u00e3o: Quinta da Serra<\/h6>\r\n<h6>Categoria: Fotografia<\/h6>\r\n<\/div>\r\n<\/div>\r\n[\/vc_column_text][vc_btn title=&#8221;Reproduzir&#8221; link=&#8221;url:https%3A%2F%2Fpostarchive.org%2Freproduzir%2F|title:Reproduzir|target:%20_blank|&#8221;][\/vc_column][\/vc_row][vc_row equal_height=&#8221;yes&#8221;][vc_column width=&#8221;1\/2&#8243;][vc_single_image image=&#8221;2874&#8243; img_size=&#8221;full&#8221;][\/vc_column][vc_column width=&#8221;1\/2&#8243;][vc_column_text]\r\n<div class=\"wpb_text_column wpb_content_element \">\r\n<div class=\"wpb_wrapper\">\r\n<h6>T\u00edtulo: Vista da janela<\/h6>\r\n<h6>Data: 2010<\/h6>\r\n<h6>Dimens\u00e3o e suporte: 30 x 40cm, Digital TIFF<\/h6>\r\n<h6>Nome dos autores: Miranda, M\u00f3nica de. 1976-, artista visual<\/h6>\r\n<h6>Condi\u00e7\u00f5es de reprodu\u00e7\u00e3o: Direitos reservados para efeito de publica\u00e7\u00e3o, exposi\u00e7\u00e3o e utiliza\u00e7\u00e3o comercial<\/h6>\r\n<h6>C\u00f3digo: MM-UND-SER-003<\/h6>\r\n<h6>Localiza\u00e7\u00e3o: Quinta da Serra<\/h6>\r\n<h6>Categoria: Fotografia<\/h6>\r\n<\/div>\r\n<\/div>\r\n[\/vc_column_text][vc_btn title=&#8221;Reproduzir&#8221; link=&#8221;url:https%3A%2F%2Fpostarchive.org%2Freproduzir%2F|title:Reproduzir|target:%20_blank|&#8221;][\/vc_column][\/vc_row][vc_row equal_height=&#8221;yes&#8221;][vc_column width=&#8221;1\/2&#8243;][vc_single_image image=&#8221;2876&#8243; img_size=&#8221;full&#8221;][\/vc_column][vc_column width=&#8221;1\/2&#8243;][vc_column_text]\r\n<div class=\"wpb_text_column wpb_content_element \">\r\n<div class=\"wpb_wrapper\">\r\n<h6>T\u00edtulo: Vista com pr\u00e9dios<\/h6>\r\n<h6>Data: 2010<\/h6>\r\n<h6>Dimens\u00e3o e suporte: 30 x 40cm, Digital TIFF<\/h6>\r\n<h6>Nome dos autores: Miranda, M\u00f3nica de. 1976-, artista visual<\/h6>\r\n<h6>Condi\u00e7\u00f5es de reprodu\u00e7\u00e3o: Direitos reservados para efeito de publica\u00e7\u00e3o, exposi\u00e7\u00e3o e utiliza\u00e7\u00e3o comercial<\/h6>\r\n<h6>C\u00f3digo: MM-UND-SER-004<\/h6>\r\n<h6>Localiza\u00e7\u00e3o: Quinta da Serra<\/h6>\r\n<h6>Categoria: Fotografia<\/h6>\r\n<\/div>\r\n<\/div>\r\n[\/vc_column_text][vc_btn title=&#8221;Reproduzir&#8221; link=&#8221;url:https%3A%2F%2Fpostarchive.org%2Freproduzir%2F|title:Reproduzir|target:%20_blank|&#8221;][\/vc_column][\/vc_row][vc_row equal_height=&#8221;yes&#8221;][vc_column width=&#8221;1\/2&#8243;][vc_single_image image=&#8221;2878&#8243; img_size=&#8221;full&#8221;][\/vc_column][vc_column width=&#8221;1\/2&#8243;][vc_column_text]\r\n<div class=\"wpb_text_column wpb_content_element \">\r\n<div class=\"wpb_wrapper\">\r\n<h6>T\u00edtulo: Postes el\u00e9tricos<\/h6>\r\n<h6>Data: 2010<\/h6>\r\n<h6>Dimens\u00e3o e suporte: 30 x 40cm, Digital TIFF<\/h6>\r\n<h6>Nome dos autores: Miranda, M\u00f3nica de. 1976-, artista visual<\/h6>\r\n<h6>Condi\u00e7\u00f5es de reprodu\u00e7\u00e3o: Direitos reservados para efeito de publica\u00e7\u00e3o, exposi\u00e7\u00e3o e utiliza\u00e7\u00e3o comercial<\/h6>\r\n<h6>C\u00f3digo: MM-UND-SER-005<\/h6>\r\n<h6>Localiza\u00e7\u00e3o: Quinta da Serra<\/h6>\r\n<h6>Categoria: Fotografia<\/h6>\r\n<\/div>\r\n<\/div>\r\n[\/vc_column_text][vc_btn title=&#8221;Reproduzir&#8221; link=&#8221;url:https%3A%2F%2Fpostarchive.org%2Freproduzir%2F|title:Reproduzir|target:%20_blank|&#8221;][\/vc_column][\/vc_row][vc_row equal_height=&#8221;yes&#8221;][vc_column width=&#8221;1\/2&#8243;][vc_single_image image=&#8221;2880&#8243; img_size=&#8221;full&#8221;][\/vc_column][vc_column width=&#8221;1\/2&#8243;][vc_column_text]\r\n<div class=\"wpb_text_column wpb_content_element \">\r\n<div class=\"wpb_wrapper\">\r\n<h6>T\u00edtulo: Carro vermelho<\/h6>\r\n<h6>Data: 2010<\/h6>\r\n<h6>Dimens\u00e3o e suporte: 30 x 40cm, Digital TIFF<\/h6>\r\n<h6>Nome dos autores: Miranda, M\u00f3nica de. 1976-, artista visual<\/h6>\r\n<h6>Condi\u00e7\u00f5es de reprodu\u00e7\u00e3o: Direitos reservados para efeito de publica\u00e7\u00e3o, exposi\u00e7\u00e3o e utiliza\u00e7\u00e3o comercial<\/h6>\r\n<h6>C\u00f3digo: MM-UND-SER-006<\/h6>\r\n<h6>Localiza\u00e7\u00e3o: Quinta da Serra<\/h6>\r\n<h6>Categoria: Fotografia<\/h6>\r\n<\/div>\r\n<\/div>\r\n[\/vc_column_text][vc_btn title=&#8221;Reproduzir&#8221; link=&#8221;url:https%3A%2F%2Fpostarchive.org%2Freproduzir%2F|title:Reproduzir|target:%20_blank|&#8221;][\/vc_column][\/vc_row][vc_row equal_height=&#8221;yes&#8221;][vc_column width=&#8221;1\/2&#8243;][vc_single_image image=&#8221;2882&#8243; img_size=&#8221;full&#8221;][\/vc_column][vc_column width=&#8221;1\/2&#8243;][vc_column_text]\r\n<div class=\"wpb_text_column wpb_content_element \">\r\n<div class=\"wpb_wrapper\">\r\n<h6>T\u00edtulo: Casa de tijolos<\/h6>\r\n<h6>Data: 2010<\/h6>\r\n<h6>Dimens\u00e3o e suporte: 30 x 40cm, Digital TIFF<\/h6>\r\n<h6>Nome dos autores: Miranda, M\u00f3nica de. 1976-, artista visual<\/h6>\r\n<h6>Condi\u00e7\u00f5es de reprodu\u00e7\u00e3o: Direitos reservados para efeito de publica\u00e7\u00e3o, exposi\u00e7\u00e3o e utiliza\u00e7\u00e3o comercial<\/h6>\r\n<h6>C\u00f3digo: MM-UND-SER-007<\/h6>\r\n<h6>Localiza\u00e7\u00e3o: Quinta da Serra<\/h6>\r\n<h6>Categoria: Fotografia<\/h6>\r\n<\/div>\r\n<\/div>\r\n[\/vc_column_text][vc_btn title=&#8221;Reproduzir&#8221; link=&#8221;url:https%3A%2F%2Fpostarchive.org%2Freproduzir%2F|title:Reproduzir|target:%20_blank|&#8221;][\/vc_column][\/vc_row][vc_row equal_height=&#8221;yes&#8221;][vc_column width=&#8221;1\/2&#8243;][vc_single_image image=&#8221;2884&#8243; img_size=&#8221;full&#8221;][\/vc_column][vc_column width=&#8221;1\/2&#8243;][vc_column_text]\r\n<div class=\"wpb_text_column wpb_content_element \">\r\n<div class=\"wpb_wrapper\">\r\n<h6>T\u00edtulo: Parede da casa<\/h6>\r\n<h6>Data: 2010<\/h6>\r\n<h6>Dimens\u00e3o e suporte: 30 x 40cm, Digital TIFF<\/h6>\r\n<h6>Nome dos autores: Miranda, M\u00f3nica de. 1976-, artista visual<\/h6>\r\n<h6>Condi\u00e7\u00f5es de reprodu\u00e7\u00e3o: Direitos reservados para efeito de publica\u00e7\u00e3o, exposi\u00e7\u00e3o e utiliza\u00e7\u00e3o comercial<\/h6>\r\n<h6>C\u00f3digo: MM-UND-SER-008<\/h6>\r\n<h6>Localiza\u00e7\u00e3o: Quinta da Serra<\/h6>\r\n<h6>Categoria: Fotografia<\/h6>\r\n<\/div>\r\n<\/div>\r\n[\/vc_column_text][vc_btn title=&#8221;Reproduzir&#8221; link=&#8221;url:https%3A%2F%2Fpostarchive.org%2Freproduzir%2F|title:Reproduzir|target:%20_blank|&#8221;][\/vc_column][\/vc_row][vc_row equal_height=&#8221;yes&#8221;][vc_column width=&#8221;1\/2&#8243;][vc_single_image image=&#8221;2886&#8243; img_size=&#8221;full&#8221;][\/vc_column][vc_column width=&#8221;1\/2&#8243;][vc_column_text]\r\n<div class=\"wpb_text_column wpb_content_element \">\r\n<div class=\"wpb_wrapper\">\r\n<h6>T\u00edtulo: Materiais de obra<\/h6>\r\n<h6>Data: 2010<\/h6>\r\n<h6>Dimens\u00e3o e suporte: 30 x 40cm, Digital TIFF<\/h6>\r\n<h6>Nome dos autores: Miranda, M\u00f3nica de. 1976-, artista visual<\/h6>\r\n<h6>Condi\u00e7\u00f5es de reprodu\u00e7\u00e3o: Direitos reservados para efeito de publica\u00e7\u00e3o, exposi\u00e7\u00e3o e utiliza\u00e7\u00e3o comercial<\/h6>\r\n<h6>C\u00f3digo: MM-UND-SER-009<\/h6>\r\n<h6>Localiza\u00e7\u00e3o: Quinta da Serra<\/h6>\r\n<h6>Categoria: Fotografia<\/h6>\r\n<\/div>\r\n<\/div>\r\n[\/vc_column_text][vc_btn title=&#8221;Reproduzir&#8221; link=&#8221;url:https%3A%2F%2Fpostarchive.org%2Freproduzir%2F|title:Reproduzir|target:%20_blank|&#8221;][\/vc_column][\/vc_row][vc_row equal_height=&#8221;yes&#8221;][vc_column width=&#8221;1\/2&#8243;][vc_single_image image=&#8221;2888&#8243; img_size=&#8221;full&#8221;][\/vc_column][vc_column width=&#8221;1\/2&#8243;][vc_column_text]\r\n<div class=\"wpb_text_column wpb_content_element \">\r\n<div class=\"wpb_wrapper\">\r\n<h6>T\u00edtulo: Materiais de obra II<\/h6>\r\n<h6>Data: 2010<\/h6>\r\n<h6>Dimens\u00e3o e suporte: 30 x 40cm, Digital TIFF<\/h6>\r\n<h6>Nome dos autores: Miranda, M\u00f3nica de. 1976-, artista visual<\/h6>\r\n<h6>Condi\u00e7\u00f5es de reprodu\u00e7\u00e3o: Direitos reservados para efeito de publica\u00e7\u00e3o, exposi\u00e7\u00e3o e utiliza\u00e7\u00e3o comercial<\/h6>\r\n<h6>C\u00f3digo: MM-UND-SER-010<\/h6>\r\n<h6>Localiza\u00e7\u00e3o: Quinta da Serra<\/h6>\r\n<h6>Categoria: Fotografia<\/h6>\r\n<\/div>\r\n<\/div>\r\n[\/vc_column_text][vc_btn title=&#8221;Reproduzir&#8221; link=&#8221;url:https%3A%2F%2Fpostarchive.org%2Freproduzir%2F|title:Reproduzir|target:%20_blank|&#8221;][\/vc_column][\/vc_row][vc_row equal_height=&#8221;yes&#8221;][vc_column width=&#8221;1\/2&#8243;][vc_single_image image=&#8221;2890&#8243; img_size=&#8221;full&#8221;][\/vc_column][vc_column width=&#8221;1\/2&#8243;][vc_column_text]\r\n<div class=\"wpb_text_column wpb_content_element \">\r\n<div class=\"wpb_wrapper\">\r\n<h6>T\u00edtulo: Varal de roupas<\/h6>\r\n<h6>Data: 2010<\/h6>\r\n<h6>Dimens\u00e3o e suporte: 30 x 40cm, Digital TIFF<\/h6>\r\n<h6>Nome dos autores: Miranda, M\u00f3nica de. 1976-, artista visual<\/h6>\r\n<h6>Condi\u00e7\u00f5es de reprodu\u00e7\u00e3o: Direitos reservados para efeito de publica\u00e7\u00e3o, exposi\u00e7\u00e3o e utiliza\u00e7\u00e3o comercial<\/h6>\r\n<h6>C\u00f3digo: MM-UND-SER-011<\/h6>\r\n<h6>Localiza\u00e7\u00e3o: Quinta da Serra<\/h6>\r\n<h6>Categoria: Fotografia<\/h6>\r\n<\/div>\r\n<\/div>\r\n[\/vc_column_text][vc_btn title=&#8221;Reproduzir&#8221; link=&#8221;url:https%3A%2F%2Fpostarchive.org%2Freproduzir%2F|title:Reproduzir|target:%20_blank|&#8221;][\/vc_column][\/vc_row][vc_row equal_height=&#8221;yes&#8221;][vc_column width=&#8221;1\/2&#8243;][vc_single_image image=&#8221;2892&#8243; img_size=&#8221;full&#8221;][\/vc_column][vc_column width=&#8221;1\/2&#8243;][vc_column_text]\r\n<div class=\"wpb_text_column wpb_content_element \">\r\n<div class=\"wpb_wrapper\">\r\n<h6>T\u00edtulo: Varal de roupas II<\/h6>\r\n<h6>Data: 2010<\/h6>\r\n<h6>Dimens\u00e3o e suporte: 30 x 40cm, Digital TIFF<\/h6>\r\n<h6>Nome dos autores: Miranda, M\u00f3nica de. 1976-, artista visual<\/h6>\r\n<h6>Condi\u00e7\u00f5es de reprodu\u00e7\u00e3o: Direitos reservados para efeito de publica\u00e7\u00e3o, exposi\u00e7\u00e3o e utiliza\u00e7\u00e3o comercial<\/h6>\r\n<h6>C\u00f3digo: MM-UND-SER-012<\/h6>\r\n<h6>Localiza\u00e7\u00e3o: Quinta da Serra<\/h6>\r\n<h6>Categoria: Fotografia<\/h6>\r\n<\/div>\r\n<\/div>\r\n[\/vc_column_text][vc_btn title=&#8221;Reproduzir&#8221; link=&#8221;url:https%3A%2F%2Fpostarchive.org%2Freproduzir%2F|title:Reproduzir|target:%20_blank|&#8221;][\/vc_column][\/vc_row][vc_row equal_height=&#8221;yes&#8221;][vc_column width=&#8221;1\/2&#8243;][vc_single_image image=&#8221;2894&#8243; img_size=&#8221;full&#8221;][\/vc_column][vc_column width=&#8221;1\/2&#8243;][vc_column_text]\r\n<div class=\"wpb_text_column wpb_content_element \">\r\n<div class=\"wpb_wrapper\">\r\n<h6>T\u00edtulo: Varal de roupas III<\/h6>\r\n<h6>Data: 2010<\/h6>\r\n<h6>Dimens\u00e3o e suporte: 30 x 40cm, Digital TIFF<\/h6>\r\n<h6>Nome dos autores: Miranda, M\u00f3nica de. 1976-, artista visual<\/h6>\r\n<h6>Condi\u00e7\u00f5es de reprodu\u00e7\u00e3o: Direitos reservados para efeito de publica\u00e7\u00e3o, exposi\u00e7\u00e3o e utiliza\u00e7\u00e3o comercial<\/h6>\r\n<h6>C\u00f3digo: MM-UND-SER-013<\/h6>\r\n<h6>Localiza\u00e7\u00e3o: Quinta da Serra<\/h6>\r\n<h6>Categoria: Fotografia<\/h6>\r\n<\/div>\r\n<\/div>\r\n[\/vc_column_text][vc_btn title=&#8221;Reproduzir&#8221; link=&#8221;url:https%3A%2F%2Fpostarchive.org%2Freproduzir%2F|title:Reproduzir|target:%20_blank|&#8221;][\/vc_column][\/vc_row][vc_row equal_height=&#8221;yes&#8221;][vc_column width=&#8221;1\/2&#8243;][vc_single_image image=&#8221;2896&#8243; img_size=&#8221;full&#8221;][\/vc_column][vc_column width=&#8221;1\/2&#8243;][vc_column_text]\r\n<div class=\"wpb_text_column wpb_content_element \">\r\n<div class=\"wpb_wrapper\">\r\n<h6>T\u00edtulo: Parede da casa II<\/h6>\r\n<h6>Data: 2010<\/h6>\r\n<h6>Dimens\u00e3o e suporte: 30 x 40cm, Digital TIFF<\/h6>\r\n<h6>Nome dos autores: Miranda, M\u00f3nica de. 1976-, artista visual<\/h6>\r\n<h6>Condi\u00e7\u00f5es de reprodu\u00e7\u00e3o: Direitos reservados para efeito de publica\u00e7\u00e3o, exposi\u00e7\u00e3o e utiliza\u00e7\u00e3o comercial<\/h6>\r\n<h6>C\u00f3digo: MM-UND-SER-014<\/h6>\r\n<h6>Localiza\u00e7\u00e3o: Quinta da Serra<\/h6>\r\n<h6>Categoria: Fotografia<\/h6>\r\n<\/div>\r\n<\/div>\r\n[\/vc_column_text][vc_btn title=&#8221;Reproduzir&#8221; link=&#8221;url:https%3A%2F%2Fpostarchive.org%2Freproduzir%2F|title:Reproduzir|target:%20_blank|&#8221;][\/vc_column][\/vc_row][vc_row equal_height=&#8221;yes&#8221;][vc_column width=&#8221;1\/2&#8243;][vc_single_image image=&#8221;2898&#8243; img_size=&#8221;full&#8221;][\/vc_column][vc_column width=&#8221;1\/2&#8243;][vc_column_text]\r\n<div class=\"wpb_text_column wpb_content_element \">\r\n<div class=\"wpb_wrapper\">\r\n<h6>T\u00edtulo: Duas casas<\/h6>\r\n<h6>Data: 2010<\/h6>\r\n<h6>Dimens\u00e3o e suporte: 30 x 40cm, Digital TIFF<\/h6>\r\n<h6>Nome dos autores: Miranda, M\u00f3nica de. 1976-, artista visual<\/h6>\r\n<h6>Condi\u00e7\u00f5es de reprodu\u00e7\u00e3o: Direitos reservados para efeito de publica\u00e7\u00e3o, exposi\u00e7\u00e3o e utiliza\u00e7\u00e3o comercial<\/h6>\r\n<h6>C\u00f3digo: MM-UND-SER-015<\/h6>\r\n<h6>Localiza\u00e7\u00e3o: Quinta da Serra<\/h6>\r\n<h6>Categoria: Fotografia<\/h6>\r\n<\/div>\r\n<\/div>\r\n[\/vc_column_text][vc_btn title=&#8221;Reproduzir&#8221; link=&#8221;url:https%3A%2F%2Fpostarchive.org%2Freproduzir%2F|title:Reproduzir|target:%20_blank|&#8221;][\/vc_column][\/vc_row][vc_row equal_height=&#8221;yes&#8221;][vc_column width=&#8221;1\/2&#8243;][vc_single_image image=&#8221;2900&#8243; img_size=&#8221;full&#8221;][\/vc_column][vc_column width=&#8221;1\/2&#8243;][vc_column_text]\r\n<div class=\"wpb_text_column wpb_content_element \">\r\n<div class=\"wpb_wrapper\">\r\n<h6>T\u00edtulo: Casa de tijolos II<\/h6>\r\n<h6>Data: 2010<\/h6>\r\n<h6>Dimens\u00e3o e suporte: 30 x 40cm, Digital TIFF<\/h6>\r\n<h6>Nome dos autores: Miranda, M\u00f3nica de. 1976-, artista visual<\/h6>\r\n<h6>Condi\u00e7\u00f5es de reprodu\u00e7\u00e3o: Direitos reservados para efeito de publica\u00e7\u00e3o, exposi\u00e7\u00e3o e utiliza\u00e7\u00e3o comercial<\/h6>\r\n<h6>C\u00f3digo: MM-UND-SER-016<\/h6>\r\n<h6>Localiza\u00e7\u00e3o: Quinta da Serra<\/h6>\r\n<h6>Categoria: Fotografia<\/h6>\r\n<\/div>\r\n<\/div>\r\n[\/vc_column_text][vc_btn title=&#8221;Reproduzir&#8221; link=&#8221;url:https%3A%2F%2Fpostarchive.org%2Freproduzir%2F|title:Reproduzir|target:%20_blank|&#8221;][\/vc_column][\/vc_row][vc_row equal_height=&#8221;yes&#8221;][vc_column width=&#8221;1\/2&#8243;][vc_single_image image=&#8221;2902&#8243; img_size=&#8221;full&#8221;][\/vc_column][vc_column width=&#8221;1\/2&#8243;][vc_column_text]\r\n<div class=\"wpb_text_column wpb_content_element \">\r\n<div class=\"wpb_wrapper\">\r\n<h6>T\u00edtulo: Casa com telhado triangular<\/h6>\r\n<h6>Data: 2010<\/h6>\r\n<h6>Dimens\u00e3o e suporte: 30 x 40cm, Digital TIFF<\/h6>\r\n<h6>Nome dos autores: Miranda, M\u00f3nica de. 1976-, artista visual<\/h6>\r\n<h6>Condi\u00e7\u00f5es de reprodu\u00e7\u00e3o: Direitos reservados para efeito de publica\u00e7\u00e3o, exposi\u00e7\u00e3o e utiliza\u00e7\u00e3o comercial<\/h6>\r\n<h6>C\u00f3digo: MM-UND-SER-017<\/h6>\r\n<h6>Localiza\u00e7\u00e3o: Quinta da Serra<\/h6>\r\n<h6>Categoria: Fotografia<\/h6>\r\n<\/div>\r\n<\/div>\r\n[\/vc_column_text][vc_btn title=&#8221;Reproduzir&#8221; link=&#8221;url:https%3A%2F%2Fpostarchive.org%2Freproduzir%2F|title:Reproduzir|target:%20_blank|&#8221;][\/vc_column][\/vc_row][vc_row equal_height=&#8221;yes&#8221;][vc_column width=&#8221;1\/2&#8243;][vc_single_image image=&#8221;2904&#8243; img_size=&#8221;full&#8221;][\/vc_column][vc_column width=&#8221;1\/2&#8243;][vc_column_text]\r\n<div class=\"wpb_text_column wpb_content_element \">\r\n<div class=\"wpb_wrapper\">\r\n<h6>T\u00edtulo: Parede amarela<\/h6>\r\n<h6>Data: 2010<\/h6>\r\n<h6>Dimens\u00e3o e suporte: 30 x 40cm, Digital TIFF<\/h6>\r\n<h6>Nome dos autores: Miranda, M\u00f3nica de. 1976-, artista visual<\/h6>\r\n<h6>Condi\u00e7\u00f5es de reprodu\u00e7\u00e3o: Direitos reservados para efeito de publica\u00e7\u00e3o, exposi\u00e7\u00e3o e utiliza\u00e7\u00e3o comercial<\/h6>\r\n<h6>C\u00f3digo: MM-UND-SER-018<\/h6>\r\n<h6>Localiza\u00e7\u00e3o: Quinta da Serra<\/h6>\r\n<h6>Categoria: Fotografia<\/h6>\r\n<\/div>\r\n<\/div>\r\n[\/vc_column_text][vc_btn title=&#8221;Reproduzir&#8221; link=&#8221;url:https%3A%2F%2Fpostarchive.org%2Freproduzir%2F|title:Reproduzir|target:%20_blank|&#8221;][\/vc_column][\/vc_row][vc_row equal_height=&#8221;yes&#8221;][vc_column width=&#8221;1\/2&#8243;][vc_single_image image=&#8221;2906&#8243; img_size=&#8221;full&#8221;][\/vc_column][vc_column width=&#8221;1\/2&#8243;][vc_column_text]\r\n<div class=\"wpb_text_column wpb_content_element \">\r\n<div class=\"wpb_wrapper\">\r\n<h6>T\u00edtulo: Destro\u00e7os<\/h6>\r\n<h6>Data: 2010<\/h6>\r\n<h6>Dimens\u00e3o e suporte: 30 x 40cm, Digital TIFF<\/h6>\r\n<h6>Nome dos autores: Miranda, M\u00f3nica de. 1976-, artista visual<\/h6>\r\n<h6>Condi\u00e7\u00f5es de reprodu\u00e7\u00e3o: Direitos reservados para efeito de publica\u00e7\u00e3o, exposi\u00e7\u00e3o e utiliza\u00e7\u00e3o comercial<\/h6>\r\n<h6>C\u00f3digo: MM-UND-SER-019<\/h6>\r\n<h6>Localiza\u00e7\u00e3o: Quinta da Serra<\/h6>\r\n<h6>Categoria: Fotografia<\/h6>\r\n<\/div>\r\n<\/div>\r\n[\/vc_column_text][vc_btn title=&#8221;Reproduzir&#8221; link=&#8221;url:https%3A%2F%2Fpostarchive.org%2Freproduzir%2F|title:Reproduzir|target:%20_blank|&#8221;][\/vc_column][\/vc_row][vc_row equal_height=&#8221;yes&#8221;][vc_column width=&#8221;1\/2&#8243;][vc_single_image image=&#8221;2908&#8243; img_size=&#8221;full&#8221;][\/vc_column][vc_column width=&#8221;1\/2&#8243;][vc_column_text]\r\n<div class=\"wpb_text_column wpb_content_element \">\r\n<div class=\"wpb_wrapper\">\r\n<h6>T\u00edtulo: Casa de telhas<\/h6>\r\n<h6>Data: 2010<\/h6>\r\n<h6>Dimens\u00e3o e suporte: 30 x 40cm, Digital TIFF<\/h6>\r\n<h6>Nome dos autores: Miranda, M\u00f3nica de. 1976-, artista visual<\/h6>\r\n<h6>Condi\u00e7\u00f5es de reprodu\u00e7\u00e3o: Direitos reservados para efeito de publica\u00e7\u00e3o, exposi\u00e7\u00e3o e utiliza\u00e7\u00e3o comercial<\/h6>\r\n<h6>C\u00f3digo: MM-UND-SER-020<\/h6>\r\n<h6>Localiza\u00e7\u00e3o: Quinta da Serra<\/h6>\r\n<h6>Categoria: Fotografia<\/h6>\r\n<\/div>\r\n<\/div>\r\n[\/vc_column_text][vc_btn title=&#8221;Reproduzir&#8221; link=&#8221;url:https%3A%2F%2Fpostarchive.org%2Freproduzir%2F|title:Reproduzir|target:%20_blank|&#8221;][\/vc_column][\/vc_row][vc_row equal_height=&#8221;yes&#8221;][vc_column width=&#8221;1\/2&#8243;][vc_single_image image=&#8221;2910&#8243; img_size=&#8221;full&#8221;][\/vc_column][vc_column width=&#8221;1\/2&#8243;][vc_column_text]\r\n<div class=\"wpb_text_column wpb_content_element \">\r\n<div class=\"wpb_wrapper\">\r\n<h6>T\u00edtulo: Casa de 4 cores<\/h6>\r\n<h6>Data: 2010<\/h6>\r\n<h6>Dimens\u00e3o e suporte: 30 x 40cm, Digital TIFF<\/h6>\r\n<h6>Nome dos autores: Miranda, M\u00f3nica de. 1976-, artista visual<\/h6>\r\n<h6>Condi\u00e7\u00f5es de reprodu\u00e7\u00e3o: Direitos reservados para efeito de publica\u00e7\u00e3o, exposi\u00e7\u00e3o e utiliza\u00e7\u00e3o comercial<\/h6>\r\n<h6>C\u00f3digo: MM-UND-SER-021<\/h6>\r\n<h6>Localiza\u00e7\u00e3o: Quinta da Serra<\/h6>\r\n<h6>Categoria: Fotografia<\/h6>\r\n<\/div>\r\n<\/div>\r\n[\/vc_column_text][vc_btn title=&#8221;Reproduzir&#8221; link=&#8221;url:https%3A%2F%2Fpostarchive.org%2Freproduzir%2F|title:Reproduzir|target:%20_blank|&#8221;][\/vc_column][\/vc_row][vc_row equal_height=&#8221;yes&#8221;][vc_column width=&#8221;1\/2&#8243;][vc_single_image image=&#8221;2912&#8243; img_size=&#8221;full&#8221;][\/vc_column][vc_column width=&#8221;1\/2&#8243;][vc_column_text]\r\n<div class=\"wpb_text_column wpb_content_element \">\r\n<div class=\"wpb_wrapper\">\r\n<h6>T\u00edtulo: Paredes verdes<\/h6>\r\n<h6>Data: 2010<\/h6>\r\n<h6>Dimens\u00e3o e suporte: 30 x 40cm, Digital TIFF<\/h6>\r\n<h6>Nome dos autores: Miranda, M\u00f3nica de. 1976-, artista visual<\/h6>\r\n<h6>Condi\u00e7\u00f5es de reprodu\u00e7\u00e3o: Direitos reservados para efeito de publica\u00e7\u00e3o, exposi\u00e7\u00e3o e utiliza\u00e7\u00e3o comercial<\/h6>\r\n<h6>C\u00f3digo: MM-UND-SER-022<\/h6>\r\n<h6>Localiza\u00e7\u00e3o: Quinta da Serra<\/h6>\r\n<h6>Categoria: Fotografia<\/h6>\r\n<\/div>\r\n<\/div>\r\n[\/vc_column_text][vc_btn title=&#8221;Reproduzir&#8221; link=&#8221;url:https%3A%2F%2Fpostarchive.org%2Freproduzir%2F|title:Reproduzir|target:%20_blank|&#8221;][\/vc_column][\/vc_row][vc_row equal_height=&#8221;yes&#8221;][vc_column width=&#8221;1\/2&#8243;][vc_single_image image=&#8221;2914&#8243; img_size=&#8221;full&#8221;][\/vc_column][vc_column width=&#8221;1\/2&#8243;][vc_column_text]\r\n<div class=\"wpb_text_column wpb_content_element \">\r\n<div class=\"wpb_wrapper\">\r\n<h6>T\u00edtulo: Paredes verdes II<\/h6>\r\n<h6>Data: 2010<\/h6>\r\n<h6>Dimens\u00e3o e suporte: 30 x 40cm, Digital TIFF<\/h6>\r\n<h6>Nome dos autores: Miranda, M\u00f3nica de. 1976-, artista visual<\/h6>\r\n<h6>Condi\u00e7\u00f5es de reprodu\u00e7\u00e3o: Direitos reservados para efeito de publica\u00e7\u00e3o, exposi\u00e7\u00e3o e utiliza\u00e7\u00e3o comercial<\/h6>\r\n<h6>C\u00f3digo: MM-UND-SER-023<\/h6>\r\n<h6>Localiza\u00e7\u00e3o: Quinta da Serra<\/h6>\r\n<h6>Categoria: Fotografia<\/h6>\r\n<\/div>\r\n<\/div>\r\n[\/vc_column_text][vc_btn title=&#8221;Reproduzir&#8221; link=&#8221;url:https%3A%2F%2Fpostarchive.org%2Freproduzir%2F|title:Reproduzir|target:%20_blank|&#8221;][\/vc_column][\/vc_row][vc_row equal_height=&#8221;yes&#8221;][vc_column width=&#8221;1\/2&#8243;][vc_single_image image=&#8221;2916&#8243; img_size=&#8221;full&#8221;][\/vc_column][vc_column width=&#8221;1\/2&#8243;][vc_column_text]\r\n<div class=\"wpb_text_column wpb_content_element \">\r\n<div class=\"wpb_wrapper\">\r\n<h6>T\u00edtulo: Casa com porta estreita<\/h6>\r\n<h6>Data: 2010<\/h6>\r\n<h6>Dimens\u00e3o e suporte: 30 x 40cm, Digital TIFF<\/h6>\r\n<h6>Nome dos autores: Miranda, M\u00f3nica de. 1976-, artista visual<\/h6>\r\n<h6>Condi\u00e7\u00f5es de reprodu\u00e7\u00e3o: Direitos reservados para efeito de publica\u00e7\u00e3o, exposi\u00e7\u00e3o e utiliza\u00e7\u00e3o comercial<\/h6>\r\n<h6>C\u00f3digo: MM-UND-SER-024<\/h6>\r\n<h6>Localiza\u00e7\u00e3o: Quinta da Serra<\/h6>\r\n<h6>Categoria: Fotografia<\/h6>\r\n<\/div>\r\n<\/div>\r\n[\/vc_column_text][vc_btn title=&#8221;Reproduzir&#8221; link=&#8221;url:https%3A%2F%2Fpostarchive.org%2Freproduzir%2F|title:Reproduzir|target:%20_blank|&#8221;][\/vc_column][\/vc_row][vc_row][vc_column][vc_separator][\/vc_column][\/vc_row]\t\t\t\t\t\t<\/div>\n\t\t\t\t<\/div>\n\t\t\t\t\t<\/div>\n\t\t\t\t<\/div>\n\t\t\t\t<\/div>\n\t\t","protected":false},"excerpt":{"rendered":"<p>QUINTA DA SERRA T\u00edtulo: Vista estradaData: 2010Dimens\u00e3o e suporte: 30 x 40cm, Digital TIFFNome dos autores: Miranda, M\u00f3nica de. 1976-, artista visualCondi\u00e7\u00f5es de reprodu\u00e7\u00e3o: Direitos reservados para efeito de publica\u00e7\u00e3o,&hellip;<\/p>\n","protected":false},"author":3,"featured_media":2871,"parent":3346,"menu_order":0,"comment_status":"closed","ping_status":"closed","template":"","meta":{"footnotes":""},"_links":{"self":[{"href":"https:\/\/postarchive.org\/en\/wp-json\/wp\/v2\/pages\/3377"}],"collection":[{"href":"https:\/\/postarchive.org\/en\/wp-json\/wp\/v2\/pages"}],"about":[{"href":"https:\/\/postarchive.org\/en\/wp-json\/wp\/v2\/types\/page"}],"author":[{"embeddable":true,"href":"https:\/\/postarchive.org\/en\/wp-json\/wp\/v2\/users\/3"}],"replies":[{"embeddable":true,"href":"https:\/\/postarchive.org\/en\/wp-json\/wp\/v2\/comments?post=3377"}],"version-history":[{"count":8,"href":"https:\/\/postarchive.org\/en\/wp-json\/wp\/v2\/pages\/3377\/revisions"}],"predecessor-version":[{"id":5740,"href":"https:\/\/postarchive.org\/en\/wp-json\/wp\/v2\/pages\/3377\/revisions\/5740"}],"up":[{"embeddable":true,"href":"https:\/\/postarchive.org\/en\/wp-json\/wp\/v2\/pages\/3346"}],"wp:featuredmedia":[{"embeddable":true,"href":"https:\/\/postarchive.org\/en\/wp-json\/wp\/v2\/media\/2871"}],"wp:attachment":[{"href":"https:\/\/postarchive.org\/en\/wp-json\/wp\/v2\/media?parent=3377"}],"curies":[{"name":"wp","href":"https:\/\/api.w.org\/{rel}","templated":true}]}}